{"id":8890,"date":"2018-06-05T17:02:16","date_gmt":"2018-06-05T15:02:16","guid":{"rendered":"http:\/\/www.camporan.com\/mini-van-estructura-de-cama-colchon-plegable\/"},"modified":"2026-04-10T09:35:09","modified_gmt":"2026-04-10T07:35:09","slug":"pack-mini-van-giroletto-materasso-pieghevole","status":"publish","type":"product","link":"https:\/\/camporan.com\/it\/prodotto\/pack-mini-van-giroletto-materasso-pieghevole\/","title":{"rendered":"Kit Camper per minivan: struttura letto + materasso pieghevole per furgonetti"},"content":{"rendered":"<h2>PER QUALI FURGONETTI \u00c8 PROGETTATO IL KIT CAMPER?<\/h2>\n<p>Camper Citroen Berlingo \/ Peugeot Partner \/ Rifter \/ Renault Kangoo \/ Dacia Dokker \/ Mercedes Citan &#8211; Classe T \/ Fiat Dobl\u00f3 \/ Opel Combo \/ VW Caddy \/ Ford Tourneo Connect \/ Toyota Proace City Verso \/ Ford Tourneo Courier (2023+) \/ Nissan TownStar<\/p>\n<h2>CARATTERISTICHE PRINCIPALI:<\/h2>\n<p>Mobile letto per trasformare un piccolo furgone in modo semplice ed economico.<\/p>\n<p>Leggero e facile da trasportare, riporre e montare o smontare. Lascia libero tutto lo spazio nel bagagliaio, poich\u00e9 il letto \u00e8 rinforzato per lasciare spazio libero nell&#8217;intero bagagliaio.<\/p>\n<h2>CARATTERISTICHE TECNICHE:<\/h2>\n<h3>Materiali:<\/h3>\n<ul>\n<li>Pannello in multistrato di betulla da 12\/15 mm (multistrato marino), finitura marrone, liscio sul lato inferiore e antiscivolo sul lato superiore per evitare che il materasso scivoli.<\/li>\n<li>Bordi arrotondati, e con feltro adesivo nelle zone di contatto con la carrozzeria.<\/li>\n<\/ul>\n<h3>Preparazione:<\/h3>\n<p>Al ricevimento del pacco, deve essere assemblato solo la prima volta, e adattato alle dimensioni del veicolo a cui \u00e8 destinato. Devi tagliare il legno in eccesso nella zona del tronco, secondo il manuale di installazione. Pu\u00f2 anche essere ordinato gi\u00e0 tagliato, in base alle misure del vostro furgone (abbiamo misure per Kangoo, Peugeot Rifter, Citroen Berlingo, Dacia Dokker, Proace City, Courier 2023+ e altri).<\/p>\n<h3>Montaggio in meno di 2 minuti<\/h3>\n<ul>\n<li>Il montaggio \u00e8 molto semplice e non pregiudica il telaio del veicolo.<\/li>\n<li>Peso della confezione completa: 28,5 kg.<\/li>\n<li>Dimensioni Kit completo: 187 x 130 x 44 cm.<\/li>\n<\/ul>\n<h2>MATERASSO:<\/h2>\n<p>\u00c8 composto da un pezzo per la zona del bagagliaio, che misura 71x119x8 cm, e da un altro a forma di libro che misura 115 cm per 130 cm di larghezza; in questo modo si pu\u00f2 dormire comodamente sfruttando la maggiore larghezza di questa zona del furgone. Densit\u00e0 della schiuma 25Kg\/m\u00b3 (ferma) e spessore di 8 cm. Spessore totale nel bagagliaio o piegato: 24 cm.  <\/p>\n<h3 id=\"extraminivan\">Supporto per furgoni XL<\/h3>\n<p>Se il modello del vostro furgone \u00e8 XL e volete che sia allineato al portellone del bagagliaio, potete ampliare il vostro ordine acquistando un supporto per il letto del Mini Van. Non \u00e8 strettamente necessario, in quanto pu\u00f2 essere installato come se fosse una versione corta, ma lasciando spazio nei 35-40 cm della porta del bagagliaio. <\/p>\n<p><img loading=\"lazy\" decoding=\"async\" class=\"alignnone wp-image-9659 size-large\" src=\"https:\/\/camporan.com\/wp-content\/uploads\/2018\/06\/MiniVAN-XL-support-1-1030x633.jpg\" alt=\"Supporto per furgoni XL\" width=\"1030\" height=\"633\" srcset=\"https:\/\/camporan.com\/wp-content\/uploads\/2018\/06\/MiniVAN-XL-support-1-1030x633.jpg 1030w, https:\/\/camporan.com\/wp-content\/uploads\/2018\/06\/MiniVAN-XL-support-1-600x369.jpg 600w, https:\/\/camporan.com\/wp-content\/uploads\/2018\/06\/MiniVAN-XL-support-1-300x184.jpg 300w, https:\/\/camporan.com\/wp-content\/uploads\/2018\/06\/MiniVAN-XL-support-1-768x472.jpg 768w, https:\/\/camporan.com\/wp-content\/uploads\/2018\/06\/MiniVAN-XL-support-1.jpg 1200w\" sizes=\"auto, (max-width: 1030px) 100vw, 1030px\" \/><\/p>\n","protected":false},"excerpt":{"rendered":"<p>Trasforma il tuo furgoncino in una camera da letto in pochi secondi. Questo Kit Camper per furgoncini (struttura letto + materasso pieghevole) \u00e8 realizzato su misura per mini van come Berlingo, Kangoo, VW Caddy, Tourneo Courier e oltre 10 modelli compatibili. Realizzato in compensato di betulla marina a 9 strati, pesa pochissimo e resiste al massimo. Montaggio e smontaggio in meno di 2 minuti, senza attrezzi. Quando non lo usi, sta perfettamente nel bagagliaio. Pi\u00f9 di 41 clienti dormono gi\u00e0 meglio. Il tuo sar\u00e0 il prossimo?      <\/p>\n","protected":false},"author":7,"featured_media":8897,"comment_status":"open","ping_status":"closed","template":"","meta":{"om_disable_all_campaigns":false,"_uag_custom_page_level_css":"","site-sidebar-layout":"default","site-content-layout":"default","ast-site-content-layout":"default","site-content-style":"default","site-sidebar-style":"default","ast-global-header-display":"","ast-banner-title-visibility":"","ast-main-header-display":"","ast-hfb-above-header-display":"","ast-hfb-below-header-display":"","ast-hfb-mobile-header-display":"","site-post-title":"","ast-breadcrumbs-content":"","ast-featured-img":"","footer-sml-layout":"","ast-disable-related-posts":"","theme-transparent-header-meta":"default","adv-header-id-meta":"","stick-header-meta":"default","header-above-stick-meta":"","header-main-stick-meta":"","header-below-stick-meta":"","astra-migrate-meta-layouts":"set","ast-page-background-enabled":"default","ast-page-background-meta":{"desktop":{"background-color":"","background-image":"","background-repeat":"repeat","background-position":"center center","background-size":"auto","background-attachment":"scroll","background-type":"","background-media":"","overlay-type":"","overlay-color":"","overlay-opacity":"","overlay-gradient":""},"tablet":{"background-color":"","background-image":"","background-repeat":"repeat","background-position":"center center","background-size":"auto","background-attachment":"scroll","background-type":"","background-media":"","overlay-type":"","overlay-color":"","overlay-opacity":"","overlay-gradient":""},"mobile":{"background-color":"","background-image":"","background-repeat":"repeat","background-position":"center center","background-size":"auto","background-attachment":"scroll","background-type":"","background-media":"","overlay-type":"","overlay-color":"","overlay-opacity":"","overlay-gradient":""}},"ast-content-background-meta":{"desktop":{"background-color":"var(--ast-global-color-5)","background-image":"","background-repeat":"repeat","background-position":"center center","background-size":"auto","background-attachment":"scroll","background-type":"","background-media":"","overlay-type":"","overlay-color":"","overlay-opacity":"","overlay-gradient":""},"tablet":{"background-color":"var(--ast-global-color-5)","background-image":"","background-repeat":"repeat","background-position":"center center","background-size":"auto","background-attachment":"scroll","background-type":"","background-media":"","overlay-type":"","overlay-color":"","overlay-opacity":"","overlay-gradient":""},"mobile":{"background-color":"var(--ast-global-color-5)","background-image":"","background-repeat":"repeat","background-position":"center center","background-size":"auto","background-attachment":"scroll","background-type":"","background-media":"","overlay-type":"","overlay-color":"","overlay-opacity":"","overlay-gradient":""}}},"product_brand":[],"product_cat":[749,760,758,761,936,762,931,756,757,780,752,753,759,754,751,945,750],"product_tag":[772,1004,775,774,776,778,784,779,771,918,773,1003,777],"class_list":{"0":"post-8890","1":"product","2":"type-product","3":"status-publish","4":"has-post-thumbnail","6":"product_cat-berlingo","7":"product_cat-caddy-2003-2020","8":"product_cat-citan","9":"product_cat-combo","10":"product_cat-courier-ii-it-2","11":"product_cat-doblo","12":"product_cat-dacia-dokker-it","13":"product_cat-kangoo-i","14":"product_cat-kangoo-ii","15":"product_cat-pacchetti-telaio-materasso","16":"product_cat-partner-i","17":"product_cat-partner-ii","18":"product_cat-proace-city","19":"product_cat-rifter","20":"product_cat-tourneo-connect","21":"product_cat-townstar-it","22":"product_cat-transit-connect","23":"product_tag-citroen-berlingo","24":"product_tag-dacia-dokker","25":"product_tag-fiat-doblo-it","26":"product_tag-mercedes-citan-it","27":"product_tag-opel-combo-it","28":"product_tag-partner-it","29":"product_tag-peugeot_partner-it","30":"product_tag-peugeot-rifter-it","31":"product_tag-piccolo-furgone","32":"product_tag-proace-city-it","33":"product_tag-renault-kangoo-it","34":"product_tag-tourneo-courier","35":"product_tag-vw-caddy-it","36":"desktop-align-center","37":"tablet-align-center","38":"mobile-align-center","39":"ast-product-gallery-layout-horizontal","40":"ast-product-tabs-layout-vertical","42":"first","43":"onbackorder","44":"sale","45":"taxable","46":"shipping-taxable","47":"purchasable","48":"product-type-bundle"},"bundled_by":[],"bundle_stock_status":"instock","bundle_stock_quantity":40,"bundle_virtual":false,"bundle_layout":"grid","bundle_add_to_cart_form_location":"default","bundle_editable_in_cart":false,"bundle_sold_individually_context":"product","bundle_item_grouping":"parent","bundle_min_size":"","bundle_max_size":"","bundle_price":{"price":{"min":{"incl_tax":"806","excl_tax":"666.115702"},"max":{"incl_tax":"806","excl_tax":"666.115702"}},"regular_price":{"min":{"incl_tax":"840","excl_tax":"694.214876"},"max":{"incl_tax":"840","excl_tax":"694.214876"}}},"bundled_items":[{"bundled_item_id":59,"product_id":8581,"menu_order":0,"quantity_min":1,"quantity_max":1,"quantity_default":1,"priced_individually":false,"shipped_individually":false,"override_title":false,"title":"Materasso per furgoncini MiniVan","override_description":false,"description":"Materasso per furgoncini MiniVan","optional":false,"hide_thumbnail":false,"discount":"","override_variations":false,"allowed_variations":[""],"override_default_variation_attributes":false,"default_variation_attributes":[],"single_product_visibility":"hidden","cart_visibility":"visible","order_visibility":"visible","single_product_price_visibility":"visible","cart_price_visibility":"visible","order_price_visibility":"visible","stock_status":"in_stock"},{"bundled_item_id":60,"product_id":8771,"menu_order":1,"quantity_min":1,"quantity_max":1,"quantity_default":1,"priced_individually":false,"shipped_individually":false,"override_title":false,"title":"Struttura letto per Furgoncini MiniVan","override_description":false,"description":"Struttura letto per Furgoncini MiniVan","optional":false,"hide_thumbnail":false,"discount":"","override_variations":false,"allowed_variations":[""],"override_default_variation_attributes":false,"default_variation_attributes":[],"single_product_visibility":"hidden","cart_visibility":"visible","order_visibility":"visible","single_product_price_visibility":"visible","cart_price_visibility":"visible","order_price_visibility":"visible","stock_status":"in_stock"}],"bundle_sell_ids":[],"exclude_global_add_ons":false,"addons":[{"name":"Extra","type":"checkbox","position":0,"required":false,"title_format":"label","default":"","description_enable":true,"description":"Supporto per furgoni XL Modifica della base del letto con supporto per modelli come Berlingo XL e Rifter XL <a href=\"#extraminivan\"> Maggiori informazioni<\/a>","placeholder_enable":false,"placeholder":null,"display":"select","restrictions_type":"any_text","adjust_price":false,"price":"","price_type":"flat_fee","restrictions":false,"min":"0","max":"0","options":[{"label":"Supporto XL per l'allineamento del letto al bagagliaio","price":"60","price_type":"quantity_based","image":0,"visibility":true},{"label":"Altezza aggiuntiva 2-5 cm (consultare)","price":"40","price_type":"flat_fee","image":0,"visibility":true},{"label":"Altezza aggiuntiva 6-10 cm (consultare)","price":"75","price_type":"flat_fee","image":0,"visibility":true}],"id":1715438196},{"name":"Extra per il materasso:","type":"checkbox","position":1,"required":false,"title_format":"label","default":"","description_enable":true,"description":"Su richiesta \u00e8 possibile modificare il tipo di schiuma, lo spessore o il colore del rivestimento. Tutte queste opzioni aggiuntive implicano una produzione speciale su richiesta, per cui i tempi di consegna possono aumentare tra gli 8 e i 15 giorni, e il diritto di recesso viene meno con il materasso, in quanto si tratta di un prodotto su misura [Legge 1\/2007Art 103 c) ES].","placeholder_enable":false,"placeholder":null,"display":"select","restrictions_type":"any_text","adjust_price":false,"price":"","price_type":"flat_fee","restrictions":false,"min":"0","max":"0","options":[{"label":"Aumento dello spessore di 2 cm","price":"25","price_type":"flat_fee","image":0,"visibility":true},{"label":"Aumento della densit\u00e0 a \"hard\" (D30)","price":"25","price_type":"flat_fee","image":0,"visibility":true},{"label":"3cm di visco-elastico, con lo stesso spessore totale","price":"30","price_type":"flat_fee","image":0,"visibility":true},{"label":"Cambio di colore della copertina","price":"20","price_type":"flat_fee","image":0,"visibility":true}],"id":1715438197},{"name":"Extra per il materasso:","type":"checkbox","position":0,"required":false,"title_format":"label","default":"","description_enable":true,"description":"Possono essere richieste modifiche per quanto riguarda il tipo di schiuma, lo spessore o il colore del rivestimento. Ognuna di queste opzioni aggiuntive implica una produzione speciale su ordinazione, quindi i tempi di consegna possono aumentare tra 8 e 15 giorni e il diritto di recesso si perde con il materasso, poich\u00e9 si tratta di un prodotto su misura [Legge 1\/2007 Art 103 c )]","placeholder_enable":false,"placeholder":"","display":"select","restrictions_type":"any_text","adjust_price":false,"price":"","price_type":"flat_fee","restrictions":false,"min":"0","max":"0","options":[{"label":"Aumento dello spessore di 2 cm","price":"40","price_type":"flat_fee","image":0,"visibility":true},{"label":"Densit\u00e0 aumentata a D30 \"duro\"","price":"35","price_type":"flat_fee","image":0,"visibility":true},{"label":"Memory foam da 3 cm, con lo stesso spessore totale","price":"40","price_type":"flat_fee","image":0,"visibility":true},{"label":"Cambio colore della copertina","price":"25","price_type":"flat_fee","image":0,"visibility":true}],"id":1686912989}],"aioseo_notices":[],"spectra_custom_meta":{"_alp_processed":["1775806510"],"_wc_review_count":["41"],"_wc_average_rating":["5.00"],"_wpml_media_duplicate":["1"],"_wpml_media_featured":["1"],"_sku":["4501"],"_sale_price_dates_from":[""],"_sale_price_dates_to":[""],"total_sales":["297"],"_tax_status":["taxable"],"_tax_class":[""],"_manage_stock":["yes"],"_sold_individually":["no"],"_length":["120"],"_width":["75"],"_height":["12"],"_purchase_note":[""],"_virtual":["no"],"_downloadable":["no"],"_product_image_gallery":["8587,8799,8892,8894,8895,12308,11152,12313,13363"],"_download_limit":["-1"],"_download_expiry":["-1"],"_stock_status":["onbackorder"],"_product_version":["10.6.1"],"_av_alb_posts_elements_state":["a:0:{}"],"_av_el_mgr_version":["1.0"],"_av_alb_element_mgr_version":["1.0.1"],"_aviaLayoutBuilder_active":[""],"_avia_sc_parser_state":["check_only"],"_avia_builder_shortcode_tree":["a:0:{}"],"layout":["fullsize"],"sidebar":[""],"footer":[""],"header_title_bar":[""],"header_transparency":[""],"_product_hover":[""],"_avia_hide_featured_image":["0"],"_wpml_location_migration_done":["1"],"_wpml_word_count":["471"],"_related_ids":["a:2:{i:0;i:8771;i:1;i:8581;}"],"_aioseop_opengraph_settings":["a:0:{}"],"_low_stock_amount":["0"],"_children":["a:0:{}"],"_vtwf_enable_tab":["yes"],"_vtwf_tab_title":[""],"_vtwf_hide_title":["no"],"_vtwf_video_content":["https:\/\/www.youtube.com\/shorts\/zquTaC5XC0E"],"_wcml_average_rating":["5.00"],"_wcml_review_count":["41"],"_aioseop_custom_link":[""],"_aioseop_sitemap_exclude":[""],"_aioseop_disable":[""],"_aioseop_disable_analytics":[""],"_aioseop_noindex":[""],"_aioseop_nofollow":[""],"_aioseo_og_article_section":[""],"_aioseo_og_article_tags":["a:0:{}"],"site-sidebar-layout":["default"],"site-content-layout":["default"],"theme-transparent-header-meta":["default"],"stick-header-meta":["default"],"_wpml_post_translation_editor_native":["yes"],"_stock":["-18"],"_thumbnail_id":["8897"],"wcml_sync_hash":["a:1:{s:15:\"postmeta_fields\";s:32:\"31db1432a59bc07542acb81a89d2c0e6\";}"],"attr_label_translations":["a:0:{}"],"_product_attributes":["a:0:{}"],"_default_attributes":["a:0:{}"],"_edit_lock":["1770104548:58"],"_edit_last":["58"],"_wp_old_slug":["mini-van-estructura-de-cama-colchon-plegable"],"woosb_ids":["8581\/1,8771\/1"],"woosb_disable_auto_price":["on"],"woosb_discount":["5"],"woosb_discount_amount":[""],"woosb_shipping_fee":["whole"],"woosb_optional_products":["off"],"woosb_manage_stock":["off"],"woosb_limit_each_min":[""],"woosb_limit_each_max":[""],"woosb_limit_each_min_default":["off"],"woosb_limit_whole_min":[""],"woosb_limit_whole_max":[""],"_wpml_media_has_media":["1"],"_last_translation_edit_mode":["translation-editor"],"_wc_rating_count":[{"5":41}],"_backorders":["notify"],"_wcml_rating_count":["a:1:{i:5;i:41;}"],"_top_nav_excluded":[""],"_cms_nav_minihome":[""],"_product_meta_id":["3"],"_wc_pb_edit_in_cart":["no"],"_product_addons_exclude_global":["0"],"_wc_pb_bundled_items_stock_sync_status":["synced"],"_wcpb_min_qty_limit":[""],"_wcpb_max_qty_limit":[""],"_wc_pb_virtual_bundle":["no"],"_wc_pb_group_mode":["parent"],"_wc_pb_aggregate_weight":["no"],"_wc_pb_sold_individually_context":["product"],"_wc_pb_add_to_cart_form_location":["default"],"_wc_pb_layout_style":["grid"],"ast-site-content-layout":["default"],"site-content-style":["default"],"site-sidebar-style":["default"],"_weight":["33"],"_wc_pb_bundled_items_stock_status":["instock"],"_wc_pb_bundle_stock_quantity":["40"],"_downloadable_files":[""],"_regular_price":["840.00"],"_sale_price":["806"],"_price":["806"],"_wc_pb_base_regular_price":["840.00"],"_wc_pb_base_sale_price":["806"],"_wc_pb_base_price":["806"],"_wc_sw_max_price":["806"],"_wc_sw_max_regular_price":["840.00"],"_aioseo_og_title":[""],"_aioseo_og_description":[""],"_aioseo_twitter_title":[""],"_aioseo_twitter_description":[""],"cmplz_hide_cookiebanner":[""],"om_disable_all_campaigns":[""],"astra-migrate-meta-layouts":["set"],"_oembed_750aef67a7fc3307245a8d0c55104445":["<iframe title=\"MiniVan Bed and Matress, folding and unfolding\" width=\"563\" height=\"1000\" src=\"https:\/\/www.youtube.com\/embed\/zquTaC5XC0E?feature=oembed\" frameborder=\"0\" allow=\"accelerometer; autoplay; clipboard-write; encrypted-media; gyroscope; picture-in-picture; web-share\" referrerpolicy=\"strict-origin-when-cross-origin\" allowfullscreen><\/iframe>"],"_oembed_time_750aef67a7fc3307245a8d0c55104445":["1770104552"],"_wc_gla_isBundle":["yes"],"_crosssell_ids":["a:1:{i:0;i:8968;}"],"_upsell_ids":["a:3:{i:0;i:9047;i:1;i:8581;i:2;i:8771;}"],"_aioseop_title":["Mini Van Pack: Materasso + giroletto."],"_aioseop_description":["Pack composto da materasso pieghevole e lettino per furgoni: Citroen Berlingo \/ Peugeot Partner \/ Renault Kangoo \/ Citan \/ Dacia Dokker \/ Combo"],"_aioseop_keywords":["camper citroen berlingo, mobili letto berlingo, camper partner, camper partner, camper partner, camper partner, camper partner, letto Rifter, kit camper Dokker, mobili Proace City, kit camper Fiat Doblo, kit camper partner peugeot, letto per TownStar, kit camper renault kangoo, kit camper kangoo, mercedes citan camper, letto fiat doblo, kit camper fiat doblo, opel combo camper, letto caddy, kit camper caddy, volkswagen caddy, letto dacia dokker"],"_aioseo_title":["Kit Camper per furgonetta piccola MiniVan | Camporan"],"_aioseo_description":["Kit Camper per furgonetta piccola, struttura letto + materasso pieghevole, (Berlingo, Kangoo, Caddy\u2026). Montaggio rapido in 2 minuti. Verifica la compatibilit\u00e0!  "],"_aioseo_keywords":["camper citroen berlingo, mobili letto berlingo, camper partner, camper partner, camper partner, camper partner, camper partner, letto Rifter, kit camper Dokker, mobili Proace City, kit camper Fiat Doblo, kit camper partner peugeot, letto per TownStar, kit camper renault kangoo, kit camper kangoo, mercedes citan camper, letto fiat doblo, kit camper fiat doblo, opel combo camper, letto caddy, kit camper caddy, volkswagen caddy, letto dacia dokker"],"_product_addons":["a:2:{i:0;a:20:{s:4:\"name\";s:5:\"Extra\";s:12:\"title_format\";s:5:\"label\";s:18:\"description_enable\";i:1;s:11:\"description\";s:158:\"Supporto per furgoni XL Modifica della base del letto con supporto per modelli come Berlingo XL e Rifter XL <a href=\"#extraminivan\"> Maggiori informazioni<\/a>\";s:18:\"placeholder_enable\";i:0;s:11:\"placeholder\";N;s:4:\"type\";s:8:\"checkbox\";s:7:\"display\";s:6:\"select\";s:8:\"position\";i:0;s:8:\"required\";i:0;s:12:\"restrictions\";i:0;s:17:\"restrictions_type\";s:8:\"any_text\";s:12:\"adjust_price\";i:0;s:10:\"price_type\";s:8:\"flat_fee\";s:5:\"price\";s:0:\"\";s:2:\"id\";s:10:\"1715438196\";s:3:\"min\";i:0;s:3:\"max\";i:0;s:7:\"default\";s:0:\"\";s:7:\"options\";a:3:{i:0;a:5:{s:5:\"label\";s:54:\"Supporto XL per l'allineamento del letto al bagagliaio\";s:5:\"price\";s:2:\"60\";s:5:\"image\";s:0:\"\";s:10:\"price_type\";s:14:\"quantity_based\";s:10:\"visibility\";i:1;}i:1;a:5:{s:5:\"label\";s:38:\"Altezza aggiuntiva 2-5 cm (consultare)\";s:5:\"price\";s:2:\"40\";s:5:\"image\";s:0:\"\";s:10:\"price_type\";s:8:\"flat_fee\";s:10:\"visibility\";i:1;}i:2;a:5:{s:5:\"label\";s:39:\"Altezza aggiuntiva 6-10 cm (consultare)\";s:5:\"price\";s:2:\"75\";s:5:\"image\";s:0:\"\";s:10:\"price_type\";s:8:\"flat_fee\";s:10:\"visibility\";i:1;}}}i:1;a:20:{s:4:\"name\";s:23:\"Extra per il materasso:\";s:12:\"title_format\";s:5:\"label\";s:18:\"description_enable\";i:1;s:11:\"description\";s:376:\"Su richiesta \u00e8 possibile modificare il tipo di schiuma, lo spessore o il colore del rivestimento. Tutte queste opzioni aggiuntive implicano una produzione speciale su richiesta, per cui i tempi di consegna possono aumentare tra gli 8 e i 15 giorni, e il diritto di recesso viene meno con il materasso, in quanto si tratta di un prodotto su misura [Legge 1\/2007Art 103 c) ES].\";s:18:\"placeholder_enable\";i:0;s:11:\"placeholder\";N;s:4:\"type\";s:8:\"checkbox\";s:7:\"display\";s:6:\"select\";s:8:\"position\";i:1;s:8:\"required\";i:0;s:12:\"restrictions\";i:0;s:17:\"restrictions_type\";s:8:\"any_text\";s:12:\"adjust_price\";i:0;s:10:\"price_type\";s:8:\"flat_fee\";s:5:\"price\";s:0:\"\";s:2:\"id\";s:10:\"1715438197\";s:3:\"min\";i:0;s:3:\"max\";i:0;s:7:\"default\";s:0:\"\";s:7:\"options\";a:4:{i:0;a:5:{s:5:\"label\";s:30:\"Aumento dello spessore di 2 cm\";s:5:\"price\";s:2:\"25\";s:5:\"image\";s:0:\"\";s:10:\"price_type\";s:8:\"flat_fee\";s:10:\"visibility\";i:1;}i:1;a:5:{s:5:\"label\";s:37:\"Aumento della densit\u00e0 a \"hard\" (D30)\";s:5:\"price\";s:2:\"25\";s:5:\"image\";s:0:\"\";s:10:\"price_type\";s:8:\"flat_fee\";s:10:\"visibility\";i:1;}i:2;a:5:{s:5:\"label\";s:52:\"3cm di visco-elastico, con lo stesso spessore totale\";s:5:\"price\";s:2:\"30\";s:5:\"image\";s:0:\"\";s:10:\"price_type\";s:8:\"flat_fee\";s:10:\"visibility\";i:1;}i:3;a:5:{s:5:\"label\";s:32:\"Cambio di colore della copertina\";s:5:\"price\";s:2:\"20\";s:5:\"image\";s:0:\"\";s:10:\"price_type\";s:8:\"flat_fee\";s:10:\"visibility\";i:1;}}}}"],"_schema_json":["a:0:{}"],"_schema_json_timestamp":["1777561479"],"_uag_page_assets":["a:9:{s:3:\"css\";s:0:\"\";s:2:\"js\";s:0:\"\";s:18:\"current_block_list\";a:2:{i:0;s:12:\"core\/heading\";i:1;s:14:\"core\/paragraph\";}s:8:\"uag_flag\";b:0;s:11:\"uag_version\";i:1777554229;s:6:\"gfonts\";a:0:{}s:10:\"gfonts_url\";s:0:\"\";s:12:\"gfonts_files\";a:0:{}s:14:\"uag_faq_layout\";b:0;}"]},"uagb_featured_image_src":{"full":["https:\/\/camporan.com\/wp-content\/uploads\/2018\/06\/Berlingo-6975-Posterior.jpg",2560,2005,false],"thumbnail":["https:\/\/camporan.com\/wp-content\/uploads\/2018\/06\/Berlingo-6975-Posterior-80x80.jpg",80,80,true],"medium":["https:\/\/camporan.com\/wp-content\/uploads\/2018\/06\/Berlingo-6975-Posterior-300x235.jpg",300,235,true],"medium_large":["https:\/\/camporan.com\/wp-content\/uploads\/2018\/06\/Berlingo-6975-Posterior-768x602.jpg",768,602,true],"large":["https:\/\/camporan.com\/wp-content\/uploads\/2018\/06\/Berlingo-6975-Posterior-1030x807.jpg",1030,807,true],"1536x1536":["https:\/\/camporan.com\/wp-content\/uploads\/2018\/06\/Berlingo-6975-Posterior.jpg",1536,1203,false],"2048x2048":["https:\/\/camporan.com\/wp-content\/uploads\/2018\/06\/Berlingo-6975-Posterior.jpg",2048,1604,false],"woocommerce_thumbnail":["https:\/\/camporan.com\/wp-content\/uploads\/2018\/06\/Berlingo-6975-Posterior-600x470.jpg",600,470,true],"woocommerce_single":["https:\/\/camporan.com\/wp-content\/uploads\/2018\/06\/Berlingo-6975-Posterior-600x470.jpg",600,470,true],"woocommerce_gallery_thumbnail":["https:\/\/camporan.com\/wp-content\/uploads\/2018\/06\/Berlingo-6975-Posterior-100x100.jpg",100,100,true],"wcpr-photo-reviews":["https:\/\/camporan.com\/wp-content\/uploads\/2018\/06\/Berlingo-6975-Posterior.jpg",500,392,false]},"uagb_author_info":{"display_name":"David Lamolla","author_link":"https:\/\/camporan.com\/it\/author\/david_lamolla\/"},"uagb_comment_info":42,"uagb_excerpt":"Trasforma il tuo furgoncino in una camera da letto in pochi secondi. Questo Kit Camper per furgoncini (struttura letto + materasso pieghevole) \u00e8 realizzato su misura per mini van come Berlingo, Kangoo, VW Caddy, Tourneo Courier e oltre 10 modelli compatibili. Realizzato in compensato di betulla marina a 9 strati, pesa pochissimo e resiste al&hellip;","_links":{"self":[{"href":"https:\/\/camporan.com\/it\/wp-json\/wp\/v2\/product\/8890","targetHints":{"allow":["GET"]}}],"collection":[{"href":"https:\/\/camporan.com\/it\/wp-json\/wp\/v2\/product"}],"about":[{"href":"https:\/\/camporan.com\/it\/wp-json\/wp\/v2\/types\/product"}],"author":[{"embeddable":true,"href":"https:\/\/camporan.com\/it\/wp-json\/wp\/v2\/users\/7"}],"replies":[{"embeddable":true,"href":"https:\/\/camporan.com\/it\/wp-json\/wp\/v2\/comments?post=8890"}],"wp:featuredmedia":[{"embeddable":true,"href":"https:\/\/camporan.com\/it\/wp-json\/wp\/v2\/media\/8897"}],"wp:attachment":[{"href":"https:\/\/camporan.com\/it\/wp-json\/wp\/v2\/media?parent=8890"}],"wp:term":[{"taxonomy":"product_brand","embeddable":true,"href":"https:\/\/camporan.com\/it\/wp-json\/wp\/v2\/product_brand?post=8890"},{"taxonomy":"product_cat","embeddable":true,"href":"https:\/\/camporan.com\/it\/wp-json\/wp\/v2\/product_cat?post=8890"},{"taxonomy":"product_tag","embeddable":true,"href":"https:\/\/camporan.com\/it\/wp-json\/wp\/v2\/product_tag?post=8890"}],"curies":[{"name":"wp","href":"https:\/\/api.w.org\/{rel}","templated":true}]}}