{"id":9040,"date":"2022-03-07T11:05:53","date_gmt":"2022-03-07T10:05:53","guid":{"rendered":"http:\/\/www.camporan.com\/isolation-thermique-pour-camping-car\/"},"modified":"2026-03-18T16:13:26","modified_gmt":"2026-03-18T15:13:26","slug":"isolation-thermique-pour-camping-car","status":"publish","type":"product","link":"https:\/\/camporan.com\/fr\/boutique\/isolation-thermique-pour-camping-car\/","title":{"rendered":"Rideaux isolants pour fourgon am\u00e9nag\u00e9e"},"content":{"rendered":"<p>Nous proposons l&rsquo;isolation thermique id\u00e9ale pour transformer votre fourgon en camping-car, offrant non seulement une isolation contre le froid et la chaleur, mais aussi une dissimulation maximale.<\/p>\n<p>Nos pare-soleil s&rsquo;adaptent parfaitement \u00e0 votre camping-car, car ils<strong> sont fabriqu\u00e9s sur mesure pour votre mod\u00e8le sp\u00e9cifique.<\/strong><\/p>\n<p>Les kits d&rsquo;isolation thermique pour fen\u00eatres de camping-car conviennent \u00e0 toutes les marques et tous les mod\u00e8les : Citro\u00ebn, Dacia, Fiat, Ford, Mercedes, Nissan, Opel, Peugeot, Renault, Toyota, Volkswagen\u2026 Vous pouvez v\u00e9rifier la compatibilit\u00e9 avec votre mod\u00e8le de fourgon dans le tableau suivant :<\/p>\n<table width=\"506\">\n<tbody>\n<tr>\n<td width=\"80\"><strong>Marca<\/strong><\/td>\n<td width=\"293\"><strong>Veh\u00edculo<\/strong><\/td>\n<td width=\"133\"><strong>Modelo CAMPORAN<\/strong><\/td>\n<\/tr>\n<tr>\n<td width=\"80\">CITROEN<\/td>\n<td>Nemo<\/td>\n<td>MicroVAN<\/td>\n<\/tr>\n<tr>\n<td width=\"80\"><\/td>\n<td width=\"293\">Berlingo<\/td>\n<td width=\"133\">MiniVAN<\/td>\n<\/tr>\n<tr>\n<td width=\"80\"><\/td>\n<td width=\"293\">Jumpy<\/td>\n<td width=\"133\">Medium Van<\/td>\n<\/tr>\n<tr>\n<td width=\"80\"><\/td>\n<td width=\"293\">SpaceTourer<\/td>\n<td width=\"133\">Medium Van<\/td>\n<\/tr>\n<tr>\n<td width=\"80\">DACIA<\/td>\n<td width=\"293\">Dokker<\/td>\n<td width=\"133\">MiniVAN<\/td>\n<\/tr>\n<tr>\n<td><\/td>\n<td width=\"293\">Jogger<\/td>\n<td width=\"133\">MiniVAN<\/td>\n<\/tr>\n<tr>\n<td width=\"80\">FIAT<\/td>\n<td width=\"293\">Dobl\u00f3<\/td>\n<td width=\"133\">MiniVAN<\/td>\n<\/tr>\n<tr>\n<td width=\"80\"><\/td>\n<td width=\"293\">Talent<\/td>\n<td>Large VAN<\/td>\n<\/tr>\n<tr>\n<td width=\"80\">FORD<\/td>\n<td width=\"293\">Tourneo Courier I 2015-2023<\/td>\n<td>MicroVAN<\/td>\n<\/tr>\n<tr>\n<td width=\"80\"><\/td>\n<td width=\"293\">Transit Courier I 2015-2024<\/td>\n<td>MicroVAN<\/td>\n<\/tr>\n<tr>\n<td width=\"80\"><\/td>\n<td width=\"293\">Transit Courier 2023+<\/td>\n<td width=\"133\">MiniVAN<\/td>\n<\/tr>\n<tr>\n<td width=\"80\"><\/td>\n<td width=\"293\">Tourneo Courier II 2023+<\/td>\n<td width=\"133\">MiniVAN<\/td>\n<\/tr>\n<tr>\n<td width=\"80\"><\/td>\n<td width=\"293\">Tourneo Connect<\/td>\n<td width=\"133\">Medium Van<\/td>\n<\/tr>\n<tr>\n<td width=\"80\"><\/td>\n<td width=\"293\">Transit Connect<\/td>\n<td width=\"133\">Medium Van<\/td>\n<\/tr>\n<tr>\n<td width=\"80\"><\/td>\n<td width=\"293\">Tourneo Custom<\/td>\n<td>Large VAN<\/td>\n<\/tr>\n<tr>\n<td width=\"80\"><\/td>\n<td width=\"293\">Transit Custom<\/td>\n<td>Large VAN<\/td>\n<\/tr>\n<tr>\n<td width=\"80\">MERCEDES<\/td>\n<td width=\"293\">Citan<\/td>\n<td width=\"133\">MiniVAN<\/td>\n<\/tr>\n<tr>\n<td width=\"80\"><\/td>\n<td width=\"293\">Viano<\/td>\n<td>Large VAN<\/td>\n<\/tr>\n<tr>\n<td width=\"80\"><\/td>\n<td width=\"293\">Vito<\/td>\n<td>Large VAN<\/td>\n<\/tr>\n<tr>\n<td><\/td>\n<td width=\"293\">Clase V<\/td>\n<td>Large VAN<\/td>\n<\/tr>\n<tr>\n<td width=\"80\">NISSAN<\/td>\n<td width=\"293\">TownStar<\/td>\n<td width=\"133\">MiniVAN<\/td>\n<\/tr>\n<tr>\n<td width=\"80\"><\/td>\n<td width=\"293\">NV200 \/ NV200 EVALIA<\/td>\n<td width=\"133\">Medium Van<\/td>\n<\/tr>\n<tr>\n<td width=\"80\"><\/td>\n<td width=\"293\">NV300<\/td>\n<td>Large VAN<\/td>\n<\/tr>\n<tr>\n<td width=\"80\"><\/td>\n<td width=\"293\">Primastar<\/td>\n<td>Large VAN<\/td>\n<\/tr>\n<tr>\n<td width=\"80\">OPEL<\/td>\n<td width=\"293\">Combo<\/td>\n<td width=\"133\">MiniVAN<\/td>\n<\/tr>\n<tr>\n<td width=\"80\"><\/td>\n<td width=\"293\">Vivaro<\/td>\n<td>Large VAN<\/td>\n<\/tr>\n<tr>\n<td width=\"80\"><\/td>\n<td width=\"293\">Zafira Live<\/td>\n<td width=\"133\">Medium Van<\/td>\n<\/tr>\n<tr>\n<td width=\"80\">PEUGEOT<\/td>\n<td>Bipper<\/td>\n<td>MicroVan<\/td>\n<\/tr>\n<tr>\n<td width=\"80\"><\/td>\n<td width=\"293\">Partner II<\/td>\n<td width=\"133\">MiniVAN<\/td>\n<\/tr>\n<tr>\n<td width=\"80\"><\/td>\n<td width=\"293\">Rifter<\/td>\n<td width=\"133\">MiniVAN<\/td>\n<\/tr>\n<tr>\n<td width=\"80\"><\/td>\n<td width=\"293\">Expert<\/td>\n<td width=\"133\">Medium Van<\/td>\n<\/tr>\n<tr>\n<td width=\"80\"><\/td>\n<td width=\"293\">Traveller<\/td>\n<td width=\"133\">Medium Van<\/td>\n<\/tr>\n<tr>\n<td width=\"80\">RENAULT<\/td>\n<td width=\"293\">Kangoo I<\/td>\n<td width=\"133\">MiniVAN<\/td>\n<\/tr>\n<tr>\n<td width=\"80\"><\/td>\n<td width=\"293\">Kangoo II et III<\/td>\n<td width=\"133\">MiniVAN<\/td>\n<\/tr>\n<tr>\n<td width=\"80\"><\/td>\n<td width=\"293\">Trafic<\/td>\n<td>Large VAN<\/td>\n<\/tr>\n<tr>\n<td width=\"80\">TOYOTA<\/td>\n<td width=\"293\">Proace City<\/td>\n<td width=\"133\">MiniVAN<\/td>\n<\/tr>\n<tr>\n<td width=\"80\"><\/td>\n<td width=\"293\">Proace City Verso<\/td>\n<td width=\"133\">MiniVAN<\/td>\n<\/tr>\n<tr>\n<td width=\"80\"><\/td>\n<td width=\"293\">Proace Verso<\/td>\n<td width=\"133\">Medium Van<\/td>\n<\/tr>\n<tr>\n<td width=\"80\"><\/td>\n<td width=\"293\">Proace<\/td>\n<td width=\"133\">Medium Van<\/td>\n<\/tr>\n<tr>\n<td width=\"80\"><\/td>\n<td width=\"293\">Rav4<\/td>\n<td width=\"133\">MiniVAN<\/td>\n<\/tr>\n<tr>\n<td width=\"80\">VW<\/td>\n<td width=\"293\">Caddy<\/td>\n<td width=\"133\">MiniVAN<\/td>\n<\/tr>\n<tr>\n<td><\/td>\n<td width=\"293\">Transporteur T5<\/td>\n<td>Large VAN<\/td>\n<\/tr>\n<tr>\n<td width=\"80\"><\/td>\n<td width=\"293\">Transporter T6<\/td>\n<td>Large VAN<\/td>\n<\/tr>\n<tr>\n<td width=\"80\"><\/td>\n<td width=\"293\">Caravelle T5<\/td>\n<td>Large VAN<\/td>\n<\/tr>\n<tr>\n<td width=\"80\"><\/td>\n<td width=\"293\">Caravelle T6<\/td>\n<td>Large VAN<\/td>\n<\/tr>\n<tr>\n<td width=\"80\"><\/td>\n<td width=\"293\">Id.Buzz<\/td>\n<td width=\"133\">Medium Van<\/td>\n<\/tr>\n<\/tbody>\n<\/table>\n","protected":false},"excerpt":{"rendered":"<p>Isolation thermique aluminis\u00e9e <strong>avec ventouses et stores occultants int\u00e9rieurs<\/strong> pour camping-cars, sp\u00e9cialement con\u00e7ue pour votre mod\u00e8le de fourgon.<\/p>\n<ul>\n<li>Tissu \u00e0 9 plis. <strong>Jeu complet pour toutes les fen\u00eatres<\/strong> (8\/9 unit\u00e9s, normalement).<\/li>\n<li>Ventouses avec \u00e9crou \u00e0 forte aspiration \u00d850 avec languette pour un retrait facile.<\/li>\n<li>Couleur int\u00e9rieure disponible en <strong>noir ou gris<\/strong> (veuillez pr\u00e9ciser lors de votre commande).<\/li>\n<li>\u0152illets en laiton nickel\u00e9, diam\u00e8tre int\u00e9rieur de 6 mm.<\/li>\n<li>\u00c9tui \u00e0 fermeture \u00e9clair pour ranger les isolateurs.<\/li>\n<\/ul>\n<p>D\u00e9lai de fabrication : entre 5 et 10 jours. Livraison gratuite avec le cadre de lit.<br \/>\n<strong>Une fois la commande pass\u00e9e, nous vous demanderons des informations compl\u00e9mentaires concernant les vitres de votre fourgonnette et la couleur int\u00e9rieure souhait\u00e9e, entre gris et noir.<br \/>\n<\/strong><\/p>\n<p>S&rsquo;agissant d&rsquo;un produit fabriqu\u00e9 sur mesure, les retours ne sont pas accept\u00e9s.<\/p>\n","protected":false},"author":7,"featured_media":8972,"comment_status":"open","ping_status":"closed","template":"","meta":{"om_disable_all_campaigns":false,"_uag_custom_page_level_css":"","site-sidebar-layout":"default","site-content-layout":"default","ast-site-content-layout":"default","site-content-style":"default","site-sidebar-style":"default","ast-global-header-display":"","ast-banner-title-visibility":"","ast-main-header-display":"","ast-hfb-above-header-display":"","ast-hfb-below-header-display":"","ast-hfb-mobile-header-display":"","site-post-title":"","ast-breadcrumbs-content":"","ast-featured-img":"","footer-sml-layout":"","ast-disable-related-posts":"","theme-transparent-header-meta":"default","adv-header-id-meta":"","stick-header-meta":"default","header-above-stick-meta":"","header-main-stick-meta":"","header-below-stick-meta":"","astra-migrate-meta-layouts":"set","ast-page-background-enabled":"default","ast-page-background-meta":{"desktop":{"background-color":"","background-image":"","background-repeat":"repeat","background-position":"center center","background-size":"auto","background-attachment":"scroll","background-type":"","background-media":"","overlay-type":"","overlay-color":"","overlay-opacity":"","overlay-gradient":""},"tablet":{"background-color":"","background-image":"","background-repeat":"repeat","background-position":"center center","background-size":"auto","background-attachment":"scroll","background-type":"","background-media":"","overlay-type":"","overlay-color":"","overlay-opacity":"","overlay-gradient":""},"mobile":{"background-color":"","background-image":"","background-repeat":"repeat","background-position":"center center","background-size":"auto","background-attachment":"scroll","background-type":"","background-media":"","overlay-type":"","overlay-color":"","overlay-opacity":"","overlay-gradient":""}},"ast-content-background-meta":{"desktop":{"background-color":"var(--ast-global-color-5)","background-image":"","background-repeat":"repeat","background-position":"center center","background-size":"auto","background-attachment":"scroll","background-type":"","background-media":"","overlay-type":"","overlay-color":"","overlay-opacity":"","overlay-gradient":""},"tablet":{"background-color":"var(--ast-global-color-5)","background-image":"","background-repeat":"repeat","background-position":"center center","background-size":"auto","background-attachment":"scroll","background-type":"","background-media":"","overlay-type":"","overlay-color":"","overlay-opacity":"","overlay-gradient":""},"mobile":{"background-color":"var(--ast-global-color-5)","background-image":"","background-repeat":"repeat","background-position":"center center","background-size":"auto","background-attachment":"scroll","background-type":"","background-media":"","overlay-type":"","overlay-color":"","overlay-opacity":"","overlay-gradient":""}}},"product_brand":[],"product_cat":[909,829],"product_tag":[],"class_list":{"0":"post-9040","1":"product","2":"type-product","3":"status-publish","4":"has-post-thumbnail","6":"product_cat-accessoires-pour-camping-cars","7":"product_cat-camper-fr","8":"desktop-align-center","9":"tablet-align-center","10":"mobile-align-center","11":"ast-product-gallery-layout-horizontal","12":"ast-product-single-variable","13":"ast-product-tabs-layout-vertical","15":"first","16":"instock","17":"taxable","18":"shipping-taxable","19":"purchasable","20":"product-type-variable"},"bundled_by":[],"bundle_stock_status":"instock","bundle_stock_quantity":null,"bundle_virtual":false,"bundle_layout":"","bundle_add_to_cart_form_location":"","bundle_editable_in_cart":false,"bundle_sold_individually_context":"","bundle_item_grouping":"","bundle_min_size":"","bundle_max_size":"","bundle_price":[],"bundled_items":[],"bundle_sell_ids":[],"exclude_global_add_ons":false,"addons":[{"name":"Couleur int\u00e9rieure de l'isolant","type":"multiple_choice","position":0,"required":true,"title_format":"label","default":"0","description_enable":false,"description":null,"placeholder_enable":false,"placeholder":null,"display":"images","restrictions_type":"any_text","adjust_price":false,"price":"","price_type":"flat_fee","restrictions":false,"min":"0","max":"0","options":[{"label":"Gris","price":"","price_type":"flat_fee","image":13660,"visibility":true},{"label":"Noir","price":"","price_type":"flat_fee","image":13665,"visibility":true}],"id":1747652698},{"name":"type de porte arri\u00e8re","type":"multiple_choice","position":1,"required":true,"title_format":"label","default":"","description_enable":true,"description":"Veuillez \u00e9galement s\u00e9lectionner le type de porte arri\u00e8re.","placeholder_enable":false,"placeholder":null,"display":"images","restrictions_type":"any_text","adjust_price":false,"price":"","price_type":"flat_fee","restrictions":false,"min":"0","max":"0","options":[{"label":"hayon","price":"","price_type":"flat_fee","image":14654,"visibility":true},{"label":"Duble porte","price":"","price_type":"flat_fee","image":14653,"visibility":true},{"label":"hayon arri\u00e8re avec lunette ouvrante","price":"","price_type":"flat_fee","image":14655,"visibility":true}],"id":1768564351},{"name":"Opcional: isolants thermiques au plafond","type":"checkbox","position":2,"required":false,"title_format":"hide","default":"","description_enable":true,"description":"<img src=\"https:\/\/camporan.com\/wp-content\/uploads\/2022\/03\/Aislantes-de-techo-80x80.jpg\" alt=\"Isolation de toiture + 28,00 \u20ac\">\n Vous pouvez \u00e9galement ajouter une isolation de toiture \u00e0 votre commande.","placeholder_enable":false,"placeholder":null,"display":"select","restrictions_type":"any_text","adjust_price":false,"price":"","price_type":"flat_fee","restrictions":false,"min":"0","max":"0","options":[{"label":"Aislante\/oscurecedor de techo","price":"28","price_type":"flat_fee","image":0,"visibility":true}],"id":1741957123},{"name":"Suppl\u00e9ments pour le matelas :","type":"checkbox","position":0,"required":false,"title_format":"label","default":"","description_enable":true,"description":"Des modifications peuvent \u00eatre demand\u00e9es concernant le type de mousse, l'\u00e9paisseur ou la couleur de la couverture. Chacune de ces options suppl\u00e9mentaires implique une fabrication sp\u00e9ciale sur commande, de sorte que le d\u00e9lai de livraison peut augmenter entre 8 et 15 jours, et le droit de r\u00e9tractation est perdu avec le matelas, puisqu'il s'agit d'un produit sur mesure [Loi 1\/ 2007 Art 103 c )]","placeholder_enable":false,"placeholder":"","display":"select","restrictions_type":"any_text","adjust_price":false,"price":"","price_type":"flat_fee","restrictions":false,"min":"0","max":"0","options":[{"label":"Augmentation de l'\u00e9paisseur de 2 cm","price":"40","price_type":"flat_fee","image":0,"visibility":true},{"label":"Densit\u00e9 augment\u00e9e \u00e0 D30 \"dur\"","price":"35","price_type":"flat_fee","image":0,"visibility":true},{"label":"Mousse \u00e0 m\u00e9moire de 3 cm, avec la m\u00eame \u00e9paisseur totale","price":"40","price_type":"flat_fee","image":0,"visibility":true},{"label":"Changement de couleur de la couverture","price":"25","price_type":"flat_fee","image":0,"visibility":true}],"id":1686912989}],"aioseo_notices":[],"spectra_custom_meta":{"_alp_processed":["1769799534"],"_backorders":["no"],"_download_limit":["-1"],"_download_expiry":["-1"],"_downloadable":["no"],"_manage_stock":["no"],"_stock_status":["instock"],"_sold_individually":["no"],"_tax_class":[""],"_tax_status":["taxable"],"_virtual":["no"],"_wpml_media_duplicate":["1"],"_wpml_media_featured":["1"],"site-sidebar-layout":["default"],"site-content-layout":["default"],"theme-transparent-header-meta":["default"],"stick-header-meta":["default"],"_top_nav_excluded":[""],"_cms_nav_minihome":[""],"wcml_sync_hash":["a:1:{s:15:\"postmeta_fields\";s:32:\"eec6dcb6e1968f1eae350c61317b072d\";}"],"attr_label_translations":["a:0:{}"],"_thumbnail_id":["8972"],"_crosssell_ids":["a:0:{}"],"_wcml_average_rating":["4.89"],"_wcml_review_count":["18"],"_last_translation_edit_mode":["translation-editor"],"_sku":["4601"],"_product_image_gallery":["11719,11724,12587,11714"],"_weight":["4"],"_width":["60"],"_height":["10"],"_length":["90"],"_wpml_word_count":["436"],"_stock":[null],"_wc_average_rating":["4.89"],"_wc_review_count":["18"],"_product_version":["10.6.1"],"_edit_lock":["1773846830:7"],"_wcml_rating_count":["a:2:{i:5;i:17;i:3;i:1;}"],"_wc_rating_count":[{"5":17,"3":1}],"_price":["165","140","158","168","175","178","185"],"_product_addons_exclude_global":["0"],"_edit_last":["111"],"_vtwf_enable_tab":["no"],"_vtwf_tab_title":[""],"_vtwf_hide_title":["no"],"_vtwf_video_content":[""],"_aioseo_keywords":[""],"_aioseo_og_article_section":[""],"_aioseo_og_article_tags":[""],"_wpml_media_has_media":["1"],"ast-site-content-layout":["default"],"site-content-style":["default"],"site-sidebar-style":["default"],"astra-migrate-meta-layouts":["set"],"_product_attributes":["a:1:{s:29:\"pa_modelo-de-aislante-termico\";a:6:{s:4:\"name\";s:29:\"pa_modelo-de-aislante-termico\";s:5:\"value\";s:0:\"\";s:8:\"position\";i:0;s:10:\"is_visible\";i:0;s:12:\"is_variation\";i:1;s:11:\"is_taxonomy\";i:1;}}"],"total_sales":["494"],"_downloadable_files":[""],"_aioseo_description":["Isolation thermique Camporan pour camping-car : 9 couches aluminis\u00e9es avec ventouses, con\u00e7ues sur mesure pour votre camping-car. Am\u00e9liore le confort et assombrit l\u2019int\u00e9rieur. "],"_product_addons":["a:3:{i:0;a:20:{s:4:\"name\";s:32:\"Couleur int\u00e9rieure de l'isolant\";s:12:\"title_format\";s:5:\"label\";s:18:\"description_enable\";i:0;s:11:\"description\";N;s:18:\"placeholder_enable\";i:0;s:11:\"placeholder\";N;s:4:\"type\";s:15:\"multiple_choice\";s:7:\"display\";s:6:\"images\";s:8:\"position\";i:0;s:8:\"required\";i:1;s:12:\"restrictions\";i:0;s:17:\"restrictions_type\";s:8:\"any_text\";s:12:\"adjust_price\";i:0;s:10:\"price_type\";s:8:\"flat_fee\";s:5:\"price\";s:0:\"\";s:2:\"id\";s:10:\"1747652698\";s:3:\"min\";i:0;s:3:\"max\";i:0;s:7:\"default\";i:0;s:7:\"options\";a:2:{i:0;a:5:{s:5:\"label\";s:4:\"Gris\";s:5:\"price\";s:0:\"\";s:5:\"image\";s:5:\"13660\";s:10:\"price_type\";s:8:\"flat_fee\";s:10:\"visibility\";i:1;}i:1;a:5:{s:5:\"label\";s:4:\"Noir\";s:5:\"price\";s:0:\"\";s:5:\"image\";s:5:\"13665\";s:10:\"price_type\";s:8:\"flat_fee\";s:10:\"visibility\";i:1;}}}i:1;a:20:{s:4:\"name\";s:22:\"type de porte arri\u00e8re\";s:12:\"title_format\";s:5:\"label\";s:18:\"description_enable\";i:1;s:11:\"description\";s:60:\"Veuillez \u00e9galement s\u00e9lectionner le type de porte arri\u00e8re.\";s:18:\"placeholder_enable\";i:0;s:11:\"placeholder\";N;s:4:\"type\";s:15:\"multiple_choice\";s:7:\"display\";s:6:\"images\";s:8:\"position\";i:1;s:8:\"required\";i:1;s:12:\"restrictions\";i:0;s:17:\"restrictions_type\";s:8:\"any_text\";s:12:\"adjust_price\";i:0;s:10:\"price_type\";s:8:\"flat_fee\";s:5:\"price\";s:0:\"\";s:2:\"id\";s:10:\"1768564351\";s:3:\"min\";i:0;s:3:\"max\";i:0;s:7:\"default\";s:0:\"\";s:7:\"options\";a:3:{i:0;a:5:{s:5:\"label\";s:5:\"hayon\";s:5:\"price\";s:0:\"\";s:5:\"image\";s:5:\"14654\";s:10:\"price_type\";s:8:\"flat_fee\";s:10:\"visibility\";i:1;}i:1;a:5:{s:5:\"label\";s:11:\"Duble porte\";s:5:\"price\";s:0:\"\";s:5:\"image\";s:5:\"14653\";s:10:\"price_type\";s:8:\"flat_fee\";s:10:\"visibility\";i:1;}i:2;a:5:{s:5:\"label\";s:36:\"hayon arri\u00e8re avec lunette ouvrante\";s:5:\"price\";s:0:\"\";s:5:\"image\";s:5:\"14655\";s:10:\"price_type\";s:8:\"flat_fee\";s:10:\"visibility\";i:1;}}}i:2;a:20:{s:4:\"name\";s:40:\"Opcional: isolants thermiques au plafond\";s:12:\"title_format\";s:4:\"hide\";s:18:\"description_enable\";i:1;s:11:\"description\";s:203:\"<img src=\"https:\/\/camporan.com\/wp-content\/uploads\/2022\/03\/Aislantes-de-techo-80x80.jpg\" alt=\"Isolation de toiture + 28,00 \u20ac\">\n Vous pouvez \u00e9galement ajouter une isolation de toiture \u00e0 votre commande.\";s:18:\"placeholder_enable\";i:0;s:11:\"placeholder\";N;s:4:\"type\";s:8:\"checkbox\";s:7:\"display\";s:6:\"select\";s:8:\"position\";i:2;s:8:\"required\";i:0;s:12:\"restrictions\";i:0;s:17:\"restrictions_type\";s:8:\"any_text\";s:12:\"adjust_price\";i:0;s:10:\"price_type\";s:8:\"flat_fee\";s:5:\"price\";s:0:\"\";s:2:\"id\";s:10:\"1741957123\";s:3:\"min\";i:0;s:3:\"max\";i:0;s:7:\"default\";s:0:\"\";s:7:\"options\";a:1:{i:0;a:5:{s:5:\"label\";s:29:\"Aislante\/oscurecedor de techo\";s:5:\"price\";s:2:\"28\";s:5:\"image\";s:0:\"\";s:10:\"price_type\";s:8:\"flat_fee\";s:10:\"visibility\";i:1;}}}}"],"_schema_json":["a:0:{}"],"_schema_json_timestamp":["1777551635"],"_uag_page_assets":["a:9:{s:3:\"css\";s:0:\"\";s:2:\"js\";s:0:\"\";s:18:\"current_block_list\";a:2:{i:0;s:12:\"core\/heading\";i:1;s:14:\"core\/paragraph\";}s:8:\"uag_flag\";b:0;s:11:\"uag_version\";i:1777533256;s:6:\"gfonts\";a:0:{}s:10:\"gfonts_url\";s:0:\"\";s:12:\"gfonts_files\";a:0:{}s:14:\"uag_faq_layout\";b:0;}"]},"uagb_featured_image_src":{"full":["https:\/\/camporan.com\/wp-content\/uploads\/2022\/02\/camporan-puerta-aislante-caperizar-firgo-2.jpg",538,412,false],"thumbnail":["https:\/\/camporan.com\/wp-content\/uploads\/2022\/02\/camporan-puerta-aislante-caperizar-firgo-2-80x80.jpg",80,80,true],"medium":["https:\/\/camporan.com\/wp-content\/uploads\/2022\/02\/camporan-puerta-aislante-caperizar-firgo-2-300x230.jpg",300,230,true],"medium_large":["https:\/\/camporan.com\/wp-content\/uploads\/2022\/02\/camporan-puerta-aislante-caperizar-firgo-2.jpg",538,412,false],"large":["https:\/\/camporan.com\/wp-content\/uploads\/2022\/02\/camporan-puerta-aislante-caperizar-firgo-2.jpg",538,412,false],"1536x1536":["https:\/\/camporan.com\/wp-content\/uploads\/2022\/02\/camporan-puerta-aislante-caperizar-firgo-2.jpg",538,412,false],"2048x2048":["https:\/\/camporan.com\/wp-content\/uploads\/2022\/02\/camporan-puerta-aislante-caperizar-firgo-2.jpg",538,412,false],"woocommerce_thumbnail":["https:\/\/camporan.com\/wp-content\/uploads\/2022\/02\/camporan-puerta-aislante-caperizar-firgo-2.jpg",538,412,false],"woocommerce_single":["https:\/\/camporan.com\/wp-content\/uploads\/2022\/02\/camporan-puerta-aislante-caperizar-firgo-2.jpg",538,412,false],"woocommerce_gallery_thumbnail":["https:\/\/camporan.com\/wp-content\/uploads\/2022\/02\/camporan-puerta-aislante-caperizar-firgo-2-100x100.jpg",100,100,true],"wcpr-photo-reviews":["https:\/\/camporan.com\/wp-content\/uploads\/2022\/02\/camporan-puerta-aislante-caperizar-firgo-2.jpg",500,383,false]},"uagb_author_info":{"display_name":"David Lamolla","author_link":"https:\/\/camporan.com\/fr\/author\/david_lamolla\/"},"uagb_comment_info":18,"uagb_excerpt":"Isolation thermique aluminis\u00e9e avec ventouses et stores occultants int\u00e9rieurs pour camping-cars, sp\u00e9cialement con\u00e7ue pour votre mod\u00e8le de fourgon. Tissu \u00e0 9 plis. Jeu complet pour toutes les fen\u00eatres (8\/9 unit\u00e9s, normalement). Ventouses avec \u00e9crou \u00e0 forte aspiration \u00d850 avec languette pour un retrait facile. Couleur int\u00e9rieure disponible en noir ou gris (veuillez pr\u00e9ciser lors de\u2026","_links":{"self":[{"href":"https:\/\/camporan.com\/fr\/wp-json\/wp\/v2\/product\/9040","targetHints":{"allow":["GET"]}}],"collection":[{"href":"https:\/\/camporan.com\/fr\/wp-json\/wp\/v2\/product"}],"about":[{"href":"https:\/\/camporan.com\/fr\/wp-json\/wp\/v2\/types\/product"}],"author":[{"embeddable":true,"href":"https:\/\/camporan.com\/fr\/wp-json\/wp\/v2\/users\/7"}],"replies":[{"embeddable":true,"href":"https:\/\/camporan.com\/fr\/wp-json\/wp\/v2\/comments?post=9040"}],"wp:featuredmedia":[{"embeddable":true,"href":"https:\/\/camporan.com\/fr\/wp-json\/wp\/v2\/media\/8972"}],"wp:attachment":[{"href":"https:\/\/camporan.com\/fr\/wp-json\/wp\/v2\/media?parent=9040"}],"wp:term":[{"taxonomy":"product_brand","embeddable":true,"href":"https:\/\/camporan.com\/fr\/wp-json\/wp\/v2\/product_brand?post=9040"},{"taxonomy":"product_cat","embeddable":true,"href":"https:\/\/camporan.com\/fr\/wp-json\/wp\/v2\/product_cat?post=9040"},{"taxonomy":"product_tag","embeddable":true,"href":"https:\/\/camporan.com\/fr\/wp-json\/wp\/v2\/product_tag?post=9040"}],"curies":[{"name":"wp","href":"https:\/\/api.w.org\/{rel}","templated":true}]}}