{"id":8031,"date":"2018-06-17T09:29:58","date_gmt":"2018-06-17T07:29:58","guid":{"rendered":"http:\/\/www.camporan.com\/pack-van-estructura-de-cama-colchon-plegable\/"},"modified":"2026-04-27T20:03:57","modified_gmt":"2026-04-27T18:03:57","slug":"pack-van-cadre-de-lit-et-matalas-pliant","status":"publish","type":"product","link":"https:\/\/camporan.com\/fr\/boutique\/pack-van-cadre-de-lit-et-matalas-pliant\/","title":{"rendered":"Kit d&rsquo;Am\u00e9nagement pour Van : structure de lit + matelas pliable pour fourgon"},"content":{"rendered":"<h2>POUR QUELS FOURGONS CE KIT D&rsquo;AM\u00c9NAGEMENT EST-IL CON\u00c7U ?<\/h2>\n<p>Renault Trafic II et III Combi \/ Opel Vivaro Combi \/ Nissan Primastar + NV300 Combi \/ Jumpy III \/ Expert III \/ Toyota ProAce \/ Fiat Talento II \/ VW T5 et T6 (Caravelle, Transporter) \/ Mercedes Vito et Viano \/ Ford Tourneo Custom II (2023+)<\/p>\n<h2>CARACT\u00c9RISTIQUES PRINCIPALES:<\/h2>\n<p>Kit d&rsquo;am\u00e9nagement pour van de taille moyenne avec lit polyvalent, comprenant le lit et le matelas.<\/p>\n<p>L\u00e9ger et facile \u00e0 transporter, \u00e0 stocker et \u00e0 monter ou d\u00e9monter par une seule personne. Vous pouvez profiter de l&rsquo;ensemble du coffre, car le lit est renforc\u00e9 pour laisser de l&rsquo;espace libre dans tout le coffre.<\/p>\n<h2>CARACT\u00c9RISTIQUES TECHNIQUES:<\/h2>\n<h3>Mat\u00e9riaux:<\/h3>\n<ul>\n<li>Le mat\u00e9riau de base est un panneau de bois de bouleau de 12 mm (panneau marin), enduit de r\u00e9sine brune, lisse d&rsquo;un c\u00f4t\u00e9 et antid\u00e9rapant de l&rsquo;autre.<\/li>\n<li>Bords arrondis et scell\u00e9s dans la zone du coffre, et avec des rallonges de type pied de table, pour ajuster la largeur du lit \u00e0 la carrosserie et la rendre ferme.<\/li>\n<\/ul>\n<h3>Pr\u00e9paration:<\/h3>\n<p>A r\u00e9ception du colis, celui-ci ne doit \u00eatre assembl\u00e9 que la premi\u00e8re fois, et adapt\u00e9 au v\u00e9hicule auquel il est destin\u00e9. Les pi\u00e8ces de fixation doivent \u00eatre viss\u00e9es sur les c\u00f4t\u00e9s de la camionnette.  Les pieds peuvent \u00eatre fournis \u00e0 la hauteur appropri\u00e9e.<br \/>\nDans le cas des camionnettes \u00e0 8\/9 places, la derni\u00e8re rang\u00e9e doit \u00eatre enlev\u00e9e.<\/p>\n<h3>Installation en moins de 2 minutes, sans outils<\/h3>\n<ul>\n<li>Le montage est tr\u00e8s simple et n&rsquo;affecte pas le ch\u00e2ssis du v\u00e9hicule.<\/li>\n<li>Poids de l&rsquo;ensemble : 27+8 kg.<\/li>\n<li>Dimensions du paquet complet : 195 x 150 cm.<\/li>\n<\/ul>\n<h2>MATELAS:<\/h2>\n<p>Matelas 195 x 150 x 8 cm ou 200x160x8cm (\u00e0 choisir en fonction du v\u00e9hicule \u00e0 camper). Pour Vito et Viano, 195x142x8cm.<\/p>\n<p>Mousse haute densit\u00e9 25Kg \/ m3. Couverture zipp\u00e9e en toile bleu fonc\u00e9. D&rsquo;autres options sont disponibles sur commande sp\u00e9ciale (voir options).<\/p>\n<h2>EXP\u00c9DITION :<\/h2>\n<p>Envoy\u00e9 en deux colis :<\/p>\n<p>Emballage plat 70x150x10cm, 28Kg<\/p>\n<p>Bo\u00eete en carton 38x38x80cm, 8Kg.<\/p>\n","protected":false},"excerpt":{"rendered":"<p>Kit d&rsquo;am\u00e9nagement pour van: gr\u00e2ce \u00e0 cette structure de lit + matelas pliable, transformez votre fourgon en une chambre confortable, con\u00e7ue sur mesure pour les fourgons de taille moyenne et grande. Compatible avec les VW T5\/T6, Mercedes Vito\/Viano, Renault Trafic, Ford Tourneo Custom et plus de 10 autres mod\u00e8les. Fabriqu\u00e9 en contreplaqu\u00e9 de bouleau marin \u00e0 9 couches : l\u00e9ger, rigide et durable. Montage et d\u00e9montage en moins de 2 minutes, sans aucun outil. Lorsqu\u2019il n\u2019est pas utilis\u00e9, il se range dans le coffre sans prendre de place. Emportez votre maison avec vous.     <\/p>\n","protected":false},"author":7,"featured_media":14761,"comment_status":"open","ping_status":"closed","template":"","meta":{"om_disable_all_campaigns":false,"_uag_custom_page_level_css":"","site-sidebar-layout":"default","site-content-layout":"default","ast-site-content-layout":"default","site-content-style":"default","site-sidebar-style":"default","ast-global-header-display":"","ast-banner-title-visibility":"","ast-main-header-display":"","ast-hfb-above-header-display":"","ast-hfb-below-header-display":"","ast-hfb-mobile-header-display":"","site-post-title":"","ast-breadcrumbs-content":"","ast-featured-img":"","footer-sml-layout":"","ast-disable-related-posts":"","theme-transparent-header-meta":"default","adv-header-id-meta":"","stick-header-meta":"default","header-above-stick-meta":"","header-main-stick-meta":"","header-below-stick-meta":"","astra-migrate-meta-layouts":"set","ast-page-background-enabled":"default","ast-page-background-meta":{"desktop":{"background-color":"","background-image":"","background-repeat":"repeat","background-position":"center center","background-size":"auto","background-attachment":"scroll","background-type":"","background-media":"","overlay-type":"","overlay-color":"","overlay-opacity":"","overlay-gradient":""},"tablet":{"background-color":"","background-image":"","background-repeat":"repeat","background-position":"center center","background-size":"auto","background-attachment":"scroll","background-type":"","background-media":"","overlay-type":"","overlay-color":"","overlay-opacity":"","overlay-gradient":""},"mobile":{"background-color":"","background-image":"","background-repeat":"repeat","background-position":"center center","background-size":"auto","background-attachment":"scroll","background-type":"","background-media":"","overlay-type":"","overlay-color":"","overlay-opacity":"","overlay-gradient":""}},"ast-content-background-meta":{"desktop":{"background-color":"var(--ast-global-color-5)","background-image":"","background-repeat":"repeat","background-position":"center center","background-size":"auto","background-attachment":"scroll","background-type":"","background-media":"","overlay-type":"","overlay-color":"","overlay-opacity":"","overlay-gradient":""},"tablet":{"background-color":"var(--ast-global-color-5)","background-image":"","background-repeat":"repeat","background-position":"center center","background-size":"auto","background-attachment":"scroll","background-type":"","background-media":"","overlay-type":"","overlay-color":"","overlay-opacity":"","overlay-gradient":""},"mobile":{"background-color":"var(--ast-global-color-5)","background-image":"","background-repeat":"repeat","background-position":"center center","background-size":"auto","background-attachment":"scroll","background-type":"","background-media":"","overlay-type":"","overlay-color":"","overlay-opacity":"","overlay-gradient":""}}},"product_brand":[],"product_cat":[668,671,623,542,602,138,605,653,572,647,674,677,590,614],"product_tag":[188,304,306,309,303,301,302,300,305,298,299,308,939,307],"class_list":{"0":"post-8031","1":"product","2":"type-product","3":"status-publish","4":"has-post-thumbnail","6":"product_cat-caravelle-t5","7":"product_cat-caravelle-t6","8":"product_cat-expert","9":"product_cat-jumpy","10":"product_cat-nv300","11":"product_cat-packs-camper-car","12":"product_cat-primastar","13":"product_cat-proace","14":"product_cat-tourneo-custom","15":"product_cat-trafic","16":"product_cat-transporter-t5","17":"product_cat-transporter-t6","18":"product_cat-viano","19":"product_cat-vivaro","20":"product_tag-caravelle-fr","21":"product_tag-expert-iii-fr","22":"product_tag-fiat-talento-ii-fr","23":"product_tag-furgon-moyen","24":"product_tag-jumpyiii-fr","25":"product_tag-nissan-primastar-fr","26":"product_tag-nv300-combi-fr","27":"product_tag-opel-vivaro-combi-fr","28":"product_tag-proace-fr","29":"product_tag-renault-trafic-ii-fr","30":"product_tag-renault-trafic-iii-combi-fr","31":"product_tag-transporter-fr","32":"product_tag-viano-fr","33":"product_tag-vw-t5-fr","34":"desktop-align-center","35":"tablet-align-center","36":"mobile-align-center","37":"ast-product-gallery-layout-horizontal","38":"ast-product-tabs-layout-vertical","40":"first","41":"instock","42":"sale","43":"taxable","44":"shipping-taxable","45":"purchasable","46":"product-type-bundle"},"bundled_by":[],"bundle_stock_status":"instock","bundle_stock_quantity":"","bundle_virtual":false,"bundle_layout":"grid","bundle_add_to_cart_form_location":"default","bundle_editable_in_cart":false,"bundle_sold_individually_context":"product","bundle_item_grouping":"parent","bundle_min_size":"","bundle_max_size":"","bundle_price":{"price":{"min":{"incl_tax":"970","excl_tax":"801.652893"},"max":{"incl_tax":"970","excl_tax":"801.652893"}},"regular_price":{"min":{"incl_tax":"1010","excl_tax":"834.710744"},"max":{"incl_tax":"1010","excl_tax":"834.710744"}}},"bundled_items":[{"bundled_item_id":47,"product_id":5903,"menu_order":0,"quantity_min":1,"quantity_max":1,"quantity_default":1,"priced_individually":false,"shipped_individually":false,"override_title":false,"title":"Matelas pour fourgon am\u00e9nag\u00e9","override_description":false,"description":"Matelas pour fourgon am\u00e9nag\u00e9","optional":false,"hide_thumbnail":false,"discount":"","override_variations":false,"allowed_variations":[""],"override_default_variation_attributes":false,"default_variation_attributes":[],"single_product_visibility":"hidden","cart_visibility":"visible","order_visibility":"visible","single_product_price_visibility":"visible","cart_price_visibility":"visible","order_price_visibility":"visible","stock_status":"on_backorder"},{"bundled_item_id":48,"product_id":5499,"menu_order":1,"quantity_min":1,"quantity_max":1,"quantity_default":1,"priced_individually":false,"shipped_individually":false,"override_title":false,"title":"Structure de lit pour fourgon CamperVan","override_description":false,"description":"Structure de lit pour fourgon CamperVan","optional":false,"hide_thumbnail":false,"discount":"","override_variations":false,"allowed_variations":[""],"override_default_variation_attributes":false,"default_variation_attributes":[],"single_product_visibility":"hidden","cart_visibility":"visible","order_visibility":"visible","single_product_price_visibility":"visible","cart_price_visibility":"visible","order_price_visibility":"visible","stock_status":"in_stock"}],"bundle_sell_ids":[],"exclude_global_add_ons":false,"addons":[{"name":"Extras pour le matelas :","type":"checkbox","position":0,"required":false,"title_format":"label","default":"","description_enable":true,"description":"Des modifications du type de mousse, de l'\u00e9paisseur ou de la couleur de la couverture sont possibles sur demande. Toutes ces options suppl\u00e9mentaires impliquent une fabrication sp\u00e9ciale sur demande, de sorte que le d\u00e9lai de livraison peut augmenter de 8 \u00e0 15 jours, et le droit de r\u00e9tractation est perdu avec le matelas, \u00e9tant donn\u00e9 qu'il s'agit d'un produit sur mesure [loi 1\/2007 art. 103 c) ES].","placeholder_enable":false,"placeholder":null,"display":"select","restrictions_type":"any_text","adjust_price":false,"price":"","price_type":"flat_fee","restrictions":false,"min":"0","max":"0","options":[{"label":"Augmentation de l'\u00e9paisseur de 2 cm","price":"35","price_type":"flat_fee","image":0,"visibility":true},{"label":"Augmentation de la densit\u00e9 \u00e0 \"dur\" (HR35)","price":"40","price_type":"flat_fee","image":0,"visibility":true},{"label":"2cm de visco\u00e9lastique, avec la m\u00eame \u00e9paisseur totale","price":"35","price_type":"flat_fee","image":0,"visibility":true},{"label":"Changement de couleur de la couverture","price":"25","price_type":"flat_fee","image":0,"visibility":true}],"id":1715782287},{"name":"Suppl\u00e9ments pour le matelas :","type":"checkbox","position":0,"required":false,"title_format":"label","default":"","description_enable":true,"description":"Des modifications peuvent \u00eatre demand\u00e9es concernant le type de mousse, l'\u00e9paisseur ou la couleur de la couverture. Chacune de ces options suppl\u00e9mentaires implique une fabrication sp\u00e9ciale sur commande, de sorte que le d\u00e9lai de livraison peut augmenter entre 8 et 15 jours, et le droit de r\u00e9tractation est perdu avec le matelas, puisqu'il s'agit d'un produit sur mesure [Loi 1\/ 2007 Art 103 c )]","placeholder_enable":false,"placeholder":"","display":"select","restrictions_type":"any_text","adjust_price":false,"price":"","price_type":"flat_fee","restrictions":false,"min":"0","max":"0","options":[{"label":"Augmentation de l'\u00e9paisseur de 2 cm","price":"40","price_type":"flat_fee","image":0,"visibility":true},{"label":"Densit\u00e9 augment\u00e9e \u00e0 D30 \"dur\"","price":"35","price_type":"flat_fee","image":0,"visibility":true},{"label":"Mousse \u00e0 m\u00e9moire de 3 cm, avec la m\u00eame \u00e9paisseur totale","price":"40","price_type":"flat_fee","image":0,"visibility":true},{"label":"Changement de couleur de la couverture","price":"25","price_type":"flat_fee","image":0,"visibility":true}],"id":1686912989}],"aioseo_notices":[],"spectra_custom_meta":{"_wpml_word_count":["423"],"_alp_processed":["1775806400"],"_sku":["4502"],"_sale_price_dates_from":[""],"_sale_price_dates_to":[""],"total_sales":["61"],"_tax_status":["taxable"],"_tax_class":[""],"_manage_stock":["yes"],"_backorders":["notify"],"_sold_individually":["no"],"_weight":["36"],"_length":["155"],"_width":["75"],"_height":["12"],"_purchase_note":[""],"_virtual":["no"],"_downloadable":["no"],"_product_image_gallery":["4154,4150,6111,8302,11151,12580,13372"],"_download_limit":["-1"],"_download_expiry":["-1"],"_stock_status":["instock"],"_wc_average_rating":["5.00"],"_wc_review_count":["5"],"_downloadable_files":["a:0:{}"],"_product_version":["10.7.0"],"_wpml_media_duplicate":["1"],"_wpml_media_featured":["1"],"_av_alb_posts_elements_state":["a:0:{}"],"_av_el_mgr_version":["1.0"],"_av_alb_element_mgr_version":["1.0.1"],"_aviaLayoutBuilder_active":[""],"_avia_sc_parser_state":["check_only"],"_avia_builder_shortcode_tree":["a:0:{}"],"layout":[""],"sidebar":[""],"footer":[""],"header_title_bar":[""],"header_transparency":[""],"_product_hover":[""],"_avia_hide_featured_image":["0"],"_wpml_location_migration_done":["1"],"_related_ids":["a:2:{i:0;i:5903;i:1;i:5499;}"],"_low_stock_amount":["0"],"_aioseop_opengraph_settings":["a:0:{}"],"_vtwf_enable_tab":["no"],"_vtwf_tab_title":[""],"_vtwf_hide_title":["no"],"_vtwf_video_content":[""],"_aioseop_custom_link":[""],"_aioseop_sitemap_exclude":[""],"_aioseop_disable":[""],"_aioseop_disable_analytics":[""],"_aioseop_noindex":[""],"_aioseop_nofollow":[""],"_aioseo_og_article_section":[""],"_aioseo_og_article_tags":[""],"site-sidebar-layout":["default"],"site-content-layout":["default"],"theme-transparent-header-meta":["default"],"_stock":["1"],"_thumbnail_id":["14761"],"wcml_sync_hash":["a:1:{s:15:\"postmeta_fields\";s:32:\"70eab1517fa55f719c71025db3a33650\";}"],"attr_label_translations":["a:0:{}"],"_product_attributes":["a:0:{}"],"_default_attributes":["a:0:{}"],"_edit_lock":["1745995421:7"],"_edit_last":["58"],"_wp_old_slug":["pack-van-estructura-de-cama-colchon-plegable","pack-van-cadre-de-lit-et-matalas-pliant-2"],"woosb_disable_auto_price":["on"],"woosb_discount":["5"],"woosb_discount_amount":[""],"woosb_shipping_fee":["whole"],"woosb_optional_products":["off"],"woosb_manage_stock":["off"],"woosb_limit_each_min":[""],"woosb_limit_each_max":[""],"woosb_limit_each_min_default":["off"],"woosb_limit_whole_min":[""],"woosb_limit_whole_max":[""],"stick-header-meta":["default"],"_last_translation_edit_mode":["translation-editor"],"_product_meta_id":["0"],"_wpml_media_has_media":["1"],"_wc_pb_edit_in_cart":["no"],"_product_addons_exclude_global":["0"],"_wc_pb_bundled_items_stock_sync_status":["synced"],"_wcpb_min_qty_limit":[""],"_wcpb_max_qty_limit":[""],"_wc_pb_virtual_bundle":["no"],"_wc_pb_group_mode":["parent"],"_wc_pb_aggregate_weight":["no"],"_wc_pb_sold_individually_context":["product"],"_wc_pb_add_to_cart_form_location":["default"],"_wc_pb_layout_style":["grid"],"_wcml_average_rating":["5.00"],"_wcml_review_count":["5"],"_wcml_rating_count":["a:1:{i:5;i:5;}"],"_top_nav_excluded":[""],"_cms_nav_minihome":[""],"_wc_rating_count":[{"5":5}],"ast-site-content-layout":["default"],"site-content-style":["default"],"site-sidebar-style":["default"],"astra-migrate-meta-layouts":["set"],"_regular_price":["1010"],"_sale_price":["970"],"_price":["970"],"_wc_pb_base_regular_price":["1010"],"_wc_pb_base_sale_price":["970"],"_wc_pb_base_price":["970"],"_wc_sw_max_price":["970"],"_wc_sw_max_regular_price":["1010"],"_crosssell_ids":["a:1:{i:0;i:8968;}"],"_upsell_ids":["a:3:{i:0;i:9040;i:1;i:5903;i:2;i:5499;}"],"_aioseop_title":["Pack Lit Pliant pour Van | Matelas + Structure Universel | Camporan"],"_aioseop_description":["Pack lit pliant pour van standard : structure et matelas de taille universelle. Id\u00e9al pour am\u00e9nager les fourgons moyens. Design robuste et confortable pour les longs trajets."],"_aioseop_keywords":["renault trafic am\u00e9nag\u00e9, fourgon am\u00e9nag\u00e9 opel vivaro, fourgon am\u00e9nag\u00e9 opel vivaro, fourgon am\u00e9nag\u00e9 opel vivaro, fourgon am\u00e9nag\u00e9 opel vivaro, fourgon am\u00e9nag\u00e9 primastar, fourgon am\u00e9nag\u00e9 nissan primastar, fourgon am\u00e9nag\u00e9 expert"],"_aioseo_title":["Kit d'Am\u00e9nagement pour Van | Camporan"],"_aioseo_description":["Kit d'Am\u00e9nagement pour Van, structure de lit + matelas pliable (VW T5\/T6, Vito, Trafic, Tourneo Custom\u2026). Montage en 2 minutes. \u2b50 5\/5. Choisissez votre mod\u00e8le !"],"_aioseo_keywords":["renault trafic camper van,opel vivaro camper van,opel vivaro camper van,nissan primastar camper van,nissan primastar"],"_product_addons":["a:1:{i:0;a:20:{s:4:\"name\";s:24:\"Extras pour le matelas :\";s:12:\"title_format\";s:5:\"label\";s:18:\"description_enable\";i:1;s:11:\"description\";s:405:\"Des modifications du type de mousse, de l'\u00e9paisseur ou de la couleur de la couverture sont possibles sur demande. Toutes ces options suppl\u00e9mentaires impliquent une fabrication sp\u00e9ciale sur demande, de sorte que le d\u00e9lai de livraison peut augmenter de 8 \u00e0 15 jours, et le droit de r\u00e9tractation est perdu avec le matelas, \u00e9tant donn\u00e9 qu'il s'agit d'un produit sur mesure [loi 1\/2007 art. 103 c) ES].\";s:18:\"placeholder_enable\";i:0;s:11:\"placeholder\";N;s:4:\"type\";s:8:\"checkbox\";s:7:\"display\";s:6:\"select\";s:8:\"position\";i:0;s:8:\"required\";i:0;s:12:\"restrictions\";i:0;s:17:\"restrictions_type\";s:8:\"any_text\";s:12:\"adjust_price\";i:0;s:10:\"price_type\";s:8:\"flat_fee\";s:5:\"price\";s:0:\"\";s:2:\"id\";s:10:\"1715782287\";s:3:\"min\";i:0;s:3:\"max\";i:0;s:7:\"default\";s:0:\"\";s:7:\"options\";a:4:{i:0;a:5:{s:5:\"label\";s:36:\"Augmentation de l'\u00e9paisseur de 2 cm\";s:5:\"price\";s:2:\"35\";s:5:\"image\";s:0:\"\";s:10:\"price_type\";s:8:\"flat_fee\";s:10:\"visibility\";i:1;}i:1;a:5:{s:5:\"label\";s:43:\"Augmentation de la densit\u00e9 \u00e0 \"dur\" (HR35)\";s:5:\"price\";s:2:\"40\";s:5:\"image\";s:0:\"\";s:10:\"price_type\";s:8:\"flat_fee\";s:10:\"visibility\";i:1;}i:2;a:5:{s:5:\"label\";s:55:\"2cm de visco\u00e9lastique, avec la m\u00eame \u00e9paisseur totale\";s:5:\"price\";s:2:\"35\";s:5:\"image\";s:0:\"\";s:10:\"price_type\";s:8:\"flat_fee\";s:10:\"visibility\";i:1;}i:3;a:5:{s:5:\"label\";s:38:\"Changement de couleur de la couverture\";s:5:\"price\";s:2:\"25\";s:5:\"image\";s:0:\"\";s:10:\"price_type\";s:8:\"flat_fee\";s:10:\"visibility\";i:1;}}}}"],"_schema_json":["a:0:{}"],"_schema_json_timestamp":["1777654895"],"_wc_gla_isBundle":["yes"],"_uag_page_assets":["a:9:{s:3:\"css\";s:0:\"\";s:2:\"js\";s:0:\"\";s:18:\"current_block_list\";a:2:{i:0;s:12:\"core\/heading\";i:1;s:14:\"core\/paragraph\";}s:8:\"uag_flag\";b:0;s:11:\"uag_version\";s:10:\"1777568607\";s:6:\"gfonts\";a:0:{}s:10:\"gfonts_url\";s:0:\"\";s:12:\"gfonts_files\";a:0:{}s:14:\"uag_faq_layout\";b:0;}"]},"uagb_featured_image_src":{"full":["https:\/\/camporan.com\/wp-content\/uploads\/2018\/06\/Camporan-Pack-Furgoneta-Van-Estructura-de-Cama-Colchon-Plegable.jpg",1200,900,false],"thumbnail":["https:\/\/camporan.com\/wp-content\/uploads\/2018\/06\/Camporan-Pack-Furgoneta-Van-Estructura-de-Cama-Colchon-Plegable-300x300.jpg",300,300,true],"medium":["https:\/\/camporan.com\/wp-content\/uploads\/2018\/06\/Camporan-Pack-Furgoneta-Van-Estructura-de-Cama-Colchon-Plegable-300x225.jpg",300,225,true],"medium_large":["https:\/\/camporan.com\/wp-content\/uploads\/2018\/06\/Camporan-Pack-Furgoneta-Van-Estructura-de-Cama-Colchon-Plegable-768x576.jpg",768,576,true],"large":["https:\/\/camporan.com\/wp-content\/uploads\/2018\/06\/Camporan-Pack-Furgoneta-Van-Estructura-de-Cama-Colchon-Plegable-1030x773.jpg",1030,773,true],"1536x1536":["https:\/\/camporan.com\/wp-content\/uploads\/2018\/06\/Camporan-Pack-Furgoneta-Van-Estructura-de-Cama-Colchon-Plegable.jpg",1200,900,false],"2048x2048":["https:\/\/camporan.com\/wp-content\/uploads\/2018\/06\/Camporan-Pack-Furgoneta-Van-Estructura-de-Cama-Colchon-Plegable.jpg",1200,900,false],"woocommerce_thumbnail":["https:\/\/camporan.com\/wp-content\/uploads\/2018\/06\/Camporan-Pack-Furgoneta-Van-Estructura-de-Cama-Colchon-Plegable-600x450.jpg",600,450,true],"woocommerce_single":["https:\/\/camporan.com\/wp-content\/uploads\/2018\/06\/Camporan-Pack-Furgoneta-Van-Estructura-de-Cama-Colchon-Plegable-600x450.jpg",600,450,true],"woocommerce_gallery_thumbnail":["https:\/\/camporan.com\/wp-content\/uploads\/2018\/06\/Camporan-Pack-Furgoneta-Van-Estructura-de-Cama-Colchon-Plegable-100x100.jpg",100,100,true],"wcpr-photo-reviews":["https:\/\/camporan.com\/wp-content\/uploads\/2018\/06\/Camporan-Pack-Furgoneta-Van-Estructura-de-Cama-Colchon-Plegable.jpg",500,375,false]},"uagb_author_info":{"display_name":"David Lamolla","author_link":"https:\/\/camporan.com\/fr\/author\/david_lamolla\/"},"uagb_comment_info":5,"uagb_excerpt":"Kit d'am\u00e9nagement pour van: gr\u00e2ce \u00e0 cette structure de lit + matelas pliable, transformez votre fourgon en une chambre confortable, con\u00e7ue sur mesure pour les fourgons de taille moyenne et grande. Compatible avec les VW T5\/T6, Mercedes Vito\/Viano, Renault Trafic, Ford Tourneo Custom et plus de 10 autres mod\u00e8les. Fabriqu\u00e9 en contreplaqu\u00e9 de bouleau marin\u2026","_links":{"self":[{"href":"https:\/\/camporan.com\/fr\/wp-json\/wp\/v2\/product\/8031","targetHints":{"allow":["GET"]}}],"collection":[{"href":"https:\/\/camporan.com\/fr\/wp-json\/wp\/v2\/product"}],"about":[{"href":"https:\/\/camporan.com\/fr\/wp-json\/wp\/v2\/types\/product"}],"author":[{"embeddable":true,"href":"https:\/\/camporan.com\/fr\/wp-json\/wp\/v2\/users\/7"}],"replies":[{"embeddable":true,"href":"https:\/\/camporan.com\/fr\/wp-json\/wp\/v2\/comments?post=8031"}],"wp:featuredmedia":[{"embeddable":true,"href":"https:\/\/camporan.com\/fr\/wp-json\/wp\/v2\/media\/14761"}],"wp:attachment":[{"href":"https:\/\/camporan.com\/fr\/wp-json\/wp\/v2\/media?parent=8031"}],"wp:term":[{"taxonomy":"product_brand","embeddable":true,"href":"https:\/\/camporan.com\/fr\/wp-json\/wp\/v2\/product_brand?post=8031"},{"taxonomy":"product_cat","embeddable":true,"href":"https:\/\/camporan.com\/fr\/wp-json\/wp\/v2\/product_cat?post=8031"},{"taxonomy":"product_tag","embeddable":true,"href":"https:\/\/camporan.com\/fr\/wp-json\/wp\/v2\/product_tag?post=8031"}],"curies":[{"name":"wp","href":"https:\/\/api.w.org\/{rel}","templated":true}]}}