{"id":5500,"date":"2018-06-17T09:43:48","date_gmt":"2018-06-17T07:43:48","guid":{"rendered":"http:\/\/www.camporan.com\/producto\/sommier-camper-car-minivan\/"},"modified":"2026-04-10T15:47:27","modified_gmt":"2026-04-10T13:47:27","slug":"cadre-lit-mini-van","status":"publish","type":"product","link":"https:\/\/camporan.com\/fr\/boutique\/cadre-lit-mini-van\/","title":{"rendered":"Structure de lit pour mini-fourgon"},"content":{"rendered":"<h2>AVEC QUELS PETITS FOURGONS EST-IL COMPATIBLE ?<\/h2>\n<p>Citr\u00f6en Berlingo \/ Peugeot Partner \/ Rifter \/ Toyota Proace City \/ Renault Kangoo \/ Dacia Dokker \/ Mercedes Citan &#8211; Classe T \/ Fiat Dobl\u00f3 \/ Opel Combo \/ VW Caddy \/ Ford Tourneo Courier (2023+), Nissan TownStar, Ford Connect.<\/p>\n<h2>CARACT\u00c9RISTIQUES TECHNIQUES:<\/h2>\n<h3>Mat\u00e9riaux:<\/h3>\n<ul>\n<li>Le mat\u00e9riau de base est le contreplaqu\u00e9 de bouleau (panneau marin), enduit de r\u00e9sine brune, lisse d&rsquo;un c\u00f4t\u00e9 et antid\u00e9rapant de l&rsquo;autre. Son \u00e9paisseur est de 12 mm dans la zone du coffre, et de 12 mm + renforts \u00e0 l&rsquo;avant.<\/li>\n<li>Hauteur par d\u00e9faut: 35 cm (hauteurs sp\u00e9ciales sur demande).<\/li>\n<li>Bords arrondis et feutre adh\u00e9sif dans les zones de contact avec le corps.<\/li>\n<\/ul>\n<h3>Pr\u00e9paration:<\/h3>\n<ul>\n<li>A la r\u00e9ception du colis, 4 pi\u00e8ces doivent \u00eatre ajust\u00e9es pour adapter la structure du lit \u00e0 la largeur du v\u00e9hicule auquel il est destin\u00e9, en vissant 4 de ces pi\u00e8ces selon le manuel d&rsquo;installation. Ces vis n&rsquo;auront pas besoin d&rsquo;\u00eatre resserr\u00e9es.<\/li>\n<li>Si vous nous fournissez le mod\u00e8le, nous pouvons pr\u00e9parer nous-m\u00eames les pattes avant.<\/li>\n<\/ul>\n<h3>Montage et d\u00e9montage sans outils :<\/h3>\n<p>Le montage est tr\u00e8s simple et n&rsquo;affecte pas le ch\u00e2ssis du v\u00e9hicule.<\/p>\n<ul>\n<li>Poids : 28 kg (sommier).<\/li>\n<li>Dimensions: 136 x 183 cm.<\/li>\n<\/ul>\n<h2 id=\"extraminivan\">Soutien aux camionnettes XL<\/h2>\n<p>Vous pouvez \u00e9tendre votre commande en achetant un support de base de lit Mini Van si votre mod\u00e8le de van est Berlingo XL ou Rifter XL. Il n&rsquo;est pas n\u00e9cessaire de l&rsquo;acheter si vous installez le lit comme s&rsquo;il s&rsquo;agissait d&rsquo;un fourgon \u00e0 version courte : il sera mont\u00e9 de la m\u00eame mani\u00e8re, mais en laissant plus d&rsquo;espace libre dans la zone de la porte du coffre.<\/p>\n<p><img loading=\"lazy\" decoding=\"async\" class=\"alignnone wp-image-9659 size-large\" src=\"https:\/\/camporan.com\/wp-content\/uploads\/2018\/06\/MiniVAN-XL-support-1-1030x633.jpg\" alt=\"Soutien aux camionnettes XL\" width=\"1030\" height=\"633\" srcset=\"https:\/\/camporan.com\/wp-content\/uploads\/2018\/06\/MiniVAN-XL-support-1-1030x633.jpg 1030w, https:\/\/camporan.com\/wp-content\/uploads\/2018\/06\/MiniVAN-XL-support-1-600x369.jpg 600w, https:\/\/camporan.com\/wp-content\/uploads\/2018\/06\/MiniVAN-XL-support-1-300x184.jpg 300w, https:\/\/camporan.com\/wp-content\/uploads\/2018\/06\/MiniVAN-XL-support-1-768x472.jpg 768w, https:\/\/camporan.com\/wp-content\/uploads\/2018\/06\/MiniVAN-XL-support-1.jpg 1200w\" sizes=\"auto, (max-width: 1030px) 100vw, 1030px\" \/><\/p>\n","protected":false},"excerpt":{"rendered":"<p>La structure de lit pour mini-fourgon la mieux not\u00e9e du catalogue Camporan. Con\u00e7ue en 3 pi\u00e8ces avec des points d&rsquo;ancrage, c&rsquo;est la solution la plus adapt\u00e9e au segment des mini-fourgons. Compatible avec Citro\u00ebn Berlingo, Peugeot Partner\/Rifter, Renault Kangoo, Mercedes Citan, Fiat Dobl\u00f2, Opel Combo, VW Caddy, Ford Tourneo Courier II, Dokker, TownStar et Connect. Fabriqu\u00e9e en panneau ph\u00e9nolique : l\u00e9g\u00e8re, rigide et con\u00e7ue pour les espaces compacts. Matelas non inclus, \u00e0 associer avec le matelas Camporan pour mini-fourgonnette ou avec le v\u00f4tre.    <\/p>\n","protected":false},"author":7,"featured_media":4273,"comment_status":"open","ping_status":"closed","template":"","meta":{"om_disable_all_campaigns":false,"_uag_custom_page_level_css":"","site-sidebar-layout":"default","site-content-layout":"default","ast-site-content-layout":"default","site-content-style":"default","site-sidebar-style":"default","ast-global-header-display":"","ast-banner-title-visibility":"","ast-main-header-display":"","ast-hfb-above-header-display":"","ast-hfb-below-header-display":"","ast-hfb-mobile-header-display":"","site-post-title":"","ast-breadcrumbs-content":"","ast-featured-img":"","footer-sml-layout":"","ast-disable-related-posts":"","theme-transparent-header-meta":"default","adv-header-id-meta":"","stick-header-meta":"default","header-above-stick-meta":"","header-main-stick-meta":"","header-below-stick-meta":"","astra-migrate-meta-layouts":"set","ast-page-background-enabled":"default","ast-page-background-meta":{"desktop":{"background-color":"","background-image":"","background-repeat":"repeat","background-position":"center center","background-size":"auto","background-attachment":"scroll","background-type":"","background-media":"","overlay-type":"","overlay-color":"","overlay-opacity":"","overlay-gradient":""},"tablet":{"background-color":"","background-image":"","background-repeat":"repeat","background-position":"center center","background-size":"auto","background-attachment":"scroll","background-type":"","background-media":"","overlay-type":"","overlay-color":"","overlay-opacity":"","overlay-gradient":""},"mobile":{"background-color":"","background-image":"","background-repeat":"repeat","background-position":"center center","background-size":"auto","background-attachment":"scroll","background-type":"","background-media":"","overlay-type":"","overlay-color":"","overlay-opacity":"","overlay-gradient":""}},"ast-content-background-meta":{"desktop":{"background-color":"var(--ast-global-color-5)","background-image":"","background-repeat":"repeat","background-position":"center center","background-size":"auto","background-attachment":"scroll","background-type":"","background-media":"","overlay-type":"","overlay-color":"","overlay-opacity":"","overlay-gradient":""},"tablet":{"background-color":"var(--ast-global-color-5)","background-image":"","background-repeat":"repeat","background-position":"center center","background-size":"auto","background-attachment":"scroll","background-type":"","background-media":"","overlay-type":"","overlay-color":"","overlay-opacity":"","overlay-gradient":""},"mobile":{"background-color":"var(--ast-global-color-5)","background-image":"","background-repeat":"repeat","background-position":"center center","background-size":"auto","background-attachment":"scroll","background-type":"","background-media":"","overlay-type":"","overlay-color":"","overlay-opacity":"","overlay-gradient":""}}},"product_brand":[],"product_cat":[539,665,829,587,611,935,557,644,629,632,224,566,944],"product_tag":[182,295,294,296,382,465,994,293,297],"class_list":{"0":"post-5500","1":"product","2":"type-product","3":"status-publish","4":"has-post-thumbnail","6":"product_cat-berlingo","7":"product_cat-cady-iii-2003-2020","8":"product_cat-camper-fr","9":"product_cat-citan","10":"product_cat-combo","11":"product_cat-courier-ii-fr","12":"product_cat-doblo","13":"product_cat-kangoo-ii","14":"product_cat-partner-ii","15":"product_cat-rifter","16":"product_cat-sommiers","17":"product_cat-tourneo-connect","18":"product_cat-townstar-fr","19":"product_tag-citroen_berlingo-fr","20":"product_tag-fiat-doblo-fr","21":"product_tag-mercedes-citan-fr","22":"product_tag-opel-combo-fr","23":"product_tag-partner-fr","24":"product_tag-peugeot-rifter-fr","25":"product_tag-piccolo-furgone","26":"product_tag-renault-kangoo-fr","27":"product_tag-vw-caddy-fr","28":"desktop-align-center","29":"tablet-align-center","30":"mobile-align-center","31":"ast-product-gallery-layout-horizontal","32":"ast-product-tabs-layout-vertical","34":"first","35":"instock","36":"taxable","37":"shipping-taxable","38":"purchasable","39":"product-type-simple"},"bundled_by":["5939"],"bundle_stock_status":"instock","bundle_stock_quantity":37,"bundle_virtual":false,"bundle_layout":"","bundle_add_to_cart_form_location":"","bundle_editable_in_cart":false,"bundle_sold_individually_context":"","bundle_item_grouping":"","bundle_min_size":"","bundle_max_size":"","bundle_price":[],"bundled_items":[],"bundle_sell_ids":[],"exclude_global_add_ons":false,"addons":[{"name":"Extras","type":"checkbox","position":0,"required":false,"title_format":"label","default":"","description_enable":true,"description":"Prise en charge des fourgonnettes XLModification du sommier avec support pour des mod\u00e8les tels que Berlingo XL et Rifter XL <a href=\"#extraminivan\">Plus d'informations<\/a>","placeholder_enable":false,"placeholder":null,"display":"select","restrictions_type":"any_text","adjust_price":false,"price":"","price_type":"flat_fee","restrictions":false,"min":"0","max":"0","options":[{"label":"Prise en charge XL","price":"45","price_type":"flat_fee","image":0,"visibility":true},{"label":"Hauteur suppl\u00e9mentaire 2-5cm (veuillez consulter)","price":"40","price_type":"flat_fee","image":0,"visibility":true},{"label":"Hauteur suppl\u00e9mentaire 6-10cm (nous consulter)","price":"75","price_type":"flat_fee","image":0,"visibility":true}],"id":1711219291},{"name":"Suppl\u00e9ments pour le matelas :","type":"checkbox","position":0,"required":false,"title_format":"label","default":"","description_enable":true,"description":"Des modifications peuvent \u00eatre demand\u00e9es concernant le type de mousse, l'\u00e9paisseur ou la couleur de la couverture. Chacune de ces options suppl\u00e9mentaires implique une fabrication sp\u00e9ciale sur commande, de sorte que le d\u00e9lai de livraison peut augmenter entre 8 et 15 jours, et le droit de r\u00e9tractation est perdu avec le matelas, puisqu'il s'agit d'un produit sur mesure [Loi 1\/ 2007 Art 103 c )]","placeholder_enable":false,"placeholder":"","display":"select","restrictions_type":"any_text","adjust_price":false,"price":"","price_type":"flat_fee","restrictions":false,"min":"0","max":"0","options":[{"label":"Augmentation de l'\u00e9paisseur de 2 cm","price":"40","price_type":"flat_fee","image":0,"visibility":true},{"label":"Densit\u00e9 augment\u00e9e \u00e0 D30 \"dur\"","price":"35","price_type":"flat_fee","image":0,"visibility":true},{"label":"Mousse \u00e0 m\u00e9moire de 3 cm, avec la m\u00eame \u00e9paisseur totale","price":"40","price_type":"flat_fee","image":0,"visibility":true},{"label":"Changement de couleur de la couverture","price":"25","price_type":"flat_fee","image":0,"visibility":true}],"id":1686912989}],"aioseo_notices":[],"spectra_custom_meta":{"_wpml_word_count":["361"],"_download_limit":["-1"],"_download_expiry":["-1"],"_downloadable":["no"],"_manage_stock":["yes"],"_sku":["4001"],"_stock_status":["instock"],"_sold_individually":["no"],"_tax_class":[""],"_tax_status":["taxable"],"_virtual":["no"],"_width":["75"],"total_sales":["357"],"_sale_price":[""],"_sale_price_dates_from":[""],"_sale_price_dates_to":[""],"_wpml_media_duplicate":["1"],"_wpml_media_featured":["0"],"_aviaLayoutBuilder_active":[""],"_low_stock_amount":["0"],"_avia_hide_featured_image":["0"],"_av_el_mgr_version":["1.0"],"_avia_sc_parser_state":["check_only"],"_av_alb_posts_elements_state":["a:0:{}"],"_avia_builder_shortcode_tree":["a:0:{}"],"sidebar":[""],"footer":[""],"header_title_bar":[""],"header_transparency":[""],"layout":[""],"_alp_processed":["1775639250"],"_last_translation_edit_mode":["translation-editor"],"wcml_sync_hash":["a:1:{s:15:\"postmeta_fields\";s:32:\"2e35bfd328358f1ab2c2f19620bce69d\";}"],"_purchase_note":[""],"attr_label_translations":["a:0:{}"],"_product_attributes":["a:0:{}"],"_default_attributes":["a:0:{}"],"_children":["a:0:{}"],"_stock":["37"],"_product_image_gallery":["133,8353,1047,4277,11461,13362,11151"],"_wcml_average_rating":["5.00"],"_wcml_review_count":["15"],"_height":["12"],"_length":["125"],"_wp_old_slug":["sommier-camper-car-minivan"],"_wp_attachment_metadata":[""],"_top_nav_excluded":["",""],"_cms_nav_minihome":["",""],"_edit_lock":["1770104386:58"],"site-sidebar-layout":["default"],"site-content-layout":["default"],"theme-transparent-header-meta":["default"],"_edit_last":["58"],"_vtwf_enable_tab":["yes"],"_vtwf_tab_title":[""],"_vtwf_hide_title":["no"],"_vtwf_video_content":["https:\/\/www.youtube.com\/shorts\/zquTaC5XC0E"],"_wc_review_count":["15"],"_product_version":["10.6.2"],"_aioseo_og_article_section":[""],"_aioseo_og_article_tags":["a:0:{}"],"_wpml_media_has_media":["1"],"stick-header-meta":["default"],"_wc_average_rating":["5.00"],"_related_ids":["a:2:{i:0;i:5526;i:1;i:5939;}"],"_product_meta_id":["0"],"_wcml_rating_count":["a:1:{i:5;i:15;}"],"_product_addons_exclude_global":["0"],"_wc_rating_count":[{"5":15}],"ast-site-content-layout":["default"],"site-content-style":["default"],"site-sidebar-style":["default"],"_backorders":["no"],"_downloadable_files":[""],"_weight":["24"],"_regular_price":["645"],"_price":["645"],"_thumbnail_id":["4273"],"_aioseo_og_title":[""],"_aioseo_og_description":[""],"_aioseo_twitter_title":[""],"_aioseo_twitter_description":[""],"cmplz_hide_cookiebanner":[""],"om_disable_all_campaigns":[""],"astra-migrate-meta-layouts":["set"],"_oembed_750aef67a7fc3307245a8d0c55104445":["<iframe title=\"MiniVan Bed and Matress, folding and unfolding\" width=\"563\" height=\"1000\" src=\"https:\/\/www.youtube.com\/embed\/zquTaC5XC0E?feature=oembed\" frameborder=\"0\" allow=\"accelerometer; autoplay; clipboard-write; encrypted-media; gyroscope; picture-in-picture; web-share\" referrerpolicy=\"strict-origin-when-cross-origin\" allowfullscreen><\/iframe>"],"_oembed_time_750aef67a7fc3307245a8d0c55104445":["1770104418"],"_upsell_ids":["a:3:{i:0;i:5526;i:1;i:5939;i:2;i:5499;}"],"_aioseop_title":["Cadre de lit MiniVan"],"_aioseop_description":["Cadre de lit pour fourgon type Berlingo \/ Partner \/ Rifter \/ Kangoo \/ Citan \/ Fiat Dobl\u00f3 \/ Opel Combo \/ Caddy \/ Dacia Dokker \/ Proace City"],"_aioseop_keywords":["camping-car berlingo, cama partner, cama renault kangoo, cama rifter, cama vw caddy"],"_aioseo_title":["Structure de lit pour petite fourgonnette et mini-van | Camporan"],"_aioseo_description":["Structure de lit pour petite fourgonnette et mini-van : Berlingo, Kangoo, Caddy, Citan et plus encore. 15 avis 5\/5. Matelas non inclus. \u00c0 partir de 645 \u20ac. En stock !    "],"_aioseo_keywords":["camperizar berlingo,cama partner,cama renault kangoo,cama rifter,cama vw caddy"],"_product_addons":["a:1:{i:0;a:20:{s:4:\"name\";s:6:\"Extras\";s:12:\"title_format\";s:5:\"label\";s:18:\"description_enable\";i:1;s:11:\"description\";s:172:\"Prise en charge des fourgonnettes XLModification du sommier avec support pour des mod\u00e8les tels que Berlingo XL et Rifter XL <a href=\"#extraminivan\">Plus d'informations<\/a>\";s:18:\"placeholder_enable\";i:0;s:11:\"placeholder\";N;s:4:\"type\";s:8:\"checkbox\";s:7:\"display\";s:6:\"select\";s:8:\"position\";i:0;s:8:\"required\";i:0;s:12:\"restrictions\";i:0;s:17:\"restrictions_type\";s:8:\"any_text\";s:12:\"adjust_price\";i:0;s:10:\"price_type\";s:8:\"flat_fee\";s:5:\"price\";s:0:\"\";s:2:\"id\";s:10:\"1711219291\";s:3:\"min\";i:0;s:3:\"max\";i:0;s:7:\"default\";s:0:\"\";s:7:\"options\";a:3:{i:0;a:5:{s:5:\"label\";s:18:\"Prise en charge XL\";s:5:\"price\";s:2:\"45\";s:5:\"image\";s:0:\"\";s:10:\"price_type\";s:8:\"flat_fee\";s:10:\"visibility\";i:1;}i:1;a:5:{s:5:\"label\";s:50:\"Hauteur suppl\u00e9mentaire 2-5cm (veuillez consulter)\";s:5:\"price\";s:2:\"40\";s:5:\"image\";s:0:\"\";s:10:\"price_type\";s:8:\"flat_fee\";s:10:\"visibility\";i:1;}i:2;a:5:{s:5:\"label\";s:47:\"Hauteur suppl\u00e9mentaire 6-10cm (nous consulter)\";s:5:\"price\";s:2:\"75\";s:5:\"image\";s:0:\"\";s:10:\"price_type\";s:8:\"flat_fee\";s:10:\"visibility\";i:1;}}}}"],"_schema_json":["a:0:{}"],"_schema_json_timestamp":["1777556893"],"_uag_page_assets":["a:9:{s:3:\"css\";s:0:\"\";s:2:\"js\";s:0:\"\";s:18:\"current_block_list\";a:2:{i:0;s:12:\"core\/heading\";i:1;s:14:\"core\/paragraph\";}s:8:\"uag_flag\";b:0;s:11:\"uag_version\";i:1777533256;s:6:\"gfonts\";a:0:{}s:10:\"gfonts_url\";s:0:\"\";s:12:\"gfonts_files\";a:0:{}s:14:\"uag_faq_layout\";b:0;}"]},"uagb_featured_image_src":{"full":["https:\/\/camporan.com\/wp-content\/uploads\/2018\/06\/Mini-Van-Somier-Furgoneta-lateral.jpg",1000,667,false],"thumbnail":["https:\/\/camporan.com\/wp-content\/uploads\/2018\/06\/Mini-Van-Somier-Furgoneta-lateral-80x80.jpg",80,80,true],"medium":["https:\/\/camporan.com\/wp-content\/uploads\/2018\/06\/Mini-Van-Somier-Furgoneta-lateral-300x200.jpg",300,200,true],"medium_large":["https:\/\/camporan.com\/wp-content\/uploads\/2018\/06\/Mini-Van-Somier-Furgoneta-lateral-768x512.jpg",768,512,true],"large":["https:\/\/camporan.com\/wp-content\/uploads\/2018\/06\/Mini-Van-Somier-Furgoneta-lateral.jpg",1000,667,false],"1536x1536":["https:\/\/camporan.com\/wp-content\/uploads\/2018\/06\/Mini-Van-Somier-Furgoneta-lateral.jpg",1000,667,false],"2048x2048":["https:\/\/camporan.com\/wp-content\/uploads\/2018\/06\/Mini-Van-Somier-Furgoneta-lateral.jpg",1000,667,false],"woocommerce_thumbnail":["https:\/\/camporan.com\/wp-content\/uploads\/2018\/06\/Mini-Van-Somier-Furgoneta-lateral-600x400.jpg",600,400,true],"woocommerce_single":["https:\/\/camporan.com\/wp-content\/uploads\/2018\/06\/Mini-Van-Somier-Furgoneta-lateral-600x400.jpg",600,400,true],"woocommerce_gallery_thumbnail":["https:\/\/camporan.com\/wp-content\/uploads\/2018\/06\/Mini-Van-Somier-Furgoneta-lateral-100x100.jpg",100,100,true],"wcpr-photo-reviews":["https:\/\/camporan.com\/wp-content\/uploads\/2018\/06\/Mini-Van-Somier-Furgoneta-lateral.jpg",500,334,false]},"uagb_author_info":{"display_name":"David Lamolla","author_link":"https:\/\/camporan.com\/fr\/author\/david_lamolla\/"},"uagb_comment_info":15,"uagb_excerpt":"La structure de lit pour mini-fourgon la mieux not\u00e9e du catalogue Camporan. Con\u00e7ue en 3 pi\u00e8ces avec des points d'ancrage, c'est la solution la plus adapt\u00e9e au segment des mini-fourgons. Compatible avec Citro\u00ebn Berlingo, Peugeot Partner\/Rifter, Renault Kangoo, Mercedes Citan, Fiat Dobl\u00f2, Opel Combo, VW Caddy, Ford Tourneo Courier II, Dokker, TownStar et Connect. Fabriqu\u00e9e\u2026","_links":{"self":[{"href":"https:\/\/camporan.com\/fr\/wp-json\/wp\/v2\/product\/5500","targetHints":{"allow":["GET"]}}],"collection":[{"href":"https:\/\/camporan.com\/fr\/wp-json\/wp\/v2\/product"}],"about":[{"href":"https:\/\/camporan.com\/fr\/wp-json\/wp\/v2\/types\/product"}],"author":[{"embeddable":true,"href":"https:\/\/camporan.com\/fr\/wp-json\/wp\/v2\/users\/7"}],"replies":[{"embeddable":true,"href":"https:\/\/camporan.com\/fr\/wp-json\/wp\/v2\/comments?post=5500"}],"wp:featuredmedia":[{"embeddable":true,"href":"https:\/\/camporan.com\/fr\/wp-json\/wp\/v2\/media\/4273"}],"wp:attachment":[{"href":"https:\/\/camporan.com\/fr\/wp-json\/wp\/v2\/media?parent=5500"}],"wp:term":[{"taxonomy":"product_brand","embeddable":true,"href":"https:\/\/camporan.com\/fr\/wp-json\/wp\/v2\/product_brand?post=5500"},{"taxonomy":"product_cat","embeddable":true,"href":"https:\/\/camporan.com\/fr\/wp-json\/wp\/v2\/product_cat?post=5500"},{"taxonomy":"product_tag","embeddable":true,"href":"https:\/\/camporan.com\/fr\/wp-json\/wp\/v2\/product_tag?post=5500"}],"curies":[{"name":"wp","href":"https:\/\/api.w.org\/{rel}","templated":true}]}}