{"id":5481,"date":"2019-09-05T17:18:05","date_gmt":"2019-09-05T15:18:05","guid":{"rendered":"http:\/\/www.camporan.com\/producto\/sommier-sevel\/"},"modified":"2026-04-29T22:06:43","modified_gmt":"2026-04-29T20:06:43","slug":"structure-lit","status":"publish","type":"product","link":"https:\/\/camporan.com\/fr\/boutique\/structure-lit\/","title":{"rendered":"Structure de lit pour fourgons Sevel"},"content":{"rendered":"<h2>AVEC QUELS FOURGONS SEVEL EST-ELLE COMPATIBLE ?<\/h2>\n<p>Peugeot Traveller \/ Citro\u00ebn Space Tourer \/ Toyota Proace Verso \/ Opel Zafira Live. Avec de l\u00e9g\u00e8res modifications, \u00e9galement dans le VW T7 Multivan. <\/p>\n<p>Convient aux fourgonnettes normales, longues et courtes (ces derni\u00e8res, veuillez les noter).<\/p>\n<h2>CARACT\u00c9RISTIQUES PRINCIPALES:<\/h2>\n<p>Structure de lit polyvalente pour fourgons SEVEL, con\u00e7ue pour transformer votre fourgon en fourgon am\u00e9nag\u00e9.<\/p>\n<p>L\u00e9ger et facile \u00e0 transporter, \u00e0 stocker et \u00e0 monter ou d\u00e9monter, il permet d&rsquo;utiliser tout le coffre du v\u00e9hicule, car le lit est renforc\u00e9 pour profiter de tout l&rsquo;espace entre les passages de roues, sans supports interm\u00e9diaires.<\/p>\n<h2>CARACT\u00c9RISTIQUES TECHNIQUES:<\/h2>\n<h3>Mat\u00e9riaux:<\/h3>\n<ul>\n<li>Le mat\u00e9riau de base est un contreplaqu\u00e9 de bouleau de 12 mm, recouvert d&rsquo;un film brun, lisse sur le dessous et antid\u00e9rapant sur le dessus.<\/li>\n<li>Bords arrondis et scell\u00e9s dans la zone du coffre, et avec feutre adh\u00e9sif dans les zones en contact avec la carrosserie.<\/li>\n<\/ul>\n<h3>Pr\u00e9paration:<\/h3>\n<ul>\n<li>\nSi vous avez un mod\u00e8le \u00e0 7 places, la derni\u00e8re rang\u00e9e doit \u00eatre enlev\u00e9e.<\/li>\n<\/ul>\n<h3>Montage et d\u00e9montage sans outils :<\/h3>\n<ul>\n<li>Le montage du sommier est tr\u00e8s simple et n&rsquo;affecte pas le ch\u00e2ssis du v\u00e9hicule. En moins de 2 minutes, vous aurez un fourgon am\u00e9nag\u00e9 Traveller ou SpaceTourer pr\u00eat \u00e0 voyager.<\/li>\n<li>Il se d\u00e9monte en moins d&rsquo;une minute et se range \u00e0 plat, avec des bandes Velcro pour relier les pi\u00e8ces entre elles.<\/li>\n<li>Poids : 26 kg.<\/li>\n<li>Dimensions : 190 x 140 cm.<\/li>\n<\/ul>\n","protected":false},"excerpt":{"rendered":"<p>Le cadre de lit fourgon SEVEL, sans matelas inclus, pour que vous puissiez choisir celui qui vous convient le mieux. Compatible avec Citro\u00ebn Jumpy, Space Tourer, Peugeot Expert, Traveller, Toyota ProAce Verso, Opel Zafira Life, et VW T7 Multivan (sur demande). Fabriqu\u00e9 en contreplaqu\u00e9 de bouleau marin 9 plis : l\u00e9ger, rigide et durable. Mont\u00e9 et d\u00e9mont\u00e9 en quelques minutes, sans outils, avec un espace de rangement utile sous le lit. Vous voulez aussi le matelas ? Nous avons le pack complet disponible.     <\/p>\n","protected":false},"author":7,"featured_media":4934,"comment_status":"open","ping_status":"closed","template":"","meta":{"om_disable_all_campaigns":false,"_uag_custom_page_level_css":"","site-sidebar-layout":"default","site-content-layout":"default","ast-site-content-layout":"default","site-content-style":"default","site-sidebar-style":"default","ast-global-header-display":"","ast-banner-title-visibility":"","ast-main-header-display":"","ast-hfb-above-header-display":"","ast-hfb-below-header-display":"","ast-hfb-mobile-header-display":"","site-post-title":"","ast-breadcrumbs-content":"","ast-featured-img":"","footer-sml-layout":"","ast-disable-related-posts":"","theme-transparent-header-meta":"default","adv-header-id-meta":"","stick-header-meta":"default","header-above-stick-meta":"","header-main-stick-meta":"","header-below-stick-meta":"","astra-migrate-meta-layouts":"set","ast-page-background-enabled":"default","ast-page-background-meta":{"desktop":{"background-color":"","background-image":"","background-repeat":"repeat","background-position":"center center","background-size":"auto","background-attachment":"scroll","background-type":"","background-media":"","overlay-type":"","overlay-color":"","overlay-opacity":"","overlay-gradient":""},"tablet":{"background-color":"","background-image":"","background-repeat":"repeat","background-position":"center center","background-size":"auto","background-attachment":"scroll","background-type":"","background-media":"","overlay-type":"","overlay-color":"","overlay-opacity":"","overlay-gradient":""},"mobile":{"background-color":"","background-image":"","background-repeat":"repeat","background-position":"center center","background-size":"auto","background-attachment":"scroll","background-type":"","background-media":"","overlay-type":"","overlay-color":"","overlay-opacity":"","overlay-gradient":""}},"ast-content-background-meta":{"desktop":{"background-color":"var(--ast-global-color-5)","background-image":"","background-repeat":"repeat","background-position":"center center","background-size":"auto","background-attachment":"scroll","background-type":"","background-media":"","overlay-type":"","overlay-color":"","overlay-opacity":"","overlay-gradient":""},"tablet":{"background-color":"var(--ast-global-color-5)","background-image":"","background-repeat":"repeat","background-position":"center center","background-size":"auto","background-attachment":"scroll","background-type":"","background-media":"","overlay-type":"","overlay-color":"","overlay-opacity":"","overlay-gradient":""},"mobile":{"background-color":"var(--ast-global-color-5)","background-image":"","background-repeat":"repeat","background-position":"center center","background-size":"auto","background-attachment":"scroll","background-type":"","background-media":"","overlay-type":"","overlay-color":"","overlay-opacity":"","overlay-gradient":""}}},"product_brand":[],"product_cat":[659,224,545,635,617],"product_tag":[329,281,280,407],"class_list":{"0":"post-5481","1":"product","2":"type-product","3":"status-publish","4":"has-post-thumbnail","6":"product_cat-proace-verso","7":"product_cat-sommiers","8":"product_cat-space-tourer","9":"product_cat-traveller","10":"product_cat-zafira-live","11":"product_tag-citroen-space-tourer-fr","12":"product_tag-opel-zafira-live-fr","13":"product_tag-peugeot-traveller-fr","14":"product_tag-toyota-proace-fr","15":"desktop-align-center","16":"tablet-align-center","17":"mobile-align-center","18":"ast-product-gallery-layout-horizontal","19":"ast-product-tabs-layout-vertical","21":"first","22":"instock","23":"taxable","24":"shipping-taxable","25":"purchasable","26":"product-type-simple"},"bundled_by":["5437"],"bundle_stock_status":"instock","bundle_stock_quantity":17,"bundle_virtual":false,"bundle_layout":"","bundle_add_to_cart_form_location":"","bundle_editable_in_cart":false,"bundle_sold_individually_context":"","bundle_item_grouping":"","bundle_min_size":"","bundle_max_size":"","bundle_price":[],"bundled_items":[],"bundle_sell_ids":[],"exclude_global_add_ons":false,"addons":[{"name":"Extras pour la structure :","type":"checkbox","position":0,"required":false,"title_format":"label","default":"","description_enable":false,"description":null,"placeholder_enable":false,"placeholder":null,"display":"select","restrictions_type":"any_text","adjust_price":false,"price":"","price_type":"flat_fee","restrictions":false,"min":"0","max":"0","options":[{"label":"VANSTER Version D\u00e9coupage","price":"20","price_type":"flat_fee","image":0,"visibility":true},{"label":"Version XS","price":"15","price_type":"flat_fee","image":0,"visibility":true},{"label":"VW T7 Multivan (+6cm)","price":"50","price_type":"flat_fee","image":0,"visibility":true}],"id":1733402683},{"name":"Suppl\u00e9ments pour le matelas :","type":"checkbox","position":0,"required":false,"title_format":"label","default":"","description_enable":true,"description":"Des modifications peuvent \u00eatre demand\u00e9es concernant le type de mousse, l'\u00e9paisseur ou la couleur de la couverture. Chacune de ces options suppl\u00e9mentaires implique une fabrication sp\u00e9ciale sur commande, de sorte que le d\u00e9lai de livraison peut augmenter entre 8 et 15 jours, et le droit de r\u00e9tractation est perdu avec le matelas, puisqu'il s'agit d'un produit sur mesure [Loi 1\/ 2007 Art 103 c )]","placeholder_enable":false,"placeholder":"","display":"select","restrictions_type":"any_text","adjust_price":false,"price":"","price_type":"flat_fee","restrictions":false,"min":"0","max":"0","options":[{"label":"Augmentation de l'\u00e9paisseur de 2 cm","price":"40","price_type":"flat_fee","image":0,"visibility":true},{"label":"Densit\u00e9 augment\u00e9e \u00e0 D30 \"dur\"","price":"35","price_type":"flat_fee","image":0,"visibility":true},{"label":"Mousse \u00e0 m\u00e9moire de 3 cm, avec la m\u00eame \u00e9paisseur totale","price":"40","price_type":"flat_fee","image":0,"visibility":true},{"label":"Changement de couleur de la couverture","price":"25","price_type":"flat_fee","image":0,"visibility":true}],"id":1686912989}],"aioseo_notices":[],"spectra_custom_meta":{"_wpml_word_count":["333"],"_backorders":["notify"],"_download_limit":["-1"],"_download_expiry":["-1"],"_downloadable":["no"],"_manage_stock":["yes"],"_sku":["4115"],"_stock_status":["instock"],"_sold_individually":["no"],"_tax_class":[""],"_tax_status":["taxable"],"_virtual":["no"],"_length":["145"],"_wpml_media_duplicate":["1","1"],"_wpml_media_featured":["1","1"],"_aviaLayoutBuilder_active":[""],"_low_stock_amount":["1"],"_avia_hide_featured_image":["0"],"_av_el_mgr_version":["1.0"],"_avia_sc_parser_state":["check_only"],"_av_alb_posts_elements_state":["a:0:{}"],"_avia_builder_shortcode_tree":["a:0:{}"],"sidebar":[""],"footer":[""],"header_title_bar":[""],"header_transparency":[""],"layout":[""],"_thumbnail_id":["4934"],"_alp_processed":["1776879449"],"_last_translation_edit_mode":["translation-editor"],"wcml_sync_hash":["a:1:{s:15:\"postmeta_fields\";s:32:\"f6794f5249ecb6d14e07bffbf2e69e63\";}"],"attr_label_translations":["a:0:{}"],"_children":["a:0:{}"],"_stock":["17"],"_product_image_gallery":["4934,11492,4938,4942,4946,11487,11151,11440,13917"],"_edit_lock":["1743781020:7"],"_edit_last":["7"],"_aioseop_opengraph_settings":["a:0:{}"],"_related_ids":["a:2:{i:0;i:5504;i:1;i:5437;}"],"_vtwf_enable_tab":["no"],"_vtwf_tab_title":[""],"_vtwf_hide_title":["no"],"_vtwf_video_content":[""],"_wc_average_rating":["4.75"],"_wc_review_count":["16"],"_product_version":["10.7.0"],"_aviaLayoutBuilderCleanData":[""],"_product_hover":[""],"_wp_attachment_metadata":[""],"site-sidebar-layout":["default"],"site-content-layout":["default"],"theme-transparent-header-meta":["default"],"_aioseo_og_article_section":[""],"_aioseo_og_article_tags":["a:0:{}"],"_wpml_media_has_media":["1"],"stick-header-meta":["default"],"_wcml_average_rating":["4.75"],"_wcml_review_count":["16"],"_wcml_rating_count":["a:2:{i:5;i:15;i:1;i:1;}"],"ast-site-content-layout":["default"],"site-content-style":["default"],"site-sidebar-style":["default"],"_product_addons_exclude_global":["0"],"_top_nav_excluded":[""],"_cms_nav_minihome":[""],"_weight":["25"],"_width":["88"],"_height":["10"],"_wc_rating_count":[{"5":15,"1":1}],"total_sales":["215"],"astra-migrate-meta-layouts":["set"],"_crosssell_ids":["a:0:{}"],"_downloadable_files":[""],"_regular_price":["750"],"_price":["750"],"_upsell_ids":["a:3:{i:0;i:5504;i:1;i:5437;i:2;i:5499;}"],"_aioseop_title":["lit pliant SEVEL - Traveller \/ Space Tourer"],"_aioseop_description":["Lit pour les fourgons Peugeot Traveller, SpaceTourer, Proace Verso et Opel Zafira Live. (Sevel). Lit pliant pour fourgon, amovible et tr\u00e8s l\u00e9ger.  "],"_aioseop_keywords":["Lit pour les fourgons Traveller, Space Tourer et Proace Verso."],"_aioseo_title":["Structure de lit pour fourgons Sevel | Camporan"],"_aioseo_description":["Structure de lit pour fourgon SEVEL (Jumpy, Expert, Traveller, Proace Verso). Matelas non inclus, pour que vous puissiez choisir le v\u00f4tre. \u2b50 16 avis. \u00c0 partir de 750 \u20ac.   "],"_aioseo_keywords":["Lit pour les fourgons am\u00e9nag\u00e9es Traveller, Space Tourer et Proace."],"_product_addons":["a:1:{i:0;a:20:{s:4:\"name\";s:26:\"Extras pour la structure :\";s:12:\"title_format\";s:5:\"label\";s:18:\"description_enable\";i:0;s:11:\"description\";N;s:18:\"placeholder_enable\";i:0;s:11:\"placeholder\";N;s:4:\"type\";s:8:\"checkbox\";s:7:\"display\";s:6:\"select\";s:8:\"position\";i:0;s:8:\"required\";i:0;s:12:\"restrictions\";i:0;s:17:\"restrictions_type\";s:8:\"any_text\";s:12:\"adjust_price\";i:0;s:10:\"price_type\";s:8:\"flat_fee\";s:5:\"price\";s:0:\"\";s:2:\"id\";s:10:\"1733402683\";s:3:\"min\";i:0;s:3:\"max\";i:0;s:7:\"default\";s:0:\"\";s:7:\"options\";a:3:{i:0;a:5:{s:5:\"label\";s:26:\"VANSTER Version D\u00e9coupage\";s:5:\"price\";s:2:\"20\";s:5:\"image\";s:0:\"\";s:10:\"price_type\";s:8:\"flat_fee\";s:10:\"visibility\";i:1;}i:1;a:5:{s:5:\"label\";s:10:\"Version XS\";s:5:\"price\";s:2:\"15\";s:5:\"image\";s:0:\"\";s:10:\"price_type\";s:8:\"flat_fee\";s:10:\"visibility\";i:1;}i:2;a:5:{s:5:\"label\";s:21:\"VW T7 Multivan (+6cm)\";s:5:\"price\";s:2:\"50\";s:5:\"image\";s:0:\"\";s:10:\"price_type\";s:8:\"flat_fee\";s:10:\"visibility\";i:1;}}}}"],"_schema_json":["a:0:{}"],"_schema_json_timestamp":["1777534058"],"_uag_page_assets":["a:9:{s:3:\"css\";s:0:\"\";s:2:\"js\";s:0:\"\";s:18:\"current_block_list\";a:2:{i:0;s:12:\"core\/heading\";i:1;s:14:\"core\/paragraph\";}s:8:\"uag_flag\";b:0;s:11:\"uag_version\";s:10:\"1777493203\";s:6:\"gfonts\";a:0:{}s:10:\"gfonts_url\";s:0:\"\";s:12:\"gfonts_files\";a:0:{}s:14:\"uag_faq_layout\";b:0;}"]},"uagb_featured_image_src":{"full":["https:\/\/camporan.com\/wp-content\/uploads\/2019\/09\/SpaceTourer_03.jpg",1200,900,false],"thumbnail":["https:\/\/camporan.com\/wp-content\/uploads\/2019\/09\/SpaceTourer_03-80x80.jpg",80,80,true],"medium":["https:\/\/camporan.com\/wp-content\/uploads\/2019\/09\/SpaceTourer_03-300x225.jpg",300,225,true],"medium_large":["https:\/\/camporan.com\/wp-content\/uploads\/2019\/09\/SpaceTourer_03-768x576.jpg",768,576,true],"large":["https:\/\/camporan.com\/wp-content\/uploads\/2019\/09\/SpaceTourer_03-1030x773.jpg",1030,773,true],"1536x1536":["https:\/\/camporan.com\/wp-content\/uploads\/2019\/09\/SpaceTourer_03.jpg",1200,900,false],"2048x2048":["https:\/\/camporan.com\/wp-content\/uploads\/2019\/09\/SpaceTourer_03.jpg",1200,900,false],"woocommerce_thumbnail":["https:\/\/camporan.com\/wp-content\/uploads\/2019\/09\/SpaceTourer_03-600x450.jpg",600,450,true],"woocommerce_single":["https:\/\/camporan.com\/wp-content\/uploads\/2019\/09\/SpaceTourer_03-600x450.jpg",600,450,true],"woocommerce_gallery_thumbnail":["https:\/\/camporan.com\/wp-content\/uploads\/2019\/09\/SpaceTourer_03-100x100.jpg",100,100,true],"wcpr-photo-reviews":["https:\/\/camporan.com\/wp-content\/uploads\/2019\/09\/SpaceTourer_03.jpg",500,375,false]},"uagb_author_info":{"display_name":"David Lamolla","author_link":"https:\/\/camporan.com\/fr\/author\/david_lamolla\/"},"uagb_comment_info":16,"uagb_excerpt":"Le cadre de lit fourgon SEVEL, sans matelas inclus, pour que vous puissiez choisir celui qui vous convient le mieux. Compatible avec Citro\u00ebn Jumpy, Space Tourer, Peugeot Expert, Traveller, Toyota ProAce Verso, Opel Zafira Life, et VW T7 Multivan (sur demande). Fabriqu\u00e9 en contreplaqu\u00e9 de bouleau marin 9 plis : l\u00e9ger, rigide et durable. Mont\u00e9\u2026","_links":{"self":[{"href":"https:\/\/camporan.com\/fr\/wp-json\/wp\/v2\/product\/5481","targetHints":{"allow":["GET"]}}],"collection":[{"href":"https:\/\/camporan.com\/fr\/wp-json\/wp\/v2\/product"}],"about":[{"href":"https:\/\/camporan.com\/fr\/wp-json\/wp\/v2\/types\/product"}],"author":[{"embeddable":true,"href":"https:\/\/camporan.com\/fr\/wp-json\/wp\/v2\/users\/7"}],"replies":[{"embeddable":true,"href":"https:\/\/camporan.com\/fr\/wp-json\/wp\/v2\/comments?post=5481"}],"wp:featuredmedia":[{"embeddable":true,"href":"https:\/\/camporan.com\/fr\/wp-json\/wp\/v2\/media\/4934"}],"wp:attachment":[{"href":"https:\/\/camporan.com\/fr\/wp-json\/wp\/v2\/media?parent=5481"}],"wp:term":[{"taxonomy":"product_brand","embeddable":true,"href":"https:\/\/camporan.com\/fr\/wp-json\/wp\/v2\/product_brand?post=5481"},{"taxonomy":"product_cat","embeddable":true,"href":"https:\/\/camporan.com\/fr\/wp-json\/wp\/v2\/product_cat?post=5481"},{"taxonomy":"product_tag","embeddable":true,"href":"https:\/\/camporan.com\/fr\/wp-json\/wp\/v2\/product_tag?post=5481"}],"curies":[{"name":"wp","href":"https:\/\/api.w.org\/{rel}","templated":true}]}}