{"id":5437,"date":"2019-09-05T17:16:04","date_gmt":"2019-09-05T15:16:04","guid":{"rendered":"http:\/\/www.camporan.com\/producto\/pack-camping-car-traveller-space-tourer\/"},"modified":"2026-04-29T22:06:43","modified_gmt":"2026-04-29T20:06:43","slug":"pack-fourgon-amenage-traveller-space-tourer","status":"publish","type":"product","link":"https:\/\/camporan.com\/fr\/boutique\/pack-fourgon-amenage-traveller-space-tourer\/","title":{"rendered":"Kit d&rsquo;Am\u00e9nagement SEVEL : structure de lit et matelas pliable"},"content":{"rendered":"<h2>AVEC QUELS MOD\u00c8LES DE FOURGONNETTES CE KIT D&rsquo;AM\u00c9NAGEMENT EST-IL COMPATIBLE ?<\/h2>\n<p>Peugeot Traveller, Citro\u00ebn Space Tourer, Toyota Proace Verso et Opel Zafira Live. Et avec une l\u00e9g\u00e8re adaptation, \u00e9galement pour le VW T7 Multivan.<\/p>\n<h2>CARACT\u00c9RISTIQUES PRINCIPALES:<\/h2>\n<p>Le Kit d&rsquo;am\u00e9nagement SEVEL a \u00e9t\u00e9 sp\u00e9cialement con\u00e7u pour la s\u00e9rie Sevel Nord, il s&rsquo;adapte donc parfaitement \u00e0 son gabarit.<\/p>\n<p>Fonctionne pour les trois longueurs de corps.<\/p>\n<p>L\u00e9ger et facile \u00e0 transporter, \u00e0 stocker, \u00e0 monter ou \u00e0 d\u00e9monter. Vous pouvez profiter de l&rsquo;ensemble du coffre, car le lit est renforc\u00e9 pour laisser de l&rsquo;espace libre dans tout le coffre.<\/p>\n<h2>CARACT\u00c9RISTIQUES TECHNIQUES:<\/h2>\n<h3>Mat\u00e9riaux:<\/h3>\n<ul>\n<li>Le mat\u00e9riau de base est un contreplaqu\u00e9 de bouleau de 12\/15 mm (contreplaqu\u00e9 marin), recouvert de r\u00e9sine brune, lisse d&rsquo;un c\u00f4t\u00e9 et antid\u00e9rapant de l&rsquo;autre.<\/li>\n<li>Bords arrondis avec feutre adh\u00e9sif dans les zones en contact avec la carrosserie<\/li>\n<\/ul>\n<h3>Pr\u00e9paration:<\/h3>\n<ul>\n<li>Le premier jour de l&rsquo;assemblage, deux pi\u00e8ces de r\u00e9glage lat\u00e9rales doivent \u00eatre fix\u00e9es \u00e0 l&rsquo;aide de vis (fournies). Dans le cas d&rsquo;un fourgon 8\/9 places, la derni\u00e8re rang\u00e9e doit \u00eatre supprim\u00e9e.<\/li>\n<\/ul>\n<h3>Montage simple, sans outils:<\/h3>\n<ul>\n<li>Le montage est tr\u00e8s simple et n&rsquo;affecte pas le ch\u00e2ssis du v\u00e9hicule.<\/li>\n<li>La structure du sommier se compose de trois parties, dont l&rsquo;une glisse vers l&rsquo;avant au-dessus des si\u00e8ges de la deuxi\u00e8me rang\u00e9e en position inclin\u00e9e vers l&rsquo;avant. 4 pieds sont fournis, si vous pr\u00e9f\u00e9rez que le sommier ne touche pas les si\u00e8ges, ou si vous voulez enlever les si\u00e8ges pour avoir plus d&rsquo;espace de chargement.<\/li>\n<li>Poids de l&rsquo;ensemble : 38 kg.<\/li>\n<li>Dimensions du paquet complet : 190 x 138 cm.<\/li>\n<\/ul>\n<h2>MATELAS:<\/h2>\n<p>Matelas 190x 138 x 138 x 8 cm. Mousse haute densit\u00e9 25Kg \/ m3. Couverture zipp\u00e9e en toile bleu fonc\u00e9. Matelas en 3 parties, reli\u00e9es entre elles et se pliant comme un accord\u00e9on.<\/p>\n","protected":false},"excerpt":{"rendered":"<p>Kit d&rsquo;am\u00e9nagement SEVEL, structure de lit + matelas pliable, compatible avec quatre des fourgons les plus vendus en Europe : Citro\u00ebn Jumpy\/Space Tourer, Peugeot Expert\/Traveller, Toyota Proace\/Proace Verso et Opel Vivaro\/Zafira Life. Fabriqu\u00e9 en contreplaqu\u00e9 de bouleau marin \u00e0 9 couches : l\u00e9ger, rigide et durable. Montage et d\u00e9montage sans outils, avec un espace de rangement exploitable sous le lit. Le pack le plus polyvalent du catalogue.   <\/p>\n","protected":false},"author":7,"featured_media":14773,"comment_status":"open","ping_status":"closed","template":"","meta":{"om_disable_all_campaigns":false,"_uag_custom_page_level_css":"","site-sidebar-layout":"default","site-content-layout":"default","ast-site-content-layout":"default","site-content-style":"default","site-sidebar-style":"default","ast-global-header-display":"","ast-banner-title-visibility":"","ast-main-header-display":"","ast-hfb-above-header-display":"","ast-hfb-below-header-display":"","ast-hfb-mobile-header-display":"","site-post-title":"","ast-breadcrumbs-content":"","ast-featured-img":"","footer-sml-layout":"","ast-disable-related-posts":"","theme-transparent-header-meta":"default","adv-header-id-meta":"","stick-header-meta":"default","header-above-stick-meta":"","header-main-stick-meta":"","header-below-stick-meta":"","astra-migrate-meta-layouts":"set","ast-page-background-enabled":"default","ast-page-background-meta":{"desktop":{"background-color":"","background-image":"","background-repeat":"repeat","background-position":"center center","background-size":"auto","background-attachment":"scroll","background-type":"","background-media":"","overlay-type":"","overlay-color":"","overlay-opacity":"","overlay-gradient":""},"tablet":{"background-color":"","background-image":"","background-repeat":"repeat","background-position":"center center","background-size":"auto","background-attachment":"scroll","background-type":"","background-media":"","overlay-type":"","overlay-color":"","overlay-opacity":"","overlay-gradient":""},"mobile":{"background-color":"","background-image":"","background-repeat":"repeat","background-position":"center center","background-size":"auto","background-attachment":"scroll","background-type":"","background-media":"","overlay-type":"","overlay-color":"","overlay-opacity":"","overlay-gradient":""}},"ast-content-background-meta":{"desktop":{"background-color":"var(--ast-global-color-5)","background-image":"","background-repeat":"repeat","background-position":"center center","background-size":"auto","background-attachment":"scroll","background-type":"","background-media":"","overlay-type":"","overlay-color":"","overlay-opacity":"","overlay-gradient":""},"tablet":{"background-color":"var(--ast-global-color-5)","background-image":"","background-repeat":"repeat","background-position":"center center","background-size":"auto","background-attachment":"scroll","background-type":"","background-media":"","overlay-type":"","overlay-color":"","overlay-opacity":"","overlay-gradient":""},"mobile":{"background-color":"var(--ast-global-color-5)","background-image":"","background-repeat":"repeat","background-position":"center center","background-size":"auto","background-attachment":"scroll","background-type":"","background-media":"","overlay-type":"","overlay-color":"","overlay-opacity":"","overlay-gradient":""}}},"product_brand":[],"product_cat":[829,138,659,545,635,617],"product_tag":[327,390,425],"class_list":{"0":"post-5437","1":"product","2":"type-product","3":"status-publish","4":"has-post-thumbnail","6":"product_cat-camper-fr","7":"product_cat-packs-camper-car","8":"product_cat-proace-verso","9":"product_cat-space-tourer","10":"product_cat-traveller","11":"product_cat-zafira-live","12":"product_tag-citroen-space-tourer-camper-fr","13":"product_tag-peugeot-traveller-camper-fr","14":"product_tag-toyota-proace-verso-camper-fr","15":"desktop-align-center","16":"tablet-align-center","17":"mobile-align-center","18":"ast-product-gallery-layout-horizontal","19":"ast-product-tabs-layout-vertical","21":"first","22":"instock","23":"sale","24":"taxable","25":"shipping-taxable","26":"purchasable","27":"product-type-bundle"},"bundled_by":[],"bundle_stock_status":"instock","bundle_stock_quantity":"","bundle_virtual":false,"bundle_layout":"grid","bundle_add_to_cart_form_location":"default","bundle_editable_in_cart":false,"bundle_sold_individually_context":"product","bundle_item_grouping":"parent","bundle_min_size":"","bundle_max_size":"","bundle_price":{"price":{"min":{"incl_tax":"922","excl_tax":"761.983471"},"max":{"incl_tax":"922","excl_tax":"761.983471"}},"regular_price":{"min":{"incl_tax":"960","excl_tax":"793.38843"},"max":{"incl_tax":"960","excl_tax":"793.38843"}}},"bundled_items":[{"bundled_item_id":17,"product_id":5481,"menu_order":0,"quantity_min":1,"quantity_max":1,"quantity_default":1,"priced_individually":false,"shipped_individually":false,"override_title":false,"title":"Structure de lit pour fourgons Sevel","override_description":false,"description":"Structure de lit pour fourgons Sevel","optional":false,"hide_thumbnail":false,"discount":"","override_variations":false,"allowed_variations":[""],"override_default_variation_attributes":false,"default_variation_attributes":[],"single_product_visibility":"hidden","cart_visibility":"visible","order_visibility":"visible","single_product_price_visibility":"visible","cart_price_visibility":"visible","order_price_visibility":"visible","stock_status":"in_stock"},{"bundled_item_id":18,"product_id":5504,"menu_order":1,"quantity_min":1,"quantity_max":1,"quantity_default":1,"priced_individually":false,"shipped_individually":false,"override_title":false,"title":"Matelas pour fourgons SEVEL Traveller, Space Tourer et Proace Verso","override_description":false,"description":"Matelas pour fourgons SEVEL Traveller, Space Tourer et Proace Verso","optional":false,"hide_thumbnail":false,"discount":"","override_variations":false,"allowed_variations":[""],"override_default_variation_attributes":false,"default_variation_attributes":[],"single_product_visibility":"hidden","cart_visibility":"visible","order_visibility":"visible","single_product_price_visibility":"visible","cart_price_visibility":"visible","order_price_visibility":"visible","stock_status":"in_stock"}],"bundle_sell_ids":[],"exclude_global_add_ons":false,"addons":[{"name":"Extras pour le matelas :","type":"checkbox","position":0,"required":false,"title_format":"label","default":"","description_enable":true,"description":"Des modifications du type de mousse, de l'\u00e9paisseur ou de la couleur de la couverture sont possibles sur demande. Toutes ces options suppl\u00e9mentaires impliquent une fabrication sp\u00e9ciale sur demande, de sorte que le d\u00e9lai de livraison peut augmenter de 8 \u00e0 15 jours, et le droit de r\u00e9tractation est perdu avec le matelas, \u00e9tant donn\u00e9 qu'il s'agit d'un produit sur mesure [loi 1\/2007 art. 103 c) ES].","placeholder_enable":false,"placeholder":null,"display":"select","restrictions_type":"any_text","adjust_price":false,"price":"","price_type":"flat_fee","restrictions":false,"min":"0","max":"0","options":[{"label":"Augmentation de l'\u00e9paisseur de 2 cm","price":"35","price_type":"flat_fee","image":0,"visibility":true},{"label":"Augmentation de la densit\u00e9 \u00e0 \"dur\" (HR35)","price":"35","price_type":"flat_fee","image":0,"visibility":true},{"label":"2cm de visco\u00e9lastique, avec la m\u00eame \u00e9paisseur totale","price":"35","price_type":"flat_fee","image":0,"visibility":true},{"label":"Changement de couleur de la couverture","price":"20","price_type":"flat_fee","image":0,"visibility":true}],"id":1713949578},{"name":"Extras pour la structure :","type":"checkbox","position":1,"required":false,"title_format":"label","default":"","description_enable":true,"description":null,"placeholder_enable":false,"placeholder":null,"display":"select","restrictions_type":"any_text","adjust_price":false,"price":"","price_type":"flat_fee","restrictions":false,"min":"0","max":"0","options":[{"label":"Version VANSTER du cadre et du matelas","price":"35","price_type":"flat_fee","image":0,"visibility":true},{"label":"Version XS","price":"15","price_type":"flat_fee","image":0,"visibility":true},{"label":"Version Business \/ Executive \/ VIP (Hauteur +2cm)","price":"30","price_type":"flat_fee","image":0,"visibility":true},{"label":"VW T7 Multivan (H +6cm)","price":"50","price_type":"flat_fee","image":0,"visibility":true}],"id":1733402636},{"name":"Suppl\u00e9ments pour le matelas :","type":"checkbox","position":0,"required":false,"title_format":"label","default":"","description_enable":true,"description":"Des modifications peuvent \u00eatre demand\u00e9es concernant le type de mousse, l'\u00e9paisseur ou la couleur de la couverture. Chacune de ces options suppl\u00e9mentaires implique une fabrication sp\u00e9ciale sur commande, de sorte que le d\u00e9lai de livraison peut augmenter entre 8 et 15 jours, et le droit de r\u00e9tractation est perdu avec le matelas, puisqu'il s'agit d'un produit sur mesure [Loi 1\/ 2007 Art 103 c )]","placeholder_enable":false,"placeholder":"","display":"select","restrictions_type":"any_text","adjust_price":false,"price":"","price_type":"flat_fee","restrictions":false,"min":"0","max":"0","options":[{"label":"Augmentation de l'\u00e9paisseur de 2 cm","price":"40","price_type":"flat_fee","image":0,"visibility":true},{"label":"Densit\u00e9 augment\u00e9e \u00e0 D30 \"dur\"","price":"35","price_type":"flat_fee","image":0,"visibility":true},{"label":"Mousse \u00e0 m\u00e9moire de 3 cm, avec la m\u00eame \u00e9paisseur totale","price":"40","price_type":"flat_fee","image":0,"visibility":true},{"label":"Changement de couleur de la couverture","price":"25","price_type":"flat_fee","image":0,"visibility":true}],"id":1686912989}],"aioseo_notices":[],"spectra_custom_meta":{"_wpml_word_count":["389"],"_backorders":["notify"],"_download_limit":["-1"],"_download_expiry":["-1"],"_downloadable":["no"],"_manage_stock":["yes"],"_sku":["4515"],"_stock_status":["instock"],"_sold_individually":["no"],"_tax_class":[""],"_tax_status":["taxable"],"_virtual":["no"],"_weight":["33"],"total_sales":["153"],"_wpml_media_duplicate":["1","1"],"_wpml_media_featured":["1","1"],"_aviaLayoutBuilder_active":[""],"_low_stock_amount":["0"],"_avia_hide_featured_image":["0"],"_av_alb_element_mgr_version":["1.0.1"],"_av_el_mgr_version":["1.0"],"_avia_sc_parser_state":["check_only"],"_av_alb_posts_elements_state":["a:0:{}"],"_avia_builder_shortcode_tree":["a:0:{}"],"sidebar":[""],"footer":[""],"header_title_bar":[""],"header_transparency":[""],"layout":[""],"_thumbnail_id":["14773"],"_alp_processed":["1776876361"],"_last_translation_edit_mode":["translation-editor"],"wcml_sync_hash":["a:1:{s:15:\"postmeta_fields\";s:32:\"7603e650d0e704290ed37016444923f4\";}"],"attr_label_translations":["a:0:{}"],"_children":["a:0:{}"],"_stock":["1"],"_product_image_gallery":["4951,4968,4963,11487,5296,12169,11151,13917"],"_edit_lock":["1772797160:7"],"_edit_last":["7"],"_aioseop_opengraph_settings":["a:0:{}"],"_related_ids":["a:2:{i:0;i:5504;i:1;i:5481;}"],"_vtwf_enable_tab":["yes"],"_vtwf_tab_title":["Video"],"_vtwf_hide_title":["no"],"_vtwf_video_content":["<iframe width=\"560\" height=\"315\" src=\"https:\/\/www.youtube.com\/embed\/Qzto_DOi7C4\" frameborder=\"0\" allow=\"accelerometer; autoplay; clipboard-write; encrypted-media; gyroscope; picture-in-picture; web-share\" allowfullscreen><\/iframe>"],"_wc_average_rating":["5.00"],"_wc_review_count":["35"],"_product_version":["10.7.0"],"_aviaLayoutBuilderCleanData":[""],"_product_hover":[""],"_wp_attachment_metadata":[""],"_aioseop_custom_link":[""],"_aioseop_sitemap_exclude":[""],"_aioseop_disable":[""],"_aioseop_disable_analytics":[""],"_aioseop_noindex":[""],"_aioseop_nofollow":[""],"_wp_old_slug":["pack-camping-car-traveller-space-tourer"],"site-sidebar-layout":["default"],"site-content-layout":["default"],"theme-transparent-header-meta":["default"],"woosb_disable_auto_price":["on"],"woosb_discount":["5"],"woosb_discount_amount":[""],"woosb_shipping_fee":["whole"],"woosb_optional_products":["off"],"woosb_manage_stock":["off"],"woosb_limit_each_min":[""],"woosb_limit_each_max":[""],"woosb_limit_each_min_default":["off"],"woosb_limit_whole_min":[""],"woosb_limit_whole_max":[""],"_aioseo_og_article_section":[""],"_aioseo_og_article_tags":["a:0:{}"],"stick-header-meta":["default"],"_wcml_average_rating":["5.00"],"_wcml_review_count":["35"],"_wc_rating_count":[{"5":35}],"_wcml_rating_count":["a:1:{i:5;i:35;}"],"_product_meta_id":["0"],"_wc_pb_edit_in_cart":["no"],"_wc_pb_bundled_items_stock_sync_status":["synced"],"_wcpb_min_qty_limit":[""],"_wcpb_max_qty_limit":[""],"_wc_pb_virtual_bundle":["no"],"_wc_pb_group_mode":["parent"],"_wc_pb_aggregate_weight":["no"],"_wc_pb_sold_individually_context":["product"],"_wc_pb_add_to_cart_form_location":["default"],"_product_addons_exclude_global":["0"],"_wc_pb_layout_style":["grid"],"_top_nav_excluded":[""],"_cms_nav_minihome":[""],"ast-site-content-layout":["default"],"site-content-style":["default"],"site-sidebar-style":["default"],"_width":["145"],"_height":["10"],"_length":["88"],"_video_url":["https:\/\/youtu.be\/Qzto_DOi7C4"],"_video_image_url":["4417"],"astra-migrate-meta-layouts":["set"],"_regular_price":["960"],"_sale_price":["922"],"_price":["922"],"_wc_pb_base_regular_price":["960"],"_wc_pb_base_sale_price":["922"],"_wc_pb_base_price":["922"],"_wc_sw_max_price":["922"],"_wc_sw_max_regular_price":["960"],"_downloadable_files":[""],"_wc_gla_isBundle":["yes"],"_crosssell_ids":["a:1:{i:0;i:8968;}"],"_upsell_ids":["a:3:{i:0;i:9040;i:1;i:5504;i:2;i:5481;}"],"_aioseop_title":["Traveller, Space Tourer, table de chevet Proace Verso"],"_aioseop_description":["Ensemble camping-car et matelas, pour les fourgons Peugeot Traveller, Citro\u00ebn Space Tourer et Toyota Proace Verso."],"_aioseop_keywords":["Camping-car Peugeot Traveller, camping-car Space Tourer, camping-car Proace Verso"],"_aioseo_title":["Kit d'Am\u00e9nagement SEVEL | Camporan"],"_aioseo_description":["Kit d'am\u00e9nagement SEVEL Pack Lit + matelas pliable pour Jumpy, Traveller, Proace Verso et Zafira Life. Montage sans outils. \u2b50 35 avis 5\/5. En stock !   "],"_aioseo_keywords":["Peugeot Traveller camper,Space Tourer camper,Proace Verso camper,Proace Verso camper"],"_product_addons":["a:2:{i:0;a:20:{s:4:\"name\";s:24:\"Extras pour le matelas :\";s:12:\"title_format\";s:5:\"label\";s:18:\"description_enable\";i:1;s:11:\"description\";s:405:\"Des modifications du type de mousse, de l'\u00e9paisseur ou de la couleur de la couverture sont possibles sur demande. Toutes ces options suppl\u00e9mentaires impliquent une fabrication sp\u00e9ciale sur demande, de sorte que le d\u00e9lai de livraison peut augmenter de 8 \u00e0 15 jours, et le droit de r\u00e9tractation est perdu avec le matelas, \u00e9tant donn\u00e9 qu'il s'agit d'un produit sur mesure [loi 1\/2007 art. 103 c) ES].\";s:18:\"placeholder_enable\";i:0;s:11:\"placeholder\";N;s:4:\"type\";s:8:\"checkbox\";s:7:\"display\";s:6:\"select\";s:8:\"position\";i:0;s:8:\"required\";i:0;s:12:\"restrictions\";i:0;s:17:\"restrictions_type\";s:8:\"any_text\";s:12:\"adjust_price\";i:0;s:10:\"price_type\";s:8:\"flat_fee\";s:5:\"price\";s:0:\"\";s:2:\"id\";s:10:\"1713949578\";s:3:\"min\";i:0;s:3:\"max\";i:0;s:7:\"default\";s:0:\"\";s:7:\"options\";a:4:{i:0;a:5:{s:5:\"label\";s:36:\"Augmentation de l'\u00e9paisseur de 2 cm\";s:5:\"price\";s:2:\"35\";s:5:\"image\";s:0:\"\";s:10:\"price_type\";s:8:\"flat_fee\";s:10:\"visibility\";i:1;}i:1;a:5:{s:5:\"label\";s:43:\"Augmentation de la densit\u00e9 \u00e0 \"dur\" (HR35)\";s:5:\"price\";s:2:\"35\";s:5:\"image\";s:0:\"\";s:10:\"price_type\";s:8:\"flat_fee\";s:10:\"visibility\";i:1;}i:2;a:5:{s:5:\"label\";s:55:\"2cm de visco\u00e9lastique, avec la m\u00eame \u00e9paisseur totale\";s:5:\"price\";s:2:\"35\";s:5:\"image\";s:0:\"\";s:10:\"price_type\";s:8:\"flat_fee\";s:10:\"visibility\";i:1;}i:3;a:5:{s:5:\"label\";s:38:\"Changement de couleur de la couverture\";s:5:\"price\";s:2:\"20\";s:5:\"image\";s:0:\"\";s:10:\"price_type\";s:8:\"flat_fee\";s:10:\"visibility\";i:1;}}}i:1;a:20:{s:4:\"name\";s:26:\"Extras pour la structure :\";s:12:\"title_format\";s:5:\"label\";s:18:\"description_enable\";i:1;s:11:\"description\";N;s:18:\"placeholder_enable\";i:0;s:11:\"placeholder\";N;s:4:\"type\";s:8:\"checkbox\";s:7:\"display\";s:6:\"select\";s:8:\"position\";i:1;s:8:\"required\";i:0;s:12:\"restrictions\";i:0;s:17:\"restrictions_type\";s:8:\"any_text\";s:12:\"adjust_price\";i:0;s:10:\"price_type\";s:8:\"flat_fee\";s:5:\"price\";s:0:\"\";s:2:\"id\";s:10:\"1733402636\";s:3:\"min\";i:0;s:3:\"max\";i:0;s:7:\"default\";s:0:\"\";s:7:\"options\";a:4:{i:0;a:5:{s:5:\"label\";s:38:\"Version VANSTER du cadre et du matelas\";s:5:\"price\";s:2:\"35\";s:5:\"image\";s:0:\"\";s:10:\"price_type\";s:8:\"flat_fee\";s:10:\"visibility\";i:1;}i:1;a:5:{s:5:\"label\";s:10:\"Version XS\";s:5:\"price\";s:2:\"15\";s:5:\"image\";s:0:\"\";s:10:\"price_type\";s:8:\"flat_fee\";s:10:\"visibility\";i:1;}i:2;a:5:{s:5:\"label\";s:49:\"Version Business \/ Executive \/ VIP (Hauteur +2cm)\";s:5:\"price\";s:2:\"30\";s:5:\"image\";s:0:\"\";s:10:\"price_type\";s:8:\"flat_fee\";s:10:\"visibility\";i:1;}i:3;a:5:{s:5:\"label\";s:23:\"VW T7 Multivan (H +6cm)\";s:5:\"price\";s:2:\"50\";s:5:\"image\";s:0:\"\";s:10:\"price_type\";s:8:\"flat_fee\";s:10:\"visibility\";i:1;}}}}"],"_schema_json":["a:0:{}"],"_schema_json_timestamp":["1777551879"],"_uag_page_assets":["a:9:{s:3:\"css\";s:0:\"\";s:2:\"js\";s:0:\"\";s:18:\"current_block_list\";a:2:{i:0;s:12:\"core\/heading\";i:1;s:14:\"core\/paragraph\";}s:8:\"uag_flag\";b:0;s:11:\"uag_version\";i:1777533256;s:6:\"gfonts\";a:0:{}s:10:\"gfonts_url\";s:0:\"\";s:12:\"gfonts_files\";a:0:{}s:14:\"uag_faq_layout\";b:0;}"]},"uagb_featured_image_src":{"full":["https:\/\/camporan.com\/wp-content\/uploads\/2019\/09\/camporan-proace-2026.jpg",1200,900,false],"thumbnail":["https:\/\/camporan.com\/wp-content\/uploads\/2019\/09\/camporan-proace-2026-300x300.jpg",300,300,true],"medium":["https:\/\/camporan.com\/wp-content\/uploads\/2019\/09\/camporan-proace-2026-300x225.jpg",300,225,true],"medium_large":["https:\/\/camporan.com\/wp-content\/uploads\/2019\/09\/camporan-proace-2026-768x576.jpg",768,576,true],"large":["https:\/\/camporan.com\/wp-content\/uploads\/2019\/09\/camporan-proace-2026-1030x773.jpg",1030,773,true],"1536x1536":["https:\/\/camporan.com\/wp-content\/uploads\/2019\/09\/camporan-proace-2026.jpg",1200,900,false],"2048x2048":["https:\/\/camporan.com\/wp-content\/uploads\/2019\/09\/camporan-proace-2026.jpg",1200,900,false],"woocommerce_thumbnail":["https:\/\/camporan.com\/wp-content\/uploads\/2019\/09\/camporan-proace-2026-600x450.jpg",600,450,true],"woocommerce_single":["https:\/\/camporan.com\/wp-content\/uploads\/2019\/09\/camporan-proace-2026-600x450.jpg",600,450,true],"woocommerce_gallery_thumbnail":["https:\/\/camporan.com\/wp-content\/uploads\/2019\/09\/camporan-proace-2026-100x100.jpg",100,100,true],"wcpr-photo-reviews":["https:\/\/camporan.com\/wp-content\/uploads\/2019\/09\/camporan-proace-2026.jpg",500,375,false]},"uagb_author_info":{"display_name":"David Lamolla","author_link":"https:\/\/camporan.com\/fr\/author\/david_lamolla\/"},"uagb_comment_info":35,"uagb_excerpt":"Kit d'am\u00e9nagement SEVEL, structure de lit + matelas pliable, compatible avec quatre des fourgons les plus vendus en Europe : Citro\u00ebn Jumpy\/Space Tourer, Peugeot Expert\/Traveller, Toyota Proace\/Proace Verso et Opel Vivaro\/Zafira Life. Fabriqu\u00e9 en contreplaqu\u00e9 de bouleau marin \u00e0 9 couches : l\u00e9ger, rigide et durable. Montage et d\u00e9montage sans outils, avec un espace de\u2026","_links":{"self":[{"href":"https:\/\/camporan.com\/fr\/wp-json\/wp\/v2\/product\/5437","targetHints":{"allow":["GET"]}}],"collection":[{"href":"https:\/\/camporan.com\/fr\/wp-json\/wp\/v2\/product"}],"about":[{"href":"https:\/\/camporan.com\/fr\/wp-json\/wp\/v2\/types\/product"}],"author":[{"embeddable":true,"href":"https:\/\/camporan.com\/fr\/wp-json\/wp\/v2\/users\/7"}],"replies":[{"embeddable":true,"href":"https:\/\/camporan.com\/fr\/wp-json\/wp\/v2\/comments?post=5437"}],"wp:featuredmedia":[{"embeddable":true,"href":"https:\/\/camporan.com\/fr\/wp-json\/wp\/v2\/media\/14773"}],"wp:attachment":[{"href":"https:\/\/camporan.com\/fr\/wp-json\/wp\/v2\/media?parent=5437"}],"wp:term":[{"taxonomy":"product_brand","embeddable":true,"href":"https:\/\/camporan.com\/fr\/wp-json\/wp\/v2\/product_brand?post=5437"},{"taxonomy":"product_cat","embeddable":true,"href":"https:\/\/camporan.com\/fr\/wp-json\/wp\/v2\/product_cat?post=5437"},{"taxonomy":"product_tag","embeddable":true,"href":"https:\/\/camporan.com\/fr\/wp-json\/wp\/v2\/product_tag?post=5437"}],"curies":[{"name":"wp","href":"https:\/\/api.w.org\/{rel}","templated":true}]}}