{"id":4920,"date":"2019-09-05T17:18:05","date_gmt":"2019-09-05T15:18:05","guid":{"rendered":"http:\/\/www.camporan.com\/?post_type=product&#038;p=4920"},"modified":"2026-04-08T07:24:23","modified_gmt":"2026-04-08T05:24:23","slug":"estructura-de-llit-sevel","status":"publish","type":"product","link":"https:\/\/camporan.com\/ca\/botiga\/estructura-de-llit-sevel\/","title":{"rendered":"Estructura de Llit per a Furgonetes Sevel"},"content":{"rendered":"<h2>PER A QUINES FURGONETES SEVEL \u00c9S COMPATIBLE?<\/h2>\n<p>Peugeot Traveller \/ Citro\u00ebn \/ Citro\u00ebn Space Tourer \/ Toyota Proace Vers \/ Opel Zafira Live.<\/p>\n<p>S&#8217;adapta per a longitud de furgoneta normal, llarga i curta (aquesta \u00faltima cal informar).<\/p>\n<h2>CARACTER\u00cdSTIQUES PRINCIPALS:<\/h2>\n<p>Estructura de Llit per a furgonetes SEVEL polivalent dissenyada per a convertir la teva furgoneta en una camper.<\/p>\n<p>Lleugera i f\u00e0cil de transportar, emmagatzemar, i muntar o desmuntar.<br \/>\n Es pot aprofitar tot el maleter del vehicle, ja que el llit va refor\u00e7at per poder aprofitar tot lespai entre el pas de rodes, sense suports intermedis.<\/p>\n<h2>CARACTER\u00cdSTIQUES T\u00c8CNIQUES:<\/h2>\n<h3>Materials:<\/h3>\n<ul>\n<li>El material base \u00e9s tauler de fusta de bedoll de 12mm (tauler mar\u00ed), revestit amb film marr\u00f3, llisa a la cara inferi i antilliscant superior.<\/li>\n<li>Cantonades arrodonides i segellades en zona de maleter, i amb feltre adhesiu en zones de contacte amb la carrosseria.<\/li>\n<\/ul>\n<h3>Preparaci\u00f3:<\/h3>\n<ul>\n<li>Les peces ja tenen la mida de la furgoneta.<br \/>\n Si es t\u00e9 model de 7 places, cal retirar la darrera fila.<\/li>\n<\/ul>\n<h3>Muntatge i desmuntatge sense eines:<\/h3>\n<ul>\n<li>El muntatge del somier per a la furgoneta \u00e9s molt senzill i no afecta el xass\u00eds del vehicle. En menys de 2 minuts, tindr\u00e0s una Traveller o SpaceTourer camper, llesta per comen\u00e7ar a viatjar.<\/li>\n<li>Desmuntatge en menys d&#8217;un minut i es guarda en format pla, amb cintes de velcro per unir les peces.<\/li>\n<li>Pes: 26 kg.<\/li>\n<li>Dimensions: 190 x 140 cm.<\/li>\n<\/ul>\n","protected":false},"excerpt":{"rendered":"<p>L&#8217;estructura de llit per a furgoneta SEVEL, sense matal\u00e0s incl\u00f2s, perqu\u00e8 tri\u00efs el que millor s&#8217;adapta a tu. Compatible amb Citro\u00ebn Jumpy, Space Tourer, Peugeot Expert, Traveller, Toyota ProAce Vers i Opel Zafira Life. Fabricada en contraxapat de bedoll mar\u00ed de 9 capes: lleugera, r\u00edgida i duradora. Muntatge i desmuntatge en minuts, sense eines, amb espai d&#8217;emmagatzematge aprofitable sota el llit. Vols tamb\u00e9 el matal\u00e0s? Tenim el pack complet disponible.     <\/p>\n","protected":false},"author":7,"featured_media":4932,"comment_status":"open","ping_status":"closed","template":"","meta":{"om_disable_all_campaigns":false,"_uag_custom_page_level_css":"","site-sidebar-layout":"default","site-content-layout":"default","ast-site-content-layout":"default","site-content-style":"default","site-sidebar-style":"default","ast-global-header-display":"","ast-banner-title-visibility":"","ast-main-header-display":"","ast-hfb-above-header-display":"","ast-hfb-below-header-display":"","ast-hfb-mobile-header-display":"","site-post-title":"","ast-breadcrumbs-content":"","ast-featured-img":"","footer-sml-layout":"","ast-disable-related-posts":"","theme-transparent-header-meta":"default","adv-header-id-meta":"","stick-header-meta":"default","header-above-stick-meta":"","header-main-stick-meta":"","header-below-stick-meta":"","astra-migrate-meta-layouts":"default","ast-page-background-enabled":"default","ast-page-background-meta":{"desktop":{"background-color":"","background-image":"","background-repeat":"repeat","background-position":"center center","background-size":"auto","background-attachment":"scroll","background-type":"","background-media":"","overlay-type":"","overlay-color":"","overlay-opacity":"","overlay-gradient":""},"tablet":{"background-color":"","background-image":"","background-repeat":"repeat","background-position":"center center","background-size":"auto","background-attachment":"scroll","background-type":"","background-media":"","overlay-type":"","overlay-color":"","overlay-opacity":"","overlay-gradient":""},"mobile":{"background-color":"","background-image":"","background-repeat":"repeat","background-position":"center center","background-size":"auto","background-attachment":"scroll","background-type":"","background-media":"","overlay-type":"","overlay-color":"","overlay-opacity":"","overlay-gradient":""}},"ast-content-background-meta":{"desktop":{"background-color":"var(--ast-global-color-5)","background-image":"","background-repeat":"repeat","background-position":"center center","background-size":"auto","background-attachment":"scroll","background-type":"","background-media":"","overlay-type":"","overlay-color":"","overlay-opacity":"","overlay-gradient":""},"tablet":{"background-color":"var(--ast-global-color-5)","background-image":"","background-repeat":"repeat","background-position":"center center","background-size":"auto","background-attachment":"scroll","background-type":"","background-media":"","overlay-type":"","overlay-color":"","overlay-opacity":"","overlay-gradient":""},"mobile":{"background-color":"var(--ast-global-color-5)","background-image":"","background-repeat":"repeat","background-position":"center center","background-size":"auto","background-attachment":"scroll","background-type":"","background-media":"","overlay-type":"","overlay-color":"","overlay-opacity":"","overlay-gradient":""}}},"product_brand":[],"product_cat":[118,657,543,633,615],"product_tag":[330,431,435,406],"class_list":{"0":"post-4920","1":"product","2":"type-product","3":"status-publish","4":"has-post-thumbnail","6":"product_cat-estructures","7":"product_cat-proace-verso","8":"product_cat-space-tourer","9":"product_cat-traveller","10":"product_cat-zafira-live","11":"product_tag-citroen-space-tourer-ca","12":"product_tag-opel-zafira-live-fr-ca","13":"product_tag-peugeot-traveller-fr-ca","14":"product_tag-toyota-proace-ca","15":"desktop-align-center","16":"tablet-align-center","17":"mobile-align-center","18":"ast-product-gallery-layout-horizontal","19":"ast-product-tabs-layout-vertical","21":"first","22":"instock","23":"taxable","24":"shipping-taxable","25":"purchasable","26":"product-type-simple"},"bundled_by":["4916"],"bundle_stock_status":"instock","bundle_stock_quantity":17,"bundle_virtual":false,"bundle_layout":"","bundle_add_to_cart_form_location":"","bundle_editable_in_cart":false,"bundle_sold_individually_context":"","bundle_item_grouping":"","bundle_min_size":"","bundle_max_size":"","bundle_price":[],"bundled_items":[],"bundle_sell_ids":[],"exclude_global_add_ons":false,"addons":[{"name":"Extres per a l'estructura:","type":"checkbox","position":0,"required":false,"title_format":"label","default":"","description_enable":false,"description":null,"placeholder_enable":false,"placeholder":null,"display":"select","restrictions_type":"any_text","adjust_price":false,"price":"","price_type":"flat_fee","restrictions":false,"min":"0","max":"0","options":[{"label":"Retall Versi\u00f3 VANSTER","price":"20","price_type":"flat_fee","image":0,"visibility":true},{"label":"Versi\u00f3 XS","price":"15","price_type":"flat_fee","image":0,"visibility":true}],"id":1733402683},{"name":"Extres per al matal\u00e0s:","type":"checkbox","position":0,"required":false,"title_format":"label","default":"","description_enable":true,"description":"Es poden demanar canvis respecte del tipus d'escuma, gruix o color de la funda. Qualsevol d'aquestes opcions addicionals impliquen fabricaci\u00f3 especial sota comanda, per la qual cosa el termini de lliurament pot augmentar entre 8 i 15 dies, i es perd amb el matal\u00e0s el dret de desistiment, en tractar-se d'un producte fabricat a mida [Llei 1\/ 2007Art 103 c)]","placeholder_enable":false,"placeholder":"","display":"select","restrictions_type":"any_text","adjust_price":false,"price":"","price_type":"flat_fee","restrictions":false,"min":"0","max":"0","options":[{"label":"Increment de l'espessor en 2cm","price":"40","price_type":"flat_fee","image":0,"visibility":true},{"label":"Augment de la densitat a D30 \"dur\"","price":"35","price_type":"flat_fee","image":0,"visibility":true},{"label":"3 cm de viscoel\u00e0stica, amb el mateix gruix total","price":"40","price_type":"flat_fee","image":0,"visibility":true},{"label":"Canvi de color de la funda","price":"25","price_type":"flat_fee","image":0,"visibility":true}],"id":1686912989}],"aioseo_notices":[],"spectra_custom_meta":{"_wpml_word_count":["315","315"],"_aioseop_opengraph_settings":["a:0:{}"],"_wpml_media_featured":["1"],"_wpml_media_duplicate":["1","1"],"_alp_processed":["1775625863","1775625863"],"_tax_status":["taxable"],"_tax_class":[""],"_manage_stock":["yes"],"_backorders":["notify"],"_sold_individually":["no"],"_length":["145"],"_virtual":["no"],"_downloadable":["no"],"_product_image_gallery":["4932,11490,4936,4940,4944,11485,11149,11438,13915"],"_download_limit":["-1"],"_download_expiry":["-1"],"_thumbnail_id":["4932"],"_stock":["17"],"_stock_status":["instock"],"_wc_average_rating":["4.75"],"_wc_review_count":["16"],"_product_version":["10.5.0"],"_wpml_location_migration_done":["1"],"_aviaLayoutBuilder_active":[""],"_avia_sc_parser_state":["check_only"],"_avia_builder_shortcode_tree":["a:0:{}"],"_av_el_mgr_version":["1.0"],"_av_alb_posts_elements_state":["a:0:{}"],"layout":[""],"sidebar":[""],"footer":[""],"header_title_bar":[""],"header_transparency":[""],"_product_hover":[""],"_avia_hide_featured_image":["0"],"_related_ids":["a:2:{i:0;i:4923;i:1;i:4916;}"],"wcml_sync_hash":["a:1:{s:15:\"postmeta_fields\";s:32:\"f6794f5249ecb6d14e07bffbf2e69e63\";}"],"attr_label_translations":["a:0:{}"],"_children":["a:0:{}"],"_wp_attachment_metadata":[""],"_low_stock_amount":["1"],"_sku":["4115"],"_edit_lock":["1632819944:9"],"_edit_last":["9"],"_last_translation_edit_mode":["translation-editor"],"_vtwf_enable_tab":["no"],"_vtwf_tab_title":[""],"_vtwf_hide_title":["no"],"_vtwf_video_content":[""],"_aviaLayoutBuilderCleanData":[""],"_wp_old_slug":["estructura-de-llit-per-nissan-nv200-copia"],"site-sidebar-layout":["default"],"site-content-layout":["default"],"theme-transparent-header-meta":["default"],"_aioseo_og_article_section":[""],"_aioseo_og_article_tags":[""],"_wpml_media_has_media":["1"],"stick-header-meta":["default"],"_wcml_average_rating":["4.75"],"_wcml_review_count":["16"],"_wcml_rating_count":["a:2:{i:5;i:15;i:1;i:1;}"],"_product_addons_exclude_global":["0"],"_weight":["25"],"_width":["88"],"_height":["10"],"ast-site-content-layout":["default"],"site-content-style":["default"],"site-sidebar-style":["default"],"total_sales":["215"],"_top_nav_excluded":[""],"_cms_nav_minihome":[""],"_crosssell_ids":["a:0:{}"],"_downloadable_files":[""],"_regular_price":["750"],"_price":["750"],"_upsell_ids":["a:3:{i:0;i:4923;i:1;i:4916;i:2;i:5237;}"],"_aioseop_title":["Somier SEVEL - Traveller \/ Space Tourer"],"_aioseop_description":["Llit per a furgoneta Peugeot Traveller, SpaceTourer, i Proace Verso i Opel Zafira Live. (Sevel). Llit plegable per a furgoneta, desmuntable i molt lleugera. "],"_aioseop_keywords":["Llit per a furgoneta Traveller, Space Tourer i Proace."],"_aioseo_title":["Estructura de Llit per a Furgonetes Sevel | Camporan"],"_aioseo_description":["Estructura de llit per a furgoneta SEVEL (Jumpy, Expert, Traveller, Proace Vers). Sense matal\u00e0s incl\u00f2s, perqu\u00e8 tri\u00efs el teu. \u2b50 16 ressenyes. Des de 750\u20ac.   "],"_aioseo_keywords":["Llit per a furgoneta Traveller, Space Tourer i Proace."],"_product_addons":["a:1:{i:0;a:20:{s:4:\"name\";s:26:\"Extres per a l'estructura:\";s:12:\"title_format\";s:5:\"label\";s:18:\"description_enable\";i:0;s:11:\"description\";N;s:18:\"placeholder_enable\";i:0;s:11:\"placeholder\";N;s:4:\"type\";s:8:\"checkbox\";s:7:\"display\";s:6:\"select\";s:8:\"position\";i:0;s:8:\"required\";i:0;s:12:\"restrictions\";i:0;s:17:\"restrictions_type\";s:8:\"any_text\";s:12:\"adjust_price\";i:0;s:10:\"price_type\";s:8:\"flat_fee\";s:5:\"price\";s:0:\"\";s:2:\"id\";s:10:\"1733402683\";s:3:\"min\";i:0;s:3:\"max\";i:0;s:7:\"default\";s:0:\"\";s:7:\"options\";a:2:{i:0;a:5:{s:5:\"label\";s:22:\"Retall Versi\u00f3 VANSTER\";s:5:\"price\";s:2:\"20\";s:5:\"image\";s:0:\"\";s:10:\"price_type\";s:8:\"flat_fee\";s:10:\"visibility\";i:1;}i:1;a:5:{s:5:\"label\";s:10:\"Versi\u00f3 XS\";s:5:\"price\";s:2:\"15\";s:5:\"image\";s:0:\"\";s:10:\"price_type\";s:8:\"flat_fee\";s:10:\"visibility\";i:1;}}}}"],"_schema_json":["a:0:{}"],"_schema_json_timestamp":["1777519826"],"_uag_page_assets":["a:9:{s:3:\"css\";s:0:\"\";s:2:\"js\";s:0:\"\";s:18:\"current_block_list\";a:2:{i:0;s:12:\"core\/heading\";i:1;s:14:\"core\/paragraph\";}s:8:\"uag_flag\";b:0;s:11:\"uag_version\";i:1777493203;s:6:\"gfonts\";a:0:{}s:10:\"gfonts_url\";s:0:\"\";s:12:\"gfonts_files\";a:0:{}s:14:\"uag_faq_layout\";b:0;}"],"_wc_rating_count":[{"5":15,"1":1}]},"uagb_featured_image_src":{"full":["https:\/\/camporan.com\/wp-content\/uploads\/2019\/09\/SpaceTourer_03.jpg",1200,900,false],"thumbnail":["https:\/\/camporan.com\/wp-content\/uploads\/2019\/09\/SpaceTourer_03-80x80.jpg",80,80,true],"medium":["https:\/\/camporan.com\/wp-content\/uploads\/2019\/09\/SpaceTourer_03-300x225.jpg",300,225,true],"medium_large":["https:\/\/camporan.com\/wp-content\/uploads\/2019\/09\/SpaceTourer_03-768x576.jpg",768,576,true],"large":["https:\/\/camporan.com\/wp-content\/uploads\/2019\/09\/SpaceTourer_03-1030x773.jpg",1030,773,true],"1536x1536":["https:\/\/camporan.com\/wp-content\/uploads\/2019\/09\/SpaceTourer_03.jpg",1200,900,false],"2048x2048":["https:\/\/camporan.com\/wp-content\/uploads\/2019\/09\/SpaceTourer_03.jpg",1200,900,false],"woocommerce_thumbnail":["https:\/\/camporan.com\/wp-content\/uploads\/2019\/09\/SpaceTourer_03-600x450.jpg",600,450,true],"woocommerce_single":["https:\/\/camporan.com\/wp-content\/uploads\/2019\/09\/SpaceTourer_03-600x450.jpg",600,450,true],"woocommerce_gallery_thumbnail":["https:\/\/camporan.com\/wp-content\/uploads\/2019\/09\/SpaceTourer_03-100x100.jpg",100,100,true],"wcpr-photo-reviews":["https:\/\/camporan.com\/wp-content\/uploads\/2019\/09\/SpaceTourer_03.jpg",500,375,false]},"uagb_author_info":{"display_name":"David Lamolla","author_link":"https:\/\/camporan.com\/ca\/author\/david_lamolla\/"},"uagb_comment_info":16,"uagb_excerpt":"L'estructura de llit per a furgoneta SEVEL, sense matal\u00e0s incl\u00f2s, perqu\u00e8 tri\u00efs el que millor s'adapta a tu. Compatible amb Citro\u00ebn Jumpy, Space Tourer, Peugeot Expert, Traveller, Toyota ProAce Vers i Opel Zafira Life. Fabricada en contraxapat de bedoll mar\u00ed de 9 capes: lleugera, r\u00edgida i duradora. Muntatge i desmuntatge en minuts, sense eines, amb&hellip;","_links":{"self":[{"href":"https:\/\/camporan.com\/ca\/wp-json\/wp\/v2\/product\/4920","targetHints":{"allow":["GET"]}}],"collection":[{"href":"https:\/\/camporan.com\/ca\/wp-json\/wp\/v2\/product"}],"about":[{"href":"https:\/\/camporan.com\/ca\/wp-json\/wp\/v2\/types\/product"}],"author":[{"embeddable":true,"href":"https:\/\/camporan.com\/ca\/wp-json\/wp\/v2\/users\/7"}],"replies":[{"embeddable":true,"href":"https:\/\/camporan.com\/ca\/wp-json\/wp\/v2\/comments?post=4920"}],"wp:featuredmedia":[{"embeddable":true,"href":"https:\/\/camporan.com\/ca\/wp-json\/wp\/v2\/media\/4932"}],"wp:attachment":[{"href":"https:\/\/camporan.com\/ca\/wp-json\/wp\/v2\/media?parent=4920"}],"wp:term":[{"taxonomy":"product_brand","embeddable":true,"href":"https:\/\/camporan.com\/ca\/wp-json\/wp\/v2\/product_brand?post=4920"},{"taxonomy":"product_cat","embeddable":true,"href":"https:\/\/camporan.com\/ca\/wp-json\/wp\/v2\/product_cat?post=4920"},{"taxonomy":"product_tag","embeddable":true,"href":"https:\/\/camporan.com\/ca\/wp-json\/wp\/v2\/product_tag?post=4920"}],"curies":[{"name":"wp","href":"https:\/\/api.w.org\/{rel}","templated":true}]}}