{"id":4916,"date":"2019-09-05T17:16:04","date_gmt":"2019-09-05T15:16:04","guid":{"rendered":"http:\/\/www.camporan.com\/?post_type=product&#038;p=4916"},"modified":"2026-04-15T20:32:22","modified_gmt":"2026-04-15T18:32:22","slug":"pack-sevel-estructura-de-llit-matalas-plegable","status":"publish","type":"product","link":"https:\/\/camporan.com\/ca\/botiga\/pack-sevel-estructura-de-llit-matalas-plegable\/","title":{"rendered":"Kit Camper SEVEL: Estructura de Llit i Matal\u00e0s Plegable"},"content":{"rendered":"<h2>PER A QUINES FURGONETES \u00c9S COMPATIBLE AQUEST KIT CAMPER?<\/h2>\n<p>Furgoneta tipus Peugeot Traveller, Citro\u00ebn Space Tourer, Toyota Proace Verso i Opel Zafira Live.<\/p>\n<h2>CARACTER\u00cdSTIQUES PRINCIPALS:<\/h2>\n<p>Kit Camper SEVEL dissenyada especificamente per a la s\u00e8rie Sevel Nord , per la qual cosa s&#8217;ajusta perfectament al seu per\u00edmetre.<\/p>\n<p>Funciona per a les 3 longituds de carrosseria.<\/p>\n<p>Lleugera i f\u00e0cil de transportar, emmagatzemar, i muntar o desmuntar. Es pot aprofitar tot el maleter, ja que el llit va refor\u00e7ada per deixar espai lliure a tot el maleter.<\/p>\n<h2>CARACTER\u00cdSTIQUES T\u00c8CNIQUES:<\/h2>\n<h3>Materials:<\/h3>\n<ul>\n<li>El material base \u00e9s tauler de fusta de bedoll de 12\/15mm (tauler mar\u00ed), revestit amb resina marr\u00f3, llisa en una cara i antilliscant en una altra.<\/li>\n<li>Cants arrodonits amb feltre adhesiu a zones de contacte amb la carrosseria<\/li>\n<\/ul>\n<h3>Preparaci\u00f3:<\/h3>\n<ul>\n<li>El primer dia de muntatge cal ajustar dues peces d&#8217;ajust lateral, amb cargols (subministrats). En cas de Furgoneta amb 8\/9 places, cal treure la darrera fila.<\/li>\n<\/ul>\n<h3>Muntatge senzill, sense eines:<\/h3>\n<ul>\n<li>El muntatge \u00e9s molt senzill i no afecta el xass\u00eds de el vehicle.<\/li>\n<li>L&#8217;estructura del somier est\u00e0 compost per 3 peces, de les quals una llisca cap endavant sobre els seients de la segona fila inclinat cap endavant. Se subministren 4 potes, per si es prefereix que el somier no toqui els seients, o si es volen treure aquests seients per tenir m\u00e9s espai de c\u00e0rrega.<\/li>\n<li>Pes Pack complet: 38 kg.<\/li>\n<li>Dimensions Pack complet: 190 x 138 cm.<\/li>\n<\/ul>\n<h2>MATAL\u00c0S:<\/h2>\n<p>Matal\u00e0s de 190 x 138 x 8 cm. Escuma d&#8217;alta densitat 25Kg\/m3. Funda amb cremalleres de loneta blava fosc. Matal\u00e0s en 3 parts, unides i plegables com un acordi\u00f3.<\/p>\n","protected":false},"excerpt":{"rendered":"<p>Kit Camper SEVEL, estructura de llit + matal\u00e0s plegable, compatible amb quatre de les furgonetes m\u00e9s venudes d&#8217;Europa: Citro\u00ebn Jumpy\/*Space Tourer, Peugeot Expert\/*Traveller, Toyota Proace\/*Proace Vers i Opel Vivaro\/*Zafira Life. Fabricada en contraxapat de bedoll mar\u00ed de 9 capes: lleugera, r\u00edgida i duradora. Muntatge i desmuntatge sense eines, amb espai d&#8217;emmagatzematge sota el llit aprofitable. El pack m\u00e9s vers\u00e0til del cat\u00e0leg.   <\/p>\n","protected":false},"author":7,"featured_media":14772,"comment_status":"open","ping_status":"closed","template":"","meta":{"om_disable_all_campaigns":false,"_uag_custom_page_level_css":"","site-sidebar-layout":"default","site-content-layout":"default","ast-site-content-layout":"default","site-content-style":"default","site-sidebar-style":"default","ast-global-header-display":"","ast-banner-title-visibility":"","ast-main-header-display":"","ast-hfb-above-header-display":"","ast-hfb-below-header-display":"","ast-hfb-mobile-header-display":"","site-post-title":"","ast-breadcrumbs-content":"","ast-featured-img":"","footer-sml-layout":"","ast-disable-related-posts":"","theme-transparent-header-meta":"default","adv-header-id-meta":"","stick-header-meta":"default","header-above-stick-meta":"","header-main-stick-meta":"","header-below-stick-meta":"","astra-migrate-meta-layouts":"set","ast-page-background-enabled":"default","ast-page-background-meta":{"desktop":{"background-color":"","background-image":"","background-repeat":"repeat","background-position":"center center","background-size":"auto","background-attachment":"scroll","background-type":"","background-media":"","overlay-type":"","overlay-color":"","overlay-opacity":"","overlay-gradient":""},"tablet":{"background-color":"","background-image":"","background-repeat":"repeat","background-position":"center center","background-size":"auto","background-attachment":"scroll","background-type":"","background-media":"","overlay-type":"","overlay-color":"","overlay-opacity":"","overlay-gradient":""},"mobile":{"background-color":"","background-image":"","background-repeat":"repeat","background-position":"center center","background-size":"auto","background-attachment":"scroll","background-type":"","background-media":"","overlay-type":"","overlay-color":"","overlay-opacity":"","overlay-gradient":""}},"ast-content-background-meta":{"desktop":{"background-color":"var(--ast-global-color-5)","background-image":"","background-repeat":"repeat","background-position":"center center","background-size":"auto","background-attachment":"scroll","background-type":"","background-media":"","overlay-type":"","overlay-color":"","overlay-opacity":"","overlay-gradient":""},"tablet":{"background-color":"var(--ast-global-color-5)","background-image":"","background-repeat":"repeat","background-position":"center center","background-size":"auto","background-attachment":"scroll","background-type":"","background-media":"","overlay-type":"","overlay-color":"","overlay-opacity":"","overlay-gradient":""},"mobile":{"background-color":"var(--ast-global-color-5)","background-image":"","background-repeat":"repeat","background-position":"center center","background-size":"auto","background-attachment":"scroll","background-type":"","background-media":"","overlay-type":"","overlay-color":"","overlay-opacity":"","overlay-gradient":""}}},"product_brand":[],"product_cat":[815,137,657,543,633,615],"product_tag":[328,392,427],"class_list":{"0":"post-4916","1":"product","2":"type-product","3":"status-publish","4":"has-post-thumbnail","6":"product_cat-camper-ca","7":"product_cat-packs","8":"product_cat-proace-verso","9":"product_cat-space-tourer","10":"product_cat-traveller","11":"product_cat-zafira-live","12":"product_tag-citroen-space-tourer-camper-ca","13":"product_tag-peugeot-traveller-camper-ca","14":"product_tag-toyota-proace-verso-camper-ca","15":"desktop-align-center","16":"tablet-align-center","17":"mobile-align-center","18":"ast-product-gallery-layout-horizontal","19":"ast-product-tabs-layout-vertical","21":"first","22":"instock","23":"sale","24":"taxable","25":"shipping-taxable","26":"purchasable","27":"product-type-bundle"},"bundled_by":[],"bundle_stock_status":"instock","bundle_stock_quantity":"","bundle_virtual":false,"bundle_layout":"grid","bundle_add_to_cart_form_location":"default","bundle_editable_in_cart":false,"bundle_sold_individually_context":"product","bundle_item_grouping":"parent","bundle_min_size":"","bundle_max_size":"","bundle_price":{"price":{"min":{"incl_tax":"922","excl_tax":"761.983471"},"max":{"incl_tax":"922","excl_tax":"761.983471"}},"regular_price":{"min":{"incl_tax":"960","excl_tax":"793.38843"},"max":{"incl_tax":"960","excl_tax":"793.38843"}}},"bundled_items":[{"bundled_item_id":13,"product_id":4920,"menu_order":0,"quantity_min":1,"quantity_max":1,"quantity_default":1,"priced_individually":false,"shipped_individually":false,"override_title":false,"title":"Estructura de Llit per a Furgonetes Sevel","override_description":false,"description":"Estructura de Llit per a Furgonetes Sevel","optional":false,"hide_thumbnail":false,"discount":"","override_variations":false,"allowed_variations":[""],"override_default_variation_attributes":false,"default_variation_attributes":[],"single_product_visibility":"hidden","cart_visibility":"visible","order_visibility":"visible","single_product_price_visibility":"visible","cart_price_visibility":"visible","order_price_visibility":"visible","stock_status":"in_stock"},{"bundled_item_id":14,"product_id":4923,"menu_order":1,"quantity_min":1,"quantity_max":1,"quantity_default":1,"priced_individually":false,"shipped_individually":false,"override_title":false,"title":"Matal\u00e0s per a furgoneta SEVEL Traveller, Space Tourer i Proace Vers","override_description":false,"description":"Matal\u00e0s per a furgoneta SEVEL Traveller, Space Tourer i Proace Vers","optional":false,"hide_thumbnail":false,"discount":"","override_variations":false,"allowed_variations":[""],"override_default_variation_attributes":false,"default_variation_attributes":[],"single_product_visibility":"hidden","cart_visibility":"visible","order_visibility":"visible","single_product_price_visibility":"visible","cart_price_visibility":"visible","order_price_visibility":"visible","stock_status":"in_stock"}],"bundle_sell_ids":[],"exclude_global_add_ons":false,"addons":[{"name":"Extres per al matal\u00e0s:","type":"checkbox","position":0,"required":false,"title_format":"label","default":"","description_enable":true,"description":"Es poden demanar canvis pel que fa al tipus d'escuma, gruix o color de la funda. Qualsevol d'aquestes opcions addicionals impliquen fabricaci\u00f3 especial sota comanda, per la qual cosa el termini de lliurament pot augmentar entre 8 i 15 dies, i es perd amb el matal\u00e0s el dret de desistiment, ja que \u00e9s un producte fabricat a mida [Llei 1\/2007Art 103 c)]","placeholder_enable":false,"placeholder":null,"display":"select","restrictions_type":"any_text","adjust_price":false,"price":"","price_type":"flat_fee","restrictions":false,"min":"0","max":"0","options":[{"label":"Increment del gruix en 2cm","price":"35","price_type":"flat_fee","image":0,"visibility":true},{"label":"Augment de la densitat a \"dur\" (HR35)","price":"35","price_type":"flat_fee","image":0,"visibility":true},{"label":"2cm de viscol\u00e0stica, amb el mateix gruix total","price":"35","price_type":"flat_fee","image":0,"visibility":true},{"label":"Canvi de color de la funda","price":"20","price_type":"flat_fee","image":0,"visibility":true}],"id":1713949578},{"name":"Extres per a l'estructura:","type":"checkbox","position":1,"required":false,"title_format":"label","default":"","description_enable":true,"description":null,"placeholder_enable":false,"placeholder":null,"display":"select","restrictions_type":"any_text","adjust_price":false,"price":"","price_type":"flat_fee","restrictions":false,"min":"0","max":"0","options":[{"label":"Retall Versi\u00f3 VANSTER, d'Estructura i matal\u00e0s","price":"35","price_type":"flat_fee","image":0,"visibility":true},{"label":"Versi\u00f3 XS","price":"15","price_type":"flat_fee","image":0,"visibility":true},{"label":"Versi\u00f3 Business \/ Executive \/ VIP (Altura +2cm)","price":"30","price_type":"flat_fee","image":0,"visibility":true}],"id":1733402636},{"name":"Extres per al matal\u00e0s:","type":"checkbox","position":0,"required":false,"title_format":"label","default":"","description_enable":true,"description":"Es poden demanar canvis respecte del tipus d'escuma, gruix o color de la funda. Qualsevol d'aquestes opcions addicionals impliquen fabricaci\u00f3 especial sota comanda, per la qual cosa el termini de lliurament pot augmentar entre 8 i 15 dies, i es perd amb el matal\u00e0s el dret de desistiment, en tractar-se d'un producte fabricat a mida [Llei 1\/ 2007Art 103 c)]","placeholder_enable":false,"placeholder":"","display":"select","restrictions_type":"any_text","adjust_price":false,"price":"","price_type":"flat_fee","restrictions":false,"min":"0","max":"0","options":[{"label":"Increment de l'espessor en 2cm","price":"40","price_type":"flat_fee","image":0,"visibility":true},{"label":"Augment de la densitat a D30 \"dur\"","price":"35","price_type":"flat_fee","image":0,"visibility":true},{"label":"3 cm de viscoel\u00e0stica, amb el mateix gruix total","price":"40","price_type":"flat_fee","image":0,"visibility":true},{"label":"Canvi de color de la funda","price":"25","price_type":"flat_fee","image":0,"visibility":true}],"id":1686912989}],"aioseo_notices":[],"spectra_custom_meta":{"_wpml_word_count":["349","349"],"_aioseop_opengraph_settings":["a:0:{}"],"_wpml_media_featured":["1","1"],"_wpml_media_duplicate":["1","1"],"_alp_processed":["1775805972","1775805972"],"total_sales":["153"],"_tax_status":["taxable"],"_tax_class":[""],"_manage_stock":["yes"],"_backorders":["notify"],"_low_stock_amount":["0"],"_sold_individually":["no"],"_weight":["33"],"_virtual":["no"],"_downloadable":["no"],"_product_image_gallery":["4949,4966,4961,11485,5294,12167,11149,13915"],"_download_limit":["-1"],"_download_expiry":["-1"],"_thumbnail_id":["14772"],"_stock":["1"],"_stock_status":["instock"],"_wc_average_rating":["5.00"],"_wc_review_count":["35"],"_product_version":["10.7.0"],"wcml_sync_hash":["a:1:{s:15:\"postmeta_fields\";s:32:\"7603e650d0e704290ed37016444923f4\";}"],"attr_label_translations":["a:0:{}"],"_av_alb_posts_elements_state":["a:0:{}"],"_av_el_mgr_version":["1.0"],"_av_alb_element_mgr_version":["1.0.1"],"_aviaLayoutBuilder_active":[""],"_avia_sc_parser_state":["check_only"],"_avia_builder_shortcode_tree":["a:0:{}"],"layout":[""],"sidebar":[""],"footer":[""],"header_title_bar":[""],"header_transparency":[""],"_product_hover":[""],"_avia_hide_featured_image":["0"],"_wpml_location_migration_done":["1"],"_related_ids":["a:2:{i:0;i:4920;i:1;i:4923;}"],"_children":["a:0:{}"],"_wp_attachment_metadata":[""],"_last_translation_edit_mode":["translation-editor"],"_sku":["4515"],"_edit_lock":["1713942819:58"],"_edit_last":["58"],"_vtwf_enable_tab":["yes"],"_vtwf_tab_title":["V\u00eddeo"],"_vtwf_hide_title":["no"],"_vtwf_video_content":["<iframe width=\"560\" height=\"315\" src=\"https:\/\/www.youtube.com\/embed\/Qzto_DOi7C4\" frameborder=\"0\" allow=\"accelerometer; autoplay; clipboard-write; encrypted-media; gyroscope; picture-in-picture; web-share\" allowfullscreen><\/iframe>"],"_aviaLayoutBuilderCleanData":[""],"_wp_old_slug":["pack-ford-custom-camper-estructura-de-llit-matalas-plegable-copia","pack-ford-custom-camper-estructura-de-llit-matalas-plegable-copia-2"],"site-sidebar-layout":["default"],"site-content-layout":["default"],"theme-transparent-header-meta":["default"],"woosb_disable_auto_price":["on"],"woosb_discount":["5"],"woosb_discount_amount":[""],"woosb_shipping_fee":["whole"],"woosb_optional_products":["off"],"woosb_manage_stock":["off"],"woosb_limit_each_min":[""],"woosb_limit_each_max":[""],"woosb_limit_each_min_default":["off"],"woosb_limit_whole_min":[""],"woosb_limit_whole_max":[""],"_aioseo_og_article_section":[""],"_aioseo_og_article_tags":["a:0:{}"],"stick-header-meta":["default"],"_video_url":["https:\/\/youtu.be\/Qzto_DOi7C4"],"_video_image_url":["4417"],"woosb_ids":["4920\/1,4923\/1"],"_wcml_average_rating":["5.00"],"_wcml_review_count":["35"],"_wc_rating_count":[{"5":35}],"_wcml_rating_count":["a:1:{i:5;i:35;}"],"_product_meta_id":["0"],"_wpml_media_has_media":["1"],"_top_nav_excluded":[""],"_cms_nav_minihome":[""],"_wc_pb_edit_in_cart":["no"],"_wc_pb_bundled_items_stock_sync_status":["synced"],"_wcpb_min_qty_limit":[""],"_wcpb_max_qty_limit":[""],"_wc_pb_virtual_bundle":["no"],"_wc_pb_group_mode":["parent"],"_wc_pb_aggregate_weight":["no"],"_wc_pb_sold_individually_context":["product"],"_wc_pb_add_to_cart_form_location":["default"],"_product_addons_exclude_global":["0"],"_wc_pb_layout_style":["grid"],"ast-site-content-layout":["default"],"site-content-style":["default"],"site-sidebar-style":["default"],"_width":["145"],"_height":["10"],"_length":["88"],"astra-migrate-meta-layouts":["set"],"_regular_price":["960"],"_sale_price":["922"],"_price":["922"],"_wc_pb_base_regular_price":["960"],"_wc_pb_base_sale_price":["922"],"_wc_pb_base_price":["922"],"_wc_sw_max_price":["922"],"_wc_sw_max_regular_price":["960"],"_downloadable_files":[""],"_crosssell_ids":["a:1:{i:0;i:8968;}"],"_upsell_ids":["a:3:{i:0;i:9026;i:1;i:4923;i:2;i:4920;}"],"_aioseop_title":["Moble llit Traveller, Space Tourer, Proace Verso"],"_aioseop_description":["Pack de moble camper i matal\u00e0s, per a furgonetes tipus Peugeot Traveller, Citro\u00ebn Space Tourer, i Toyota Proace Verso."],"_aioseop_keywords":["Peugeot Traveller camper, Space Tourer camper, Proace Verso camper"],"_aioseo_title":["Kit Camper SEVEL | Camporan"],"_aioseo_description":["Kit Camper SEVEL Pack Llit + matal\u00e0s plegable per a Jumpy, Traveller, Proace Vers i Zafira Life. Muntatge sense eines. 35 valoracions 5\/5. En estoc!   "],"_aioseo_keywords":["Peugeot Traveller camper,Space Tourer camper,Proace Verso camper"],"_product_addons":["a:2:{i:0;a:20:{s:4:\"name\";s:23:\"Extres per al matal\u00e0s:\";s:12:\"title_format\";s:5:\"label\";s:18:\"description_enable\";i:1;s:11:\"description\";s:354:\"Es poden demanar canvis pel que fa al tipus d'escuma, gruix o color de la funda. Qualsevol d'aquestes opcions addicionals impliquen fabricaci\u00f3 especial sota comanda, per la qual cosa el termini de lliurament pot augmentar entre 8 i 15 dies, i es perd amb el matal\u00e0s el dret de desistiment, ja que \u00e9s un producte fabricat a mida [Llei 1\/2007Art 103 c)]\";s:18:\"placeholder_enable\";i:0;s:11:\"placeholder\";N;s:4:\"type\";s:8:\"checkbox\";s:7:\"display\";s:6:\"select\";s:8:\"position\";i:0;s:8:\"required\";i:0;s:12:\"restrictions\";i:0;s:17:\"restrictions_type\";s:8:\"any_text\";s:12:\"adjust_price\";i:0;s:10:\"price_type\";s:8:\"flat_fee\";s:5:\"price\";s:0:\"\";s:2:\"id\";s:10:\"1713949578\";s:3:\"min\";i:0;s:3:\"max\";i:0;s:7:\"default\";s:0:\"\";s:7:\"options\";a:4:{i:0;a:5:{s:5:\"label\";s:26:\"Increment del gruix en 2cm\";s:5:\"price\";s:2:\"35\";s:5:\"image\";s:0:\"\";s:10:\"price_type\";s:8:\"flat_fee\";s:10:\"visibility\";i:1;}i:1;a:5:{s:5:\"label\";s:37:\"Augment de la densitat a \"dur\" (HR35)\";s:5:\"price\";s:2:\"35\";s:5:\"image\";s:0:\"\";s:10:\"price_type\";s:8:\"flat_fee\";s:10:\"visibility\";i:1;}i:2;a:5:{s:5:\"label\";s:47:\"2cm de viscol\u00e0stica, amb el mateix gruix total\";s:5:\"price\";s:2:\"35\";s:5:\"image\";s:0:\"\";s:10:\"price_type\";s:8:\"flat_fee\";s:10:\"visibility\";i:1;}i:3;a:5:{s:5:\"label\";s:26:\"Canvi de color de la funda\";s:5:\"price\";s:2:\"20\";s:5:\"image\";s:0:\"\";s:10:\"price_type\";s:8:\"flat_fee\";s:10:\"visibility\";i:1;}}}i:1;a:20:{s:4:\"name\";s:26:\"Extres per a l'estructura:\";s:12:\"title_format\";s:5:\"label\";s:18:\"description_enable\";i:1;s:11:\"description\";N;s:18:\"placeholder_enable\";i:0;s:11:\"placeholder\";N;s:4:\"type\";s:8:\"checkbox\";s:7:\"display\";s:6:\"select\";s:8:\"position\";i:1;s:8:\"required\";i:0;s:12:\"restrictions\";i:0;s:17:\"restrictions_type\";s:8:\"any_text\";s:12:\"adjust_price\";i:0;s:10:\"price_type\";s:8:\"flat_fee\";s:5:\"price\";s:0:\"\";s:2:\"id\";s:10:\"1733402636\";s:3:\"min\";i:0;s:3:\"max\";i:0;s:7:\"default\";s:0:\"\";s:7:\"options\";a:3:{i:0;a:5:{s:5:\"label\";s:47:\"Retall Versi\u00f3 VANSTER, d'Estructura i matal\u00e0s\";s:5:\"price\";s:2:\"35\";s:5:\"image\";s:0:\"\";s:10:\"price_type\";s:8:\"flat_fee\";s:10:\"visibility\";i:1;}i:1;a:5:{s:5:\"label\";s:10:\"Versi\u00f3 XS\";s:5:\"price\";s:2:\"15\";s:5:\"image\";s:0:\"\";s:10:\"price_type\";s:8:\"flat_fee\";s:10:\"visibility\";i:1;}i:2;a:5:{s:5:\"label\";s:48:\"Versi\u00f3 Business \/ Executive \/ VIP (Altura +2cm)\";s:5:\"price\";s:2:\"30\";s:5:\"image\";s:0:\"\";s:10:\"price_type\";s:8:\"flat_fee\";s:10:\"visibility\";i:1;}}}}"],"_schema_json":["a:0:{}"],"_schema_json_timestamp":["1777463841"],"_wc_gla_isBundle":["yes"],"_uag_page_assets":["a:9:{s:3:\"css\";s:0:\"\";s:2:\"js\";s:0:\"\";s:18:\"current_block_list\";a:2:{i:0;s:12:\"core\/heading\";i:1;s:14:\"core\/paragraph\";}s:8:\"uag_flag\";b:0;s:11:\"uag_version\";i:1777493203;s:6:\"gfonts\";a:0:{}s:10:\"gfonts_url\";s:0:\"\";s:12:\"gfonts_files\";a:0:{}s:14:\"uag_faq_layout\";b:0;}"]},"uagb_featured_image_src":{"full":["https:\/\/camporan.com\/wp-content\/uploads\/2019\/09\/camporan-proace-2026.jpg",1200,900,false],"thumbnail":["https:\/\/camporan.com\/wp-content\/uploads\/2019\/09\/camporan-proace-2026-300x300.jpg",300,300,true],"medium":["https:\/\/camporan.com\/wp-content\/uploads\/2019\/09\/camporan-proace-2026-300x225.jpg",300,225,true],"medium_large":["https:\/\/camporan.com\/wp-content\/uploads\/2019\/09\/camporan-proace-2026-768x576.jpg",768,576,true],"large":["https:\/\/camporan.com\/wp-content\/uploads\/2019\/09\/camporan-proace-2026-1030x773.jpg",1030,773,true],"1536x1536":["https:\/\/camporan.com\/wp-content\/uploads\/2019\/09\/camporan-proace-2026.jpg",1200,900,false],"2048x2048":["https:\/\/camporan.com\/wp-content\/uploads\/2019\/09\/camporan-proace-2026.jpg",1200,900,false],"woocommerce_thumbnail":["https:\/\/camporan.com\/wp-content\/uploads\/2019\/09\/camporan-proace-2026-600x450.jpg",600,450,true],"woocommerce_single":["https:\/\/camporan.com\/wp-content\/uploads\/2019\/09\/camporan-proace-2026-600x450.jpg",600,450,true],"woocommerce_gallery_thumbnail":["https:\/\/camporan.com\/wp-content\/uploads\/2019\/09\/camporan-proace-2026-100x100.jpg",100,100,true],"wcpr-photo-reviews":["https:\/\/camporan.com\/wp-content\/uploads\/2019\/09\/camporan-proace-2026.jpg",500,375,false]},"uagb_author_info":{"display_name":"David Lamolla","author_link":"https:\/\/camporan.com\/ca\/author\/david_lamolla\/"},"uagb_comment_info":35,"uagb_excerpt":"Kit Camper SEVEL, estructura de llit + matal\u00e0s plegable, compatible amb quatre de les furgonetes m\u00e9s venudes d'Europa: Citro\u00ebn Jumpy\/*Space Tourer, Peugeot Expert\/*Traveller, Toyota Proace\/*Proace Vers i Opel Vivaro\/*Zafira Life. Fabricada en contraxapat de bedoll mar\u00ed de 9 capes: lleugera, r\u00edgida i duradora. Muntatge i desmuntatge sense eines, amb espai d'emmagatzematge sota el llit aprofitable.&hellip;","_links":{"self":[{"href":"https:\/\/camporan.com\/ca\/wp-json\/wp\/v2\/product\/4916","targetHints":{"allow":["GET"]}}],"collection":[{"href":"https:\/\/camporan.com\/ca\/wp-json\/wp\/v2\/product"}],"about":[{"href":"https:\/\/camporan.com\/ca\/wp-json\/wp\/v2\/types\/product"}],"author":[{"embeddable":true,"href":"https:\/\/camporan.com\/ca\/wp-json\/wp\/v2\/users\/7"}],"replies":[{"embeddable":true,"href":"https:\/\/camporan.com\/ca\/wp-json\/wp\/v2\/comments?post=4916"}],"wp:featuredmedia":[{"embeddable":true,"href":"https:\/\/camporan.com\/ca\/wp-json\/wp\/v2\/media\/14772"}],"wp:attachment":[{"href":"https:\/\/camporan.com\/ca\/wp-json\/wp\/v2\/media?parent=4916"}],"wp:term":[{"taxonomy":"product_brand","embeddable":true,"href":"https:\/\/camporan.com\/ca\/wp-json\/wp\/v2\/product_brand?post=4916"},{"taxonomy":"product_cat","embeddable":true,"href":"https:\/\/camporan.com\/ca\/wp-json\/wp\/v2\/product_cat?post=4916"},{"taxonomy":"product_tag","embeddable":true,"href":"https:\/\/camporan.com\/ca\/wp-json\/wp\/v2\/product_tag?post=4916"}],"curies":[{"name":"wp","href":"https:\/\/api.w.org\/{rel}","templated":true}]}}