{"id":4043,"date":"2018-06-17T09:30:41","date_gmt":"2018-06-17T07:30:41","guid":{"rendered":"http:\/\/www.camporan.com\/producto\/pack-nv200-estructura-de-llit-matalas-plegable\/"},"modified":"2026-04-10T09:31:23","modified_gmt":"2026-04-10T07:31:23","slug":"pack-nv200-estructura-de-llit-matalas-plegable","status":"publish","type":"product","link":"https:\/\/camporan.com\/ca\/botiga\/pack-nv200-estructura-de-llit-matalas-plegable\/","title":{"rendered":"Kit Camper Nissan NV200: Estructura de Llit + Matal\u00e0s Plegable"},"content":{"rendered":"<h2>PER A QUINES VERSIONS DE NISSAN NV200 \u00c9S COMPATIBLE AQUEST KIT CAMPER?<\/h2>\n<p>Nissan NV200 \/ Nissan NV200 Evalia \/ Nissan Evalia amb Aire.<\/p>\n<h2>CARACTER\u00cdSTIQUES PRINCIPALS:<\/h2>\n<p>Kit camper Nissan NV200 amb llit polivalent dissenyat per a camperizar aquest model en concret.<\/p>\n<p>Lleugera i f\u00e0cil de transportar, emmagatzemar, i muntar o desmuntar.<br \/>\n Es pot aprofitar tot el maleter, ja que el llit va refor\u00e7at per poder aprofitar tot lespai entre el pas de rodes, sense suports inermedis.<\/p>\n<h2>CARACTER\u00cdSTIQUES T\u00c8CNIQUES:<\/h2>\n<h3>Materials:<\/h3>\n<ul>\n<li>El material base \u00e9s tauler de fusta de bedoll de 12mm (tauler mar\u00ed), revestit amb resina marr\u00f3, llisa en una cara i antilliscant en una altra.<\/li>\n<li>Cantonades arrodonides i segellades en zona de maleter, i amb feltre adhesiu en zones de contacte amb la carrosseria.<\/li>\n<li>Serveix per a models amb 5 o 7 places, i amb aire condicionat posterior, per\u00f2 en aquests casos, cal indicar-ho a fer la comanda.<\/li>\n<\/ul>\n<h3>Preparaci\u00f3:<\/h3>\n<ul>\n<li>El primer dia de muntatge, cal ajustar el somier amb 4\/6 peces per ajustar a l&#8217;amplada interior de la furgoneta, mitjan\u00e7ant peces i cargols subministrats. Aquests cargols ja no s&#8217;hauran de tocar mai m\u00e9s.<br \/>\n En cas d&#8217;Evalia amb aire condicionat posterior, cal indicar-ho a realitzar la comanda, ja que es tallen algunes peces. Cal especificar quin model de vehicle es vol camperitzar en fer la comanda.  <\/li>\n<\/ul>\n<h3>Muntatge en menys de 2 minuts.<\/h3>\n<ul>\n<li>El muntatge \u00e9s molt senzill i no afecta el xass\u00eds de el vehicle.<\/li>\n<li>Hi ha 3 taulers de somier, dos d&#8217;aquests van fixos al darrere del maleter, i un llisca cap endavant a muntar el llit, inclinant els respatllers dels seients. Se subministren 3 potes que es poden posar a la zona davantera perqu\u00e8 el tauler no toqui els seients, o si es treuen els seients. <\/li>\n<li>Pes Pack complet: 26+7 kg.<\/li>\n<li>Dimensions del paquet: 96 x 150 x 12cm i 40x40x70cm<\/li>\n<\/ul>\n<h2>MATAL\u00c0S:<\/h2>\n<p>Matal\u00e0s camper de mides 190x135x8cm. Escuma d\u00b4alta densitat 25Kg\/m\u00b3 (ferm). Altres opcions disopnibles, per\u00f2 augmentant el termini de lliurament.  <\/p>\n<p>Fundes unides en acordi\u00f3, amb cremalleres, amb teixit de loneta blau fosc. Encaix en angle per a la zona del maleter. <\/p>\n<p>Canvis en escuma, color o mides \u00e9s possible, per\u00f2 amb lleugers increments en preu i terminis de lliurament.<\/p>\n<p>&nbsp;<\/p>\n","protected":false},"excerpt":{"rendered":"<p>Amb aquest Kit Camper per a Nissan NV200 ja pots camperizarla sense renunciar a la comoditat. Aquesta estructura de llit + matal\u00e0s plegable est\u00e0 fabricada a mesura per al NV200, NV200 Evalia i Evalia amb aire condicionat posterior. Constru\u00efda en contraxapat de bedoll mar\u00ed de 9 capes: lleugera, r\u00edgida i pensada per a durar. Muntatge i desmuntatge en menys de 2 minuts, sense cap eina. Quan no la necessitis, es plega i cap en el maleter. 15 clients ja dormen en el seu NV200. Quan ho fas tu?      <\/p>\n","protected":false},"author":7,"featured_media":4044,"comment_status":"open","ping_status":"closed","template":"","meta":{"om_disable_all_campaigns":false,"_uag_custom_page_level_css":"","site-sidebar-layout":"default","site-content-layout":"default","ast-site-content-layout":"default","site-content-style":"default","site-sidebar-style":"default","ast-global-header-display":"","ast-banner-title-visibility":"","ast-main-header-display":"","ast-hfb-above-header-display":"","ast-hfb-below-header-display":"","ast-hfb-mobile-header-display":"","site-post-title":"","ast-breadcrumbs-content":"","ast-featured-img":"","footer-sml-layout":"","ast-disable-related-posts":"","theme-transparent-header-meta":"default","adv-header-id-meta":"","stick-header-meta":"default","header-above-stick-meta":"","header-main-stick-meta":"","header-below-stick-meta":"","astra-migrate-meta-layouts":"set","ast-page-background-enabled":"default","ast-page-background-meta":{"desktop":{"background-color":"","background-image":"","background-repeat":"repeat","background-position":"center center","background-size":"auto","background-attachment":"scroll","background-type":"","background-media":"","overlay-type":"","overlay-color":"","overlay-opacity":"","overlay-gradient":""},"tablet":{"background-color":"","background-image":"","background-repeat":"repeat","background-position":"center center","background-size":"auto","background-attachment":"scroll","background-type":"","background-media":"","overlay-type":"","overlay-color":"","overlay-opacity":"","overlay-gradient":""},"mobile":{"background-color":"","background-image":"","background-repeat":"repeat","background-position":"center center","background-size":"auto","background-attachment":"scroll","background-type":"","background-media":"","overlay-type":"","overlay-color":"","overlay-opacity":"","overlay-gradient":""}},"ast-content-background-meta":{"desktop":{"background-color":"var(--ast-global-color-5)","background-image":"","background-repeat":"repeat","background-position":"center center","background-size":"auto","background-attachment":"scroll","background-type":"","background-media":"","overlay-type":"","overlay-color":"","overlay-opacity":"","overlay-gradient":""},"tablet":{"background-color":"var(--ast-global-color-5)","background-image":"","background-repeat":"repeat","background-position":"center center","background-size":"auto","background-attachment":"scroll","background-type":"","background-media":"","overlay-type":"","overlay-color":"","overlay-opacity":"","overlay-gradient":""},"mobile":{"background-color":"var(--ast-global-color-5)","background-image":"","background-repeat":"repeat","background-position":"center center","background-size":"auto","background-attachment":"scroll","background-type":"","background-media":"","overlay-type":"","overlay-color":"","overlay-opacity":"","overlay-gradient":""}}},"product_brand":[],"product_cat":[815,594,597,137],"product_tag":[120,121,122],"class_list":{"0":"post-4043","1":"product","2":"type-product","3":"status-publish","4":"has-post-thumbnail","6":"product_cat-camper-ca","7":"product_cat-evalia","8":"product_cat-nv200-2","9":"product_cat-packs","10":"product_tag-nissan-nv200-ca","11":"product_tag-nissan-nv200-evalia-ca","12":"product_tag-nissan-nv200-evalia-con-aire-condicionado-posterior-ca","13":"desktop-align-center","14":"tablet-align-center","15":"mobile-align-center","16":"ast-product-gallery-layout-horizontal","17":"ast-product-tabs-layout-vertical","19":"first","20":"instock","21":"sale","22":"taxable","23":"shipping-taxable","24":"purchasable","25":"product-type-bundle"},"bundled_by":[],"bundle_stock_status":"instock","bundle_stock_quantity":"","bundle_virtual":false,"bundle_layout":"grid","bundle_add_to_cart_form_location":"default","bundle_editable_in_cart":false,"bundle_sold_individually_context":"product","bundle_item_grouping":"parent","bundle_min_size":"","bundle_max_size":"","bundle_price":{"price":{"min":{"incl_tax":"912","excl_tax":"753.719008"},"max":{"incl_tax":"912","excl_tax":"753.719008"}},"regular_price":{"min":{"incl_tax":"950","excl_tax":"785.123967"},"max":{"incl_tax":"950","excl_tax":"785.123967"}}},"bundled_items":[{"bundled_item_id":33,"product_id":1152,"menu_order":0,"quantity_min":1,"quantity_max":1,"quantity_default":1,"priced_individually":false,"shipped_individually":false,"override_title":false,"title":"Estructura de Llit per a Nissan NV200","override_description":true,"description":"Estructura de llit per Nissan NV200","optional":false,"hide_thumbnail":false,"discount":"","override_variations":false,"allowed_variations":[""],"override_default_variation_attributes":false,"default_variation_attributes":[],"single_product_visibility":"hidden","cart_visibility":"visible","order_visibility":"visible","single_product_price_visibility":"visible","cart_price_visibility":"visible","order_price_visibility":"visible","stock_status":"in_stock"},{"bundled_item_id":34,"product_id":1157,"menu_order":1,"quantity_min":1,"quantity_max":1,"quantity_default":1,"priced_individually":false,"shipped_individually":false,"override_title":false,"title":"Matal\u00e0s per a Furgoneta Nissan NV200","override_description":true,"description":"Matal\u00e0s per NV200","optional":false,"hide_thumbnail":false,"discount":"","override_variations":false,"allowed_variations":[""],"override_default_variation_attributes":false,"default_variation_attributes":[],"single_product_visibility":"hidden","cart_visibility":"visible","order_visibility":"visible","single_product_price_visibility":"visible","cart_price_visibility":"visible","order_price_visibility":"visible","stock_status":"in_stock"}],"bundle_sell_ids":[],"exclude_global_add_ons":false,"addons":[{"name":"Extres per al matal\u00e0s:","type":"checkbox","position":0,"required":false,"title_format":"label","default":"","description_enable":true,"description":"Es poden demanar canvis pel que fa al tipus d'escuma, gruix o color de la funda. Qualsevol d'aquestes opcions addicionals impliquen fabricaci\u00f3 especial sota comanda, per la qual cosa el termini de lliurament pot augmentar entre 8 i 15 dies, i es perd amb el matal\u00e0s el dret de desistiment, ja que \u00e9s un producte fabricat a mida [Llei 1\/2007Art 103 c)]","placeholder_enable":false,"placeholder":null,"display":"select","restrictions_type":"any_text","adjust_price":false,"price":"","price_type":"flat_fee","restrictions":false,"min":"0","max":"0","options":[{"label":"Increment del gruix en 2cm","price":"35","price_type":"flat_fee","image":0,"visibility":true},{"label":"Augment de la densitat a \"dur\" (HR35)","price":"35","price_type":"flat_fee","image":0,"visibility":true},{"label":"2cm de viscol\u00e0stica, amb el mateix gruix total","price":"35","price_type":"flat_fee","image":0,"visibility":true},{"label":"Canvi de color de la funda","price":"25","price_type":"flat_fee","image":0,"visibility":true}],"id":1711224028},{"name":"Retall per a l'estructura","type":"checkbox","position":1,"required":false,"title_format":"label","default":"","description_enable":true,"description":"Afegir opci\u00f3 de retallada del somier per a furgoneta amb l'embalum de l'Aire Condicionat del darrere.","placeholder_enable":false,"placeholder":null,"display":"select","restrictions_type":"any_text","adjust_price":false,"price":"","price_type":"flat_fee","restrictions":false,"min":"0","max":"0","options":[{"label":"Retall per NV200 Evalia amb Aire Condicionat","price":"35","price_type":"flat_fee","image":0,"visibility":true}],"id":1711224029},{"name":"Extres per al matal\u00e0s:","type":"checkbox","position":0,"required":false,"title_format":"label","default":"","description_enable":true,"description":"Es poden demanar canvis respecte del tipus d'escuma, gruix o color de la funda. Qualsevol d'aquestes opcions addicionals impliquen fabricaci\u00f3 especial sota comanda, per la qual cosa el termini de lliurament pot augmentar entre 8 i 15 dies, i es perd amb el matal\u00e0s el dret de desistiment, en tractar-se d'un producte fabricat a mida [Llei 1\/ 2007Art 103 c)]","placeholder_enable":false,"placeholder":"","display":"select","restrictions_type":"any_text","adjust_price":false,"price":"","price_type":"flat_fee","restrictions":false,"min":"0","max":"0","options":[{"label":"Increment de l'espessor en 2cm","price":"40","price_type":"flat_fee","image":0,"visibility":true},{"label":"Augment de la densitat a D30 \"dur\"","price":"35","price_type":"flat_fee","image":0,"visibility":true},{"label":"3 cm de viscoel\u00e0stica, amb el mateix gruix total","price":"40","price_type":"flat_fee","image":0,"visibility":true},{"label":"Canvi de color de la funda","price":"25","price_type":"flat_fee","image":0,"visibility":true}],"id":1686912989}],"aioseo_notices":[],"spectra_custom_meta":{"_wpml_word_count":["444"],"_backorders":["notify"],"_download_limit":["-1"],"_download_expiry":["-1"],"_downloadable":["no"],"_manage_stock":["yes"],"_sku":["4512"],"_stock_status":["instock"],"_sold_individually":["no"],"_tax_class":[""],"_tax_status":["taxable"],"_virtual":["no"],"_sale_price_dates_from":[""],"_sale_price_dates_to":[""],"_wpml_media_duplicate":["1"],"_wpml_media_featured":["1"],"_aviaLayoutBuilder_active":[""],"_avia_builder_shortcode_tree":["a:0:{}"],"sidebar":[""],"footer":[""],"header_title_bar":[""],"header_transparency":[""],"layout":[""],"_product_image_gallery":["13275,4976,4045,1158,4046,5931,8305,11149,13270,13280,13910"],"_alp_processed":["1775806283"],"wcml_sync_hash":["a:1:{s:15:\"postmeta_fields\";s:32:\"a913256b9898530084906a119a750a7c\";}"],"_purchase_note":[""],"_downloadable_files":["a:0:{}"],"attr_label_translations":["a:0:{}"],"_product_attributes":["a:0:{}"],"_default_attributes":["a:0:{}"],"_children":["a:0:{}"],"_thumbnail_id":["4044"],"_wc_review_count":["15"],"_wc_rating_count":[{"5":15}],"_wc_average_rating":["5.00"],"_av_el_mgr_version":["1.0"],"_av_alb_posts_elements_state":["a:0:{}"],"_wp_attachment_metadata":[""],"_wcml_average_rating":["5.00"],"_wcml_review_count":["15"],"_product_version":["10.6.0"],"_last_translation_edit_mode":["translation-editor"],"_stock":["2"],"_low_stock_amount":["0"],"total_sales":["95"],"_edit_lock":["1713942917:58"],"_edit_last":["58"],"_avia_sc_parser_state":["check_only"],"_aioseop_opengraph_settings":["a:0:{}"],"_vtwf_enable_tab":["yes"],"_vtwf_tab_title":["V\u00eddeo"],"_vtwf_hide_title":["no"],"_vtwf_video_content":["<iframe width=\"560\" height=\"315\" src=\"https:\/\/www.youtube.com\/embed\/Qzto_DOi7C4\" frameborder=\"0\" allow=\"accelerometer; autoplay; encrypted-media; gyroscope; picture-in-picture\" allowfullscreen><\/iframe>"],"_aviaLayoutBuilderCleanData":[""],"_product_hover":[""],"_related_ids":["a:2:{i:0;i:1152;i:1;i:1157;}"],"_avia_hide_featured_image":["0"],"_av_alb_element_mgr_version":["1.0.1"],"_weight":["34"],"_width":["90"],"_height":["12"],"_length":["150"],"site-sidebar-layout":["default"],"site-content-layout":["default"],"theme-transparent-header-meta":["default"],"woosb_disable_auto_price":["on"],"woosb_discount":["5"],"woosb_discount_amount":[""],"woosb_shipping_fee":["whole"],"woosb_optional_products":["off"],"woosb_manage_stock":["off"],"woosb_limit_each_min":[""],"woosb_limit_each_max":[""],"woosb_limit_each_min_default":["off"],"woosb_limit_whole_min":[""],"woosb_limit_whole_max":[""],"_aioseo_og_article_section":[""],"_aioseo_og_article_tags":["a:0:{}"],"stick-header-meta":["default"],"woosb_ids":["1152\/1,1157\/1"],"_wcml_rating_count":["a:1:{i:5;i:15;}"],"_product_meta_id":["0"],"_wpml_media_has_media":["1"],"_wc_pb_edit_in_cart":["no"],"_product_addons_exclude_global":["0"],"_wc_pb_bundled_items_stock_sync_status":["synced"],"_wc_pb_layout_style":["grid"],"_top_nav_excluded":[""],"_cms_nav_minihome":[""],"_wcpb_min_qty_limit":[""],"_wcpb_max_qty_limit":[""],"_wc_pb_virtual_bundle":["no"],"_wc_pb_group_mode":["parent"],"_wc_pb_aggregate_weight":["no"],"_wc_pb_sold_individually_context":["product"],"_wc_pb_add_to_cart_form_location":["default"],"ast-site-content-layout":["default"],"site-content-style":["default"],"site-sidebar-style":["default"],"_video_url":["https:\/\/youtu.be\/Qzto_DOi7C4"],"_video_image_url":["4417"],"astra-migrate-meta-layouts":["set"],"_regular_price":["950"],"_sale_price":["912"],"_price":["912"],"_wc_pb_base_regular_price":["950"],"_wc_pb_base_sale_price":["912"],"_wc_pb_base_price":["912"],"_wc_sw_max_price":["912"],"_wc_sw_max_regular_price":["950"],"_crosssell_ids":["a:1:{i:0;i:8968;}"],"_upsell_ids":["a:3:{i:0;i:9026;i:1;i:1157;i:2;i:1152;}"],"_aioseop_title":["Llit furgoneta NV200 i matal\u00e0s plegable"],"_aioseop_description":["Pack Compost per Estructura de Llit i Matal\u00e0s plegable per a la Nissan NV200 i Nissan Evalia."],"_aioseop_keywords":["Llit furgoneta Nissan NV200, camperitzar furgoneta Evalia, kit camper nv200, kit camper nissan nv200, nv200 camper kit"],"_aioseo_title":["Kit camper Nissan NV200 | Camporan"],"_aioseo_description":["Kit camper Nissan NV200 estructura de llit + matal\u00e0s plegable fabricats a mesura i NV200 Evalia. Muntatge en 2 min, sense eines. \u2b5015 valoracions 5\/5.  "],"_aioseo_keywords":["Llit furgoneta Nissan NV200,camperitzar furgoneta Evalia,kit camper nv200,kit camper nissan nv200,nv200 camper kit"],"_product_addons":["a:2:{i:0;a:20:{s:4:\"name\";s:23:\"Extres per al matal\u00e0s:\";s:12:\"title_format\";s:5:\"label\";s:18:\"description_enable\";i:1;s:11:\"description\";s:354:\"Es poden demanar canvis pel que fa al tipus d'escuma, gruix o color de la funda. Qualsevol d'aquestes opcions addicionals impliquen fabricaci\u00f3 especial sota comanda, per la qual cosa el termini de lliurament pot augmentar entre 8 i 15 dies, i es perd amb el matal\u00e0s el dret de desistiment, ja que \u00e9s un producte fabricat a mida [Llei 1\/2007Art 103 c)]\";s:18:\"placeholder_enable\";i:0;s:11:\"placeholder\";N;s:4:\"type\";s:8:\"checkbox\";s:7:\"display\";s:6:\"select\";s:8:\"position\";i:0;s:8:\"required\";i:0;s:12:\"restrictions\";i:0;s:17:\"restrictions_type\";s:8:\"any_text\";s:12:\"adjust_price\";i:0;s:10:\"price_type\";s:8:\"flat_fee\";s:5:\"price\";s:0:\"\";s:2:\"id\";s:10:\"1711224028\";s:3:\"min\";i:0;s:3:\"max\";i:0;s:7:\"default\";s:0:\"\";s:7:\"options\";a:4:{i:0;a:5:{s:5:\"label\";s:26:\"Increment del gruix en 2cm\";s:5:\"price\";s:2:\"35\";s:5:\"image\";s:0:\"\";s:10:\"price_type\";s:8:\"flat_fee\";s:10:\"visibility\";i:1;}i:1;a:5:{s:5:\"label\";s:37:\"Augment de la densitat a \"dur\" (HR35)\";s:5:\"price\";s:2:\"35\";s:5:\"image\";s:0:\"\";s:10:\"price_type\";s:8:\"flat_fee\";s:10:\"visibility\";i:1;}i:2;a:5:{s:5:\"label\";s:47:\"2cm de viscol\u00e0stica, amb el mateix gruix total\";s:5:\"price\";s:2:\"35\";s:5:\"image\";s:0:\"\";s:10:\"price_type\";s:8:\"flat_fee\";s:10:\"visibility\";i:1;}i:3;a:5:{s:5:\"label\";s:26:\"Canvi de color de la funda\";s:5:\"price\";s:2:\"25\";s:5:\"image\";s:0:\"\";s:10:\"price_type\";s:8:\"flat_fee\";s:10:\"visibility\";i:1;}}}i:1;a:20:{s:4:\"name\";s:25:\"Retall per a l'estructura\";s:12:\"title_format\";s:5:\"label\";s:18:\"description_enable\";i:1;s:11:\"description\";s:102:\"Afegir opci\u00f3 de retallada del somier per a furgoneta amb l'embalum de l'Aire Condicionat del darrere.\";s:18:\"placeholder_enable\";i:0;s:11:\"placeholder\";N;s:4:\"type\";s:8:\"checkbox\";s:7:\"display\";s:6:\"select\";s:8:\"position\";i:1;s:8:\"required\";i:0;s:12:\"restrictions\";i:0;s:17:\"restrictions_type\";s:8:\"any_text\";s:12:\"adjust_price\";i:0;s:10:\"price_type\";s:8:\"flat_fee\";s:5:\"price\";s:0:\"\";s:2:\"id\";s:10:\"1711224029\";s:3:\"min\";i:0;s:3:\"max\";i:0;s:7:\"default\";s:0:\"\";s:7:\"options\";a:1:{i:0;a:5:{s:5:\"label\";s:44:\"Retall per NV200 Evalia amb Aire Condicionat\";s:5:\"price\";s:2:\"35\";s:5:\"image\";s:0:\"\";s:10:\"price_type\";s:8:\"flat_fee\";s:10:\"visibility\";i:1;}}}}"],"_schema_json":["a:0:{}"],"_schema_json_timestamp":["1777539735"],"_uag_page_assets":["a:9:{s:3:\"css\";s:0:\"\";s:2:\"js\";s:0:\"\";s:18:\"current_block_list\";a:2:{i:0;s:12:\"core\/heading\";i:1;s:14:\"core\/paragraph\";}s:8:\"uag_flag\";b:0;s:11:\"uag_version\";s:10:\"1777493203\";s:6:\"gfonts\";a:0:{}s:10:\"gfonts_url\";s:0:\"\";s:12:\"gfonts_files\";a:0:{}s:14:\"uag_faq_layout\";b:0;}"]},"uagb_featured_image_src":{"full":["https:\/\/camporan.com\/wp-content\/uploads\/2018\/06\/Nissan.NV200-01.jpg",2560,1920,false],"thumbnail":["https:\/\/camporan.com\/wp-content\/uploads\/2018\/06\/Nissan.NV200-01-80x80.jpg",80,80,true],"medium":["https:\/\/camporan.com\/wp-content\/uploads\/2018\/06\/Nissan.NV200-01-300x225.jpg",300,225,true],"medium_large":["https:\/\/camporan.com\/wp-content\/uploads\/2018\/06\/Nissan.NV200-01-768x576.jpg",768,576,true],"large":["https:\/\/camporan.com\/wp-content\/uploads\/2018\/06\/Nissan.NV200-01-1030x773.jpg",1030,773,true],"1536x1536":["https:\/\/camporan.com\/wp-content\/uploads\/2018\/06\/Nissan.NV200-01.jpg",1536,1152,false],"2048x2048":["https:\/\/camporan.com\/wp-content\/uploads\/2018\/06\/Nissan.NV200-01.jpg",2048,1536,false],"woocommerce_thumbnail":["https:\/\/camporan.com\/wp-content\/uploads\/2018\/06\/Nissan.NV200-01-600x450.jpg",600,450,true],"woocommerce_single":["https:\/\/camporan.com\/wp-content\/uploads\/2018\/06\/Nissan.NV200-01-600x450.jpg",600,450,true],"woocommerce_gallery_thumbnail":["https:\/\/camporan.com\/wp-content\/uploads\/2018\/06\/Nissan.NV200-01-100x100.jpg",100,100,true],"wcpr-photo-reviews":["https:\/\/camporan.com\/wp-content\/uploads\/2018\/06\/Nissan.NV200-01.jpg",500,375,false]},"uagb_author_info":{"display_name":"David Lamolla","author_link":"https:\/\/camporan.com\/ca\/author\/david_lamolla\/"},"uagb_comment_info":15,"uagb_excerpt":"Amb aquest Kit Camper per a Nissan NV200 ja pots camperizarla sense renunciar a la comoditat. Aquesta estructura de llit + matal\u00e0s plegable est\u00e0 fabricada a mesura per al NV200, NV200 Evalia i Evalia amb aire condicionat posterior. Constru\u00efda en contraxapat de bedoll mar\u00ed de 9 capes: lleugera, r\u00edgida i pensada per a durar. Muntatge&hellip;","_links":{"self":[{"href":"https:\/\/camporan.com\/ca\/wp-json\/wp\/v2\/product\/4043","targetHints":{"allow":["GET"]}}],"collection":[{"href":"https:\/\/camporan.com\/ca\/wp-json\/wp\/v2\/product"}],"about":[{"href":"https:\/\/camporan.com\/ca\/wp-json\/wp\/v2\/types\/product"}],"author":[{"embeddable":true,"href":"https:\/\/camporan.com\/ca\/wp-json\/wp\/v2\/users\/7"}],"replies":[{"embeddable":true,"href":"https:\/\/camporan.com\/ca\/wp-json\/wp\/v2\/comments?post=4043"}],"wp:featuredmedia":[{"embeddable":true,"href":"https:\/\/camporan.com\/ca\/wp-json\/wp\/v2\/media\/4044"}],"wp:attachment":[{"href":"https:\/\/camporan.com\/ca\/wp-json\/wp\/v2\/media?parent=4043"}],"wp:term":[{"taxonomy":"product_brand","embeddable":true,"href":"https:\/\/camporan.com\/ca\/wp-json\/wp\/v2\/product_brand?post=4043"},{"taxonomy":"product_cat","embeddable":true,"href":"https:\/\/camporan.com\/ca\/wp-json\/wp\/v2\/product_cat?post=4043"},{"taxonomy":"product_tag","embeddable":true,"href":"https:\/\/camporan.com\/ca\/wp-json\/wp\/v2\/product_tag?post=4043"}],"curies":[{"name":"wp","href":"https:\/\/api.w.org\/{rel}","templated":true}]}}