{"id":1471,"date":"2018-06-17T09:32:57","date_gmt":"2018-06-17T07:32:57","guid":{"rendered":"http:\/\/www.camporan.com\/producto\/pack-ford-custom-estructura-de-cama-colchon-plegable\/"},"modified":"2026-04-10T09:28:53","modified_gmt":"2026-04-10T07:28:53","slug":"pack-ford-custom-estructura-de-llit-i-matalas-plegable","status":"publish","type":"product","link":"https:\/\/camporan.com\/ca\/botiga\/pack-ford-custom-estructura-de-llit-i-matalas-plegable\/","title":{"rendered":"Kit Camper Ford Custom: Estructura de Llit + Matal\u00e0s Plegable"},"content":{"rendered":"<h2>PER A QUINES VERSIONS DE LA FORD TRANSIT CUSTOM \u00c9S COMPATIBLE AQUEST KIT CAMPER?<\/h2>\n<p>Ford Transit Custom I i II \/ Ford Tourneo Custom I (2014-2023)<\/p>\n<p>Per a la furgoneta Ford Tourneo Custom II (2023+), m\u00e9s estreta, tenim el <a href=\"https:\/\/camporan.com\/pack-van-estructura-de-cama-colchon-plegable\/\">Kit Camper per a Furgoneta<\/a>.<\/p>\n<h2>CARACTER\u00cdSTIQUES PRINCIPALS:<\/h2>\n<p>Kit camper per a Ford Custom amb el llit complet dissenyat especificamente per a la Transit Custom i la Tourneo Custom, per la qual cosa s&#8217;ajusta perfectament al seu per\u00edmetre.<\/p>\n<p>Lleugera i f\u00e0cil de transportar, emmagatzemar, i muntar o desmuntar. Es pot aprofitar tot el maleter, ja que el llit va refor\u00e7ada per deixar espai lliure a tot el maleter.<\/p>\n<h2><strong>CARACTER\u00cdSTIQUES T\u00c8CNIQUES:<\/strong><\/h2>\n<h3>Materials:<\/h3>\n<ul>\n<li>El material base \u00e9s tauler contraxapat de fusta de bedoll de 12mm (tauler mar\u00ed o carrosser), revestit amb resina marr\u00f3, llisa en una cara i antilliscant en cara superior.<\/li>\n<li>Cants arrodonits, i amb feltre adhesiu en zones de contacte amb la carrosseria<\/li>\n<\/ul>\n<h3>Preparaci\u00f3:<\/h3>\n<ul>\n<li>No requereix cap preparaci\u00f3. En cas de Furgoneta amb 8\/9 places, cal treure la darrera fila.<\/li>\n<\/ul>\n<h3>Muntatge r\u00e0pid, sense eines:<\/h3>\n<ul>\n<li>El muntatge \u00e9s molt senzill i no afecta el xass\u00eds de el vehicle.<\/li>\n<li>Pes Pack complet: 35 kg.<\/li>\n<li>Dimensions Pack complet: 200 x 165 cm.<\/li>\n<\/ul>\n<h2>MATAL\u00c0S:<\/h2>\n<p>Matal\u00e0s de 200 x 165 x 8 cm. Escuma d\u00b4alta densitat 25Kg\/m\u00b3.  Funda amb cremalleres de loneta blava fosc. Matal\u00e0s en 3 parts, unides i plegables com un acordi\u00f3.<\/p>\n<h2 id=\"extracustom\" class=\"_mPS2id-t mPS2id-target mPS2id-target-first\">Tauler de suport extra<\/h2>\n<p>Pots ampliar la teva comanda afegint un tercer tauler de suport per a versions L2 o sense segona fila:<\/p>\n<p><img loading=\"lazy\" decoding=\"async\" class=\"alignnone size-medium wp-image-9726\" src=\"https:\/\/camporan.com\/wp-content\/uploads\/2018\/06\/camporan-kit-camper-ford-custom-opcion-2-300x215.jpg\" alt=\"\" width=\"300\" height=\"215\" srcset=\"https:\/\/camporan.com\/wp-content\/uploads\/2018\/06\/camporan-kit-camper-ford-custom-opcion-2-300x215.jpg 300w, https:\/\/camporan.com\/wp-content\/uploads\/2018\/06\/camporan-kit-camper-ford-custom-opcion-2-600x431.jpg 600w, https:\/\/camporan.com\/wp-content\/uploads\/2018\/06\/camporan-kit-camper-ford-custom-opcion-2-1030x739.jpg 1030w, https:\/\/camporan.com\/wp-content\/uploads\/2018\/06\/camporan-kit-camper-ford-custom-opcion-2-768x551.jpg 768w, https:\/\/camporan.com\/wp-content\/uploads\/2018\/06\/camporan-kit-camper-ford-custom-opcion-2.jpg 1200w\" sizes=\"auto, (max-width: 300px) 100vw, 300px\" \/> <img loading=\"lazy\" decoding=\"async\" class=\"alignnone size-medium wp-image-9721\" src=\"https:\/\/camporan.com\/wp-content\/uploads\/2018\/06\/camporan-kit-camper-ford-custom-opcion-1-300x215.jpg\" alt=\"\" width=\"300\" height=\"215\" srcset=\"https:\/\/camporan.com\/wp-content\/uploads\/2018\/06\/camporan-kit-camper-ford-custom-opcion-1-300x215.jpg 300w, https:\/\/camporan.com\/wp-content\/uploads\/2018\/06\/camporan-kit-camper-ford-custom-opcion-1-600x431.jpg 600w, https:\/\/camporan.com\/wp-content\/uploads\/2018\/06\/camporan-kit-camper-ford-custom-opcion-1-1030x739.jpg 1030w, https:\/\/camporan.com\/wp-content\/uploads\/2018\/06\/camporan-kit-camper-ford-custom-opcion-1-768x551.jpg 768w, https:\/\/camporan.com\/wp-content\/uploads\/2018\/06\/camporan-kit-camper-ford-custom-opcion-1.jpg 1200w\" sizes=\"auto, (max-width: 300px) 100vw, 300px\" \/> <img loading=\"lazy\" decoding=\"async\" class=\"alignnone size-medium wp-image-9716\" src=\"https:\/\/camporan.com\/wp-content\/uploads\/2018\/06\/camporan-kit-camper-ford-custom-opcion-3-300x215.jpg\" alt=\"\" width=\"300\" height=\"215\" srcset=\"https:\/\/camporan.com\/wp-content\/uploads\/2018\/06\/camporan-kit-camper-ford-custom-opcion-3-300x215.jpg 300w, https:\/\/camporan.com\/wp-content\/uploads\/2018\/06\/camporan-kit-camper-ford-custom-opcion-3-600x431.jpg 600w, https:\/\/camporan.com\/wp-content\/uploads\/2018\/06\/camporan-kit-camper-ford-custom-opcion-3-1030x739.jpg 1030w, https:\/\/camporan.com\/wp-content\/uploads\/2018\/06\/camporan-kit-camper-ford-custom-opcion-3-768x551.jpg 768w, https:\/\/camporan.com\/wp-content\/uploads\/2018\/06\/camporan-kit-camper-ford-custom-opcion-3.jpg 1200w\" sizes=\"auto, (max-width: 300px) 100vw, 300px\" \/><\/p>\n<h2>Retall per a Transit amb AA<\/h2>\n<p>Pots ampliar la teva comanda afegint l&#8217;opci\u00f3 de retallada per FORD Transit amb Aire Condicionat:<\/p>\n<p><img loading=\"lazy\" decoding=\"async\" class=\"alignnone size-medium wp-image-9753\" src=\"https:\/\/camporan.com\/wp-content\/uploads\/2018\/06\/camporan-fod-transit-custom-aacc-1-300x300.jpg\" alt=\"\" width=\"300\" height=\"300\" srcset=\"https:\/\/camporan.com\/wp-content\/uploads\/2018\/06\/camporan-fod-transit-custom-aacc-1-300x300.jpg 300w, https:\/\/camporan.com\/wp-content\/uploads\/2018\/06\/camporan-fod-transit-custom-aacc-1-600x600.jpg 600w, https:\/\/camporan.com\/wp-content\/uploads\/2018\/06\/camporan-fod-transit-custom-aacc-1-100x100.jpg 100w, https:\/\/camporan.com\/wp-content\/uploads\/2018\/06\/camporan-fod-transit-custom-aacc-1-80x80.jpg 80w, https:\/\/camporan.com\/wp-content\/uploads\/2018\/06\/camporan-fod-transit-custom-aacc-1-768x768.jpg 768w, https:\/\/camporan.com\/wp-content\/uploads\/2018\/06\/camporan-fod-transit-custom-aacc-1.jpg 800w\" sizes=\"auto, (max-width: 300px) 100vw, 300px\" \/> <img loading=\"lazy\" decoding=\"async\" class=\"alignnone size-medium wp-image-9758\" src=\"https:\/\/camporan.com\/wp-content\/uploads\/2018\/06\/camporan-fod-transit-custom-aacc-2-300x300.jpg\" alt=\"\" width=\"300\" height=\"300\" srcset=\"https:\/\/camporan.com\/wp-content\/uploads\/2018\/06\/camporan-fod-transit-custom-aacc-2-300x300.jpg 300w, https:\/\/camporan.com\/wp-content\/uploads\/2018\/06\/camporan-fod-transit-custom-aacc-2-600x600.jpg 600w, https:\/\/camporan.com\/wp-content\/uploads\/2018\/06\/camporan-fod-transit-custom-aacc-2-100x100.jpg 100w, https:\/\/camporan.com\/wp-content\/uploads\/2018\/06\/camporan-fod-transit-custom-aacc-2-80x80.jpg 80w, https:\/\/camporan.com\/wp-content\/uploads\/2018\/06\/camporan-fod-transit-custom-aacc-2-768x768.jpg 768w, https:\/\/camporan.com\/wp-content\/uploads\/2018\/06\/camporan-fod-transit-custom-aacc-2.jpg 800w\" sizes=\"auto, (max-width: 300px) 100vw, 300px\" \/><\/p>\n","protected":false},"excerpt":{"rendered":"<p>Transforma amb aquest Kit camper per a Ford Custom, que cont\u00e9 estructura de llit + matal\u00e0s plegable, la Transit i la Tourneo en camper sense renunciar a l&#8217;espai de c\u00e0rrega. Dissenyo modular i a mesura que et permet plegar i guardar en minuts, sense eines. Constru\u00efda en contraxapat de bedoll mar\u00ed de 9 capes: lleugera, r\u00edgida i duradora. M\u00e9s de 25 clients li donen 5\/5.   <\/p>\n<h4>Tens la nova Ford Transit Custom 2024+?<\/h4>\n<p>Aprofita el <strong>descompte exclusiu de llan\u00e7ament, d&#8217;un 20%<\/strong> !<br \/>\nOportunitat \u00fanica per equipar el teu Transit Custom al millor preu.  <em>(S&#8217;apliquen condicions).<\/em><\/p>\n","protected":false},"author":7,"featured_media":14747,"comment_status":"open","ping_status":"closed","template":"","meta":{"om_disable_all_campaigns":false,"_uag_custom_page_level_css":"","site-sidebar-layout":"default","site-content-layout":"default","ast-site-content-layout":"default","site-content-style":"default","site-sidebar-style":"default","ast-global-header-display":"","ast-banner-title-visibility":"","ast-main-header-display":"","ast-hfb-above-header-display":"","ast-hfb-below-header-display":"","ast-hfb-mobile-header-display":"","site-post-title":"","ast-breadcrumbs-content":"","ast-featured-img":"","footer-sml-layout":"","ast-disable-related-posts":"","theme-transparent-header-meta":"default","adv-header-id-meta":"","stick-header-meta":"default","header-above-stick-meta":"","header-main-stick-meta":"","header-below-stick-meta":"","astra-migrate-meta-layouts":"set","ast-page-background-enabled":"default","ast-page-background-meta":{"desktop":{"background-color":"","background-image":"","background-repeat":"repeat","background-position":"center center","background-size":"auto","background-attachment":"scroll","background-type":"","background-media":"","overlay-type":"","overlay-color":"","overlay-opacity":"","overlay-gradient":""},"tablet":{"background-color":"","background-image":"","background-repeat":"repeat","background-position":"center center","background-size":"auto","background-attachment":"scroll","background-type":"","background-media":"","overlay-type":"","overlay-color":"","overlay-opacity":"","overlay-gradient":""},"mobile":{"background-color":"","background-image":"","background-repeat":"repeat","background-position":"center center","background-size":"auto","background-attachment":"scroll","background-type":"","background-media":"","overlay-type":"","overlay-color":"","overlay-opacity":"","overlay-gradient":""}},"ast-content-background-meta":{"desktop":{"background-color":"var(--ast-global-color-5)","background-image":"","background-repeat":"repeat","background-position":"center center","background-size":"auto","background-attachment":"scroll","background-type":"","background-media":"","overlay-type":"","overlay-color":"","overlay-opacity":"","overlay-gradient":""},"tablet":{"background-color":"var(--ast-global-color-5)","background-image":"","background-repeat":"repeat","background-position":"center center","background-size":"auto","background-attachment":"scroll","background-type":"","background-media":"","overlay-type":"","overlay-color":"","overlay-opacity":"","overlay-gradient":""},"mobile":{"background-color":"var(--ast-global-color-5)","background-image":"","background-repeat":"repeat","background-position":"center center","background-size":"auto","background-attachment":"scroll","background-type":"","background-media":"","overlay-type":"","overlay-color":"","overlay-opacity":"","overlay-gradient":""}}},"product_brand":[],"product_cat":[137,570,579],"product_tag":[903,146],"class_list":{"0":"post-1471","1":"product","2":"type-product","3":"status-publish","4":"has-post-thumbnail","6":"product_cat-packs","7":"product_cat-tourneo-custom","8":"product_cat-transit-custom","9":"product_tag-ford-tourneo-custom-ca","10":"product_tag-ford-transit-custom-ca","11":"desktop-align-center","12":"tablet-align-center","13":"mobile-align-center","14":"ast-product-gallery-layout-horizontal","15":"ast-product-tabs-layout-vertical","17":"first","18":"instock","19":"sale","20":"taxable","21":"shipping-taxable","22":"purchasable","23":"product-type-bundle"},"bundled_by":[],"bundle_stock_status":"instock","bundle_stock_quantity":"","bundle_virtual":false,"bundle_layout":"grid","bundle_add_to_cart_form_location":"default","bundle_editable_in_cart":false,"bundle_sold_individually_context":"product","bundle_item_grouping":"parent","bundle_min_size":"","bundle_max_size":"","bundle_price":{"price":{"min":{"incl_tax":"960","excl_tax":"793.38843"},"max":{"incl_tax":"960","excl_tax":"793.38843"}},"regular_price":{"min":{"incl_tax":"1000","excl_tax":"826.446281"},"max":{"incl_tax":"1000","excl_tax":"826.446281"}}},"bundled_items":[{"bundled_item_id":23,"product_id":1162,"menu_order":0,"quantity_min":1,"quantity_max":1,"quantity_default":1,"priced_individually":false,"shipped_individually":false,"override_title":false,"title":"Matal\u00e0s per a Furgoneta Ford Custom Transit i Tourneo","override_description":false,"description":"Matal\u00e0s per a Furgoneta Ford Custom Transit i Tourneo","optional":false,"hide_thumbnail":false,"discount":"","override_variations":false,"allowed_variations":[""],"override_default_variation_attributes":false,"default_variation_attributes":[],"single_product_visibility":"hidden","cart_visibility":"visible","order_visibility":"visible","single_product_price_visibility":"visible","cart_price_visibility":"visible","order_price_visibility":"visible","stock_status":"in_stock"},{"bundled_item_id":24,"product_id":1172,"menu_order":1,"quantity_min":1,"quantity_max":1,"quantity_default":1,"priced_individually":false,"shipped_individually":false,"override_title":false,"title":"Estructura de Llit per a Ford Custom","override_description":false,"description":"Estructura de Llit per a Ford Custom","optional":false,"hide_thumbnail":false,"discount":"","override_variations":false,"allowed_variations":[""],"override_default_variation_attributes":false,"default_variation_attributes":[],"single_product_visibility":"hidden","cart_visibility":"visible","order_visibility":"visible","single_product_price_visibility":"visible","cart_price_visibility":"visible","order_price_visibility":"visible","stock_status":"in_stock"}],"bundle_sell_ids":[],"exclude_global_add_ons":false,"addons":[{"name":"Extras","type":"checkbox","position":0,"required":false,"title_format":"label","default":"","description_enable":true,"description":"Afegir opci\u00f3 de tercer tauler extra de suport per a versions L2 o per viatjar sense la segona fila de seients (indicar-ho en notes), i Opci\u00f3 de retallada per a la Custom amb Aire Condicionat <a href=\"#extracustom\">M\u00e9s informaci\u00f3<\/a>","placeholder_enable":false,"placeholder":null,"display":"select","restrictions_type":"any_text","adjust_price":false,"price":"","price_type":"flat_fee","restrictions":false,"min":"0","max":"0","options":[{"label":"Transit Custom L2 amb 2 taulers","price":"25","price_type":"flat_fee","image":0,"visibility":true},{"label":"3er Tauler extra (L2 o L1 sense seients)","price":"90","price_type":"flat_fee","image":0,"visibility":true},{"label":"Retall per a Transit amb Aire condicionat","price":"25","price_type":"flat_fee","image":0,"visibility":true},{"label":"Retall per a Tourneo Custom","price":"35","price_type":"flat_fee","image":0,"visibility":true}],"id":1713375253},{"name":"Extres per al matal\u00e0s:","type":"checkbox","position":1,"required":false,"title_format":"label","default":"","description_enable":true,"description":"Es poden demanar canvis pel que fa al tipus d'escuma, gruix o color de la funda. Qualsevol d'aquestes opcions addicionals impliquen fabricaci\u00f3 especial sota comanda, per la qual cosa el termini de lliurament pot augmentar entre 10 i 15 dies, i es perd amb el matal\u00e0s el dret de desistiment, en tractar-se d'un producte fabricat a mida [Llei ES 1\/2007Art 103 c)]","placeholder_enable":false,"placeholder":null,"display":"select","restrictions_type":"any_text","adjust_price":false,"price":"","price_type":"flat_fee","restrictions":false,"min":"0","max":"0","options":[{"label":"Increment del gruix en 2cm","price":"35","price_type":"flat_fee","image":0,"visibility":true},{"label":"Augment de la densitat a \"dur\" (HR35)","price":"40","price_type":"flat_fee","image":0,"visibility":true},{"label":"2cm de viscol\u00e0stica, amb el mateix gruix total","price":"40","price_type":"flat_fee","image":0,"visibility":true},{"label":"Canvi de color de la funda (consulteu colors disponibles)","price":"20","price_type":"flat_fee","image":0,"visibility":true}],"id":1713375254},{"name":"Extres per al matal\u00e0s:","type":"checkbox","position":0,"required":false,"title_format":"label","default":"","description_enable":true,"description":"Es poden demanar canvis respecte del tipus d'escuma, gruix o color de la funda. Qualsevol d'aquestes opcions addicionals impliquen fabricaci\u00f3 especial sota comanda, per la qual cosa el termini de lliurament pot augmentar entre 8 i 15 dies, i es perd amb el matal\u00e0s el dret de desistiment, en tractar-se d'un producte fabricat a mida [Llei 1\/ 2007Art 103 c)]","placeholder_enable":false,"placeholder":"","display":"select","restrictions_type":"any_text","adjust_price":false,"price":"","price_type":"flat_fee","restrictions":false,"min":"0","max":"0","options":[{"label":"Increment de l'espessor en 2cm","price":"40","price_type":"flat_fee","image":0,"visibility":true},{"label":"Augment de la densitat a D30 \"dur\"","price":"35","price_type":"flat_fee","image":0,"visibility":true},{"label":"3 cm de viscoel\u00e0stica, amb el mateix gruix total","price":"40","price_type":"flat_fee","image":0,"visibility":true},{"label":"Canvi de color de la funda","price":"25","price_type":"flat_fee","image":0,"visibility":true}],"id":1686912989}],"aioseo_notices":[],"spectra_custom_meta":{"_alp_processed":["1775806133"],"wcml_sync_hash":["a:1:{s:15:\"postmeta_fields\";s:32:\"c95dc5d6f39d94b931efda55972b98ec\";}"],"attr_label_translations":["a:0:{}"],"_product_attributes":["a:0:{}"],"_sku":["4513"],"_sale_price_dates_from":[""],"_sale_price_dates_to":[""],"_tax_status":["taxable"],"_tax_class":[""],"_manage_stock":["yes"],"_backorders":["notify"],"_sold_individually":["no"],"_height":["30"],"_purchase_note":[""],"_virtual":["no"],"_downloadable":["no"],"_product_image_gallery":["1472,1173,14748,14749,4013,5290,5303,5299,11149,11449,13365,11480"],"_download_limit":["-1"],"_download_expiry":["-1"],"_stock_status":["instock"],"_wc_average_rating":["5.00"],"_wc_rating_count":[{"5":25}],"_wc_review_count":["25"],"_downloadable_files":["a:0:{}"],"_product_version":["10.0.4"],"_wpml_media_duplicate":["1"],"_wpml_media_featured":["1"],"_av_alb_posts_elements_state":["a:0:{}"],"_av_el_mgr_version":["1.0"],"_av_alb_element_mgr_version":["1.0.1"],"_aviaLayoutBuilder_active":[""],"_avia_sc_parser_state":["check_only"],"_avia_builder_shortcode_tree":["a:0:{}"],"layout":[""],"sidebar":[""],"footer":[""],"header_title_bar":[""],"header_transparency":[""],"_product_hover":[""],"_avia_hide_featured_image":["0"],"_wpml_location_migration_done":["1"],"_wpml_word_count":["366"],"_related_ids":["a:2:{i:0;i:1172;i:1;i:1162;}"],"_wp_old_slug":["pack-ford-custom-estructura-de-cama-colchon-plegable"],"_default_attributes":["a:0:{}"],"_children":["a:0:{}"],"_wp_attachment_metadata":[""],"_wcml_average_rating":["5.00"],"_wcml_review_count":["25"],"_thumbnail_id":["14747"],"_last_translation_edit_mode":["translation-editor"],"_stock":["17"],"_low_stock_amount":["0"],"_weight":["33"],"_width":["175"],"_length":["80"],"total_sales":["65"],"_edit_lock":["1713942923:58"],"_edit_last":["58"],"_aioseop_opengraph_settings":["a:0:{}"],"_vtwf_enable_tab":["yes"],"_vtwf_tab_title":["V\u00eddeo"],"_vtwf_hide_title":["no"],"_vtwf_video_content":["<iframe width=\"560\" height=\"315\" src=\"https:\/\/www.youtube.com\/embed\/NKj38poCxN0\" frameborder=\"0\" allow=\"accelerometer; autoplay; encrypted-media; gyroscope; picture-in-picture\" allowfullscreen><\/iframe>"],"_aviaLayoutBuilderCleanData":[""],"site-sidebar-layout":["default"],"site-content-layout":["default"],"theme-transparent-header-meta":["default"],"woosb_disable_auto_price":["on"],"woosb_discount":["5"],"woosb_discount_amount":[""],"woosb_shipping_fee":["whole"],"woosb_optional_products":["off"],"woosb_manage_stock":["off"],"woosb_limit_each_min":[""],"woosb_limit_each_max":[""],"woosb_limit_each_min_default":["off"],"woosb_limit_whole_min":[""],"woosb_limit_whole_max":[""],"_aioseo_og_article_section":[""],"_aioseo_og_article_tags":["a:0:{}"],"stick-header-meta":["default"],"woosb_ids":["1162\/1,1172\/1"],"_wcml_rating_count":["a:1:{i:5;i:25;}"],"_product_meta_id":["4"],"_top_nav_excluded":[""],"_cms_nav_minihome":[""],"_wpml_media_has_media":["1"],"_wc_pb_edit_in_cart":["no"],"_product_addons_exclude_global":["0"],"_wc_pb_bundled_items_stock_sync_status":["synced"],"_wcpb_min_qty_limit":[""],"_wcpb_max_qty_limit":[""],"_wc_pb_virtual_bundle":["no"],"_wc_pb_group_mode":["parent"],"_wc_pb_aggregate_weight":["no"],"_wc_pb_sold_individually_context":["product"],"_wc_pb_add_to_cart_form_location":["default"],"ast-site-content-layout":["default"],"site-content-style":["default"],"site-sidebar-style":["default"],"_video_url":["https:\/\/youtu.be\/NKj38poCxN0"],"_video_image_url":["4417"],"astra-migrate-meta-layouts":["set"],"_wc_pb_layout_style":["grid"],"_regular_price":["1000"],"_sale_price":["960"],"_price":["960"],"_wc_pb_base_regular_price":["1000"],"_wc_pb_base_sale_price":["960"],"_wc_pb_base_price":["960"],"_wc_sw_max_price":["960"],"_wc_sw_max_regular_price":["1000"],"_crosssell_ids":["a:1:{i:0;i:8968;}"],"_upsell_ids":["a:3:{i:0;i:9026;i:1;i:1162;i:2;i:1172;}"],"_aioseop_title":["Moble llit Ford Custom"],"_aioseop_description":["Pack de moble camper i matal\u00e0s, per a furgoneta Ford Transit Custom."],"_aioseop_keywords":["camperitzar ford Transit custom, llit Ford Custom"],"_aioseo_title":["Kit camper per a Ford Custom | Transit - Tourneo | Camporan"],"_aioseo_description":["Kit camper per a Ford Custom estructura de llit + matal\u00e0s plegable Transit i Tourneo. Dissenyo modular, muntatge en minuts. +25 valoracions 5\/5. models 2024.   "],"_aioseo_keywords":["camperitzar ford Transit custom,llit Ford Custom"],"_product_addons":["a:2:{i:0;a:20:{s:4:\"name\";s:6:\"Extras\";s:12:\"title_format\";s:5:\"label\";s:18:\"description_enable\";i:1;s:11:\"description\";s:236:\"Afegir opci\u00f3 de tercer tauler extra de suport per a versions L2 o per viatjar sense la segona fila de seients (indicar-ho en notes), i Opci\u00f3 de retallada per a la Custom amb Aire Condicionat <a href=\"#extracustom\">M\u00e9s informaci\u00f3<\/a>\";s:18:\"placeholder_enable\";i:0;s:11:\"placeholder\";N;s:4:\"type\";s:8:\"checkbox\";s:7:\"display\";s:6:\"select\";s:8:\"position\";i:0;s:8:\"required\";i:0;s:12:\"restrictions\";i:0;s:17:\"restrictions_type\";s:8:\"any_text\";s:12:\"adjust_price\";i:0;s:10:\"price_type\";s:8:\"flat_fee\";s:5:\"price\";s:0:\"\";s:2:\"id\";s:10:\"1713375253\";s:3:\"min\";i:0;s:3:\"max\";i:0;s:7:\"default\";s:0:\"\";s:7:\"options\";a:4:{i:0;a:5:{s:5:\"label\";s:31:\"Transit Custom L2 amb 2 taulers\";s:5:\"price\";s:2:\"25\";s:5:\"image\";s:0:\"\";s:10:\"price_type\";s:8:\"flat_fee\";s:10:\"visibility\";i:1;}i:1;a:5:{s:5:\"label\";s:40:\"3er Tauler extra (L2 o L1 sense seients)\";s:5:\"price\";s:2:\"90\";s:5:\"image\";s:0:\"\";s:10:\"price_type\";s:8:\"flat_fee\";s:10:\"visibility\";i:1;}i:2;a:5:{s:5:\"label\";s:41:\"Retall per a Transit amb Aire condicionat\";s:5:\"price\";s:2:\"25\";s:5:\"image\";s:0:\"\";s:10:\"price_type\";s:8:\"flat_fee\";s:10:\"visibility\";i:1;}i:3;a:5:{s:5:\"label\";s:27:\"Retall per a Tourneo Custom\";s:5:\"price\";s:2:\"35\";s:5:\"image\";s:0:\"\";s:10:\"price_type\";s:8:\"flat_fee\";s:10:\"visibility\";i:1;}}}i:1;a:20:{s:4:\"name\";s:23:\"Extres per al matal\u00e0s:\";s:12:\"title_format\";s:5:\"label\";s:18:\"description_enable\";i:1;s:11:\"description\";s:363:\"Es poden demanar canvis pel que fa al tipus d'escuma, gruix o color de la funda. Qualsevol d'aquestes opcions addicionals impliquen fabricaci\u00f3 especial sota comanda, per la qual cosa el termini de lliurament pot augmentar entre 10 i 15 dies, i es perd amb el matal\u00e0s el dret de desistiment, en tractar-se d'un producte fabricat a mida [Llei ES 1\/2007Art 103 c)]\";s:18:\"placeholder_enable\";i:0;s:11:\"placeholder\";N;s:4:\"type\";s:8:\"checkbox\";s:7:\"display\";s:6:\"select\";s:8:\"position\";i:1;s:8:\"required\";i:0;s:12:\"restrictions\";i:0;s:17:\"restrictions_type\";s:8:\"any_text\";s:12:\"adjust_price\";i:0;s:10:\"price_type\";s:8:\"flat_fee\";s:5:\"price\";s:0:\"\";s:2:\"id\";s:10:\"1713375254\";s:3:\"min\";i:0;s:3:\"max\";i:0;s:7:\"default\";s:0:\"\";s:7:\"options\";a:4:{i:0;a:5:{s:5:\"label\";s:26:\"Increment del gruix en 2cm\";s:5:\"price\";s:2:\"35\";s:5:\"image\";s:0:\"\";s:10:\"price_type\";s:8:\"flat_fee\";s:10:\"visibility\";i:1;}i:1;a:5:{s:5:\"label\";s:37:\"Augment de la densitat a \"dur\" (HR35)\";s:5:\"price\";s:2:\"40\";s:5:\"image\";s:0:\"\";s:10:\"price_type\";s:8:\"flat_fee\";s:10:\"visibility\";i:1;}i:2;a:5:{s:5:\"label\";s:47:\"2cm de viscol\u00e0stica, amb el mateix gruix total\";s:5:\"price\";s:2:\"40\";s:5:\"image\";s:0:\"\";s:10:\"price_type\";s:8:\"flat_fee\";s:10:\"visibility\";i:1;}i:3;a:5:{s:5:\"label\";s:57:\"Canvi de color de la funda (consulteu colors disponibles)\";s:5:\"price\";s:2:\"20\";s:5:\"image\";s:0:\"\";s:10:\"price_type\";s:8:\"flat_fee\";s:10:\"visibility\";i:1;}}}}"],"_schema_json":["a:0:{}"],"_schema_json_timestamp":["1777244749"],"_uag_page_assets":["a:9:{s:3:\"css\";s:0:\"\";s:2:\"js\";s:0:\"\";s:18:\"current_block_list\";a:2:{i:0;s:12:\"core\/heading\";i:1;s:14:\"core\/paragraph\";}s:8:\"uag_flag\";b:0;s:11:\"uag_version\";i:1777220376;s:6:\"gfonts\";a:0:{}s:10:\"gfonts_url\";s:0:\"\";s:12:\"gfonts_files\";a:0:{}s:14:\"uag_faq_layout\";b:0;}"]},"uagb_featured_image_src":{"full":["https:\/\/camporan.com\/wp-content\/uploads\/2018\/06\/camporan-pack-custom-1.jpg",1200,900,false],"thumbnail":["https:\/\/camporan.com\/wp-content\/uploads\/2018\/06\/camporan-pack-custom-1-300x300.jpg",300,300,true],"medium":["https:\/\/camporan.com\/wp-content\/uploads\/2018\/06\/camporan-pack-custom-1-300x225.jpg",300,225,true],"medium_large":["https:\/\/camporan.com\/wp-content\/uploads\/2018\/06\/camporan-pack-custom-1-768x576.jpg",768,576,true],"large":["https:\/\/camporan.com\/wp-content\/uploads\/2018\/06\/camporan-pack-custom-1-1030x773.jpg",1030,773,true],"1536x1536":["https:\/\/camporan.com\/wp-content\/uploads\/2018\/06\/camporan-pack-custom-1.jpg",1200,900,false],"2048x2048":["https:\/\/camporan.com\/wp-content\/uploads\/2018\/06\/camporan-pack-custom-1.jpg",1200,900,false],"woocommerce_thumbnail":["https:\/\/camporan.com\/wp-content\/uploads\/2018\/06\/camporan-pack-custom-1-600x450.jpg",600,450,true],"woocommerce_single":["https:\/\/camporan.com\/wp-content\/uploads\/2018\/06\/camporan-pack-custom-1-600x450.jpg",600,450,true],"woocommerce_gallery_thumbnail":["https:\/\/camporan.com\/wp-content\/uploads\/2018\/06\/camporan-pack-custom-1-100x100.jpg",100,100,true],"wcpr-photo-reviews":["https:\/\/camporan.com\/wp-content\/uploads\/2018\/06\/camporan-pack-custom-1.jpg",500,375,false]},"uagb_author_info":{"display_name":"David Lamolla","author_link":"https:\/\/camporan.com\/ca\/author\/david_lamolla\/"},"uagb_comment_info":25,"uagb_excerpt":"Transforma amb aquest Kit camper per a Ford Custom, que cont\u00e9 estructura de llit + matal\u00e0s plegable, la Transit i la Tourneo en camper sense renunciar a l'espai de c\u00e0rrega. Dissenyo modular i a mesura que et permet plegar i guardar en minuts, sense eines. Constru\u00efda en contraxapat de bedoll mar\u00ed de 9 capes: lleugera,&hellip;","_links":{"self":[{"href":"https:\/\/camporan.com\/ca\/wp-json\/wp\/v2\/product\/1471","targetHints":{"allow":["GET"]}}],"collection":[{"href":"https:\/\/camporan.com\/ca\/wp-json\/wp\/v2\/product"}],"about":[{"href":"https:\/\/camporan.com\/ca\/wp-json\/wp\/v2\/types\/product"}],"author":[{"embeddable":true,"href":"https:\/\/camporan.com\/ca\/wp-json\/wp\/v2\/users\/7"}],"replies":[{"embeddable":true,"href":"https:\/\/camporan.com\/ca\/wp-json\/wp\/v2\/comments?post=1471"}],"wp:featuredmedia":[{"embeddable":true,"href":"https:\/\/camporan.com\/ca\/wp-json\/wp\/v2\/media\/14747"}],"wp:attachment":[{"href":"https:\/\/camporan.com\/ca\/wp-json\/wp\/v2\/media?parent=1471"}],"wp:term":[{"taxonomy":"product_brand","embeddable":true,"href":"https:\/\/camporan.com\/ca\/wp-json\/wp\/v2\/product_brand?post=1471"},{"taxonomy":"product_cat","embeddable":true,"href":"https:\/\/camporan.com\/ca\/wp-json\/wp\/v2\/product_cat?post=1471"},{"taxonomy":"product_tag","embeddable":true,"href":"https:\/\/camporan.com\/ca\/wp-json\/wp\/v2\/product_tag?post=1471"}],"curies":[{"name":"wp","href":"https:\/\/api.w.org\/{rel}","templated":true}]}}