{"id":1152,"date":"2018-06-17T12:39:35","date_gmt":"2018-06-17T10:39:35","guid":{"rendered":"http:\/\/www.camporan.com\/producto\/estructura-de-cama-nv200\/"},"modified":"2026-04-08T07:36:13","modified_gmt":"2026-04-08T05:36:13","slug":"estructura-de-llit-nv200","status":"publish","type":"product","link":"https:\/\/camporan.com\/ca\/botiga\/estructura-de-llit-nv200\/","title":{"rendered":"Estructura de Llit per a Nissan NV200"},"content":{"rendered":"<h2>PER A QUINES VERSIONS DEL NISSAN NV200 \u00c9S COMPATIBLE?<\/h2>\n<p>Nissan NV200 \/ Nissan NV200 Evalia \/ Nissan NV200 Evalia amb Aire condicionat posterior (indicar quin model en fer la comanda)<\/p>\n<h2>CARACTER\u00cdSTIQUES PRINCIPALS:<\/h2>\n<p>Estructura de Llit per a Nissan NV200 polivalent dissenyada per a convertir la teva furgoneta Nissan NV200 en camper.<\/p>\n<p>Lleugera i f\u00e0cil de transportar, emmagatzemar, i muntar o desmuntar.<br \/>\n Es pot aprofitar tot el maleter, ja que el llit va refor\u00e7at per poder aprofitar tot lespai entre el pas de rodes, sense suports inermedis.<\/p>\n<p>No inclou matal\u00e0s.<\/p>\n<h2>CARACTER\u00cdSTIQUES T\u00c8CNIQUES:<\/h2>\n<h3>Materials:<\/h3>\n<ul>\n<li>El material base \u00e9s tauler de fusta de bedoll de 12mm (tauler mar\u00ed), revestit amb resina marr\u00f3, llisa en una cara i antilliscant en una altra.<\/li>\n<li>Cants arrodonits i segellats en zona de maleter, i amb filtre adhesiu a zones de contacte amb la carrosseria.<\/li>\n<\/ul>\n<h3>Preparaci\u00f3:<\/h3>\n<ul>\n<li>Les peces ja tenen la mida de la NV200 o Evalia.<br \/>\n En cas d&#8217;Evalia, o Evalia amb aire condicionat posterior, cal indicar-ho a la comanda. Si teniu model de 7 places, i voleu conservar-les, indiqueu-ho en el moment de fer la comanda.<\/li>\n<\/ul>\n<h3>Muntatge i desmuntatge en segons:<\/h3>\n<ul>\n<li>El muntatge del somier per a la Nissan \u00e9s molt senzill i no afecta el xass\u00eds del vehicle. En menys de 2 minuts, tindr\u00e0s una Nissan NV200 camper, a punt per comen\u00e7ar a viatjar.<\/li>\n<li>A la tornada, pots mantenir el kit en maleter, o desmuntar-lo i guardar-lo: furgoneta llesta per treballar.<\/li>\n<li>Pes: 28 kg.<br \/>\n Dimensions: 190 x 140 cm.<\/li>\n<\/ul>\n","protected":false},"excerpt":{"rendered":"<p>L&#8217;estructura de llit per a Nissan NV200 que es munta i desmunta en segons. Dissenyada a mesura per a la NV200, NV200 Evalia i Evalia amb aire condicionat posterior, amb espai d&#8217;emmagatzematge aprofitable sota el llit. Fabricada en contraxapat de bedoll mar\u00ed: lleugera, r\u00edgida i pensada per a durar. Sense matal\u00e0s incl\u00f2s, combina-la amb el matal\u00e0s Camporan per a NV200 o amb el teu propi. Una soluci\u00f3 completa per a camperizar la teva furgoneta sense complicacions.    <\/p>\n","protected":false},"author":7,"featured_media":9486,"comment_status":"open","ping_status":"closed","template":"","meta":{"om_disable_all_campaigns":false,"_uag_custom_page_level_css":"","site-sidebar-layout":"default","site-content-layout":"default","ast-site-content-layout":"default","site-content-style":"default","site-sidebar-style":"default","ast-global-header-display":"","ast-banner-title-visibility":"","ast-main-header-display":"","ast-hfb-above-header-display":"","ast-hfb-below-header-display":"","ast-hfb-mobile-header-display":"","site-post-title":"","ast-breadcrumbs-content":"","ast-featured-img":"","footer-sml-layout":"","ast-disable-related-posts":"","theme-transparent-header-meta":"default","adv-header-id-meta":"","stick-header-meta":"default","header-above-stick-meta":"","header-main-stick-meta":"","header-below-stick-meta":"","astra-migrate-meta-layouts":"default","ast-page-background-enabled":"default","ast-page-background-meta":{"desktop":{"background-color":"","background-image":"","background-repeat":"repeat","background-position":"center center","background-size":"auto","background-attachment":"scroll","background-type":"","background-media":"","overlay-type":"","overlay-color":"","overlay-opacity":"","overlay-gradient":""},"tablet":{"background-color":"","background-image":"","background-repeat":"repeat","background-position":"center center","background-size":"auto","background-attachment":"scroll","background-type":"","background-media":"","overlay-type":"","overlay-color":"","overlay-opacity":"","overlay-gradient":""},"mobile":{"background-color":"","background-image":"","background-repeat":"repeat","background-position":"center center","background-size":"auto","background-attachment":"scroll","background-type":"","background-media":"","overlay-type":"","overlay-color":"","overlay-opacity":"","overlay-gradient":""}},"ast-content-background-meta":{"desktop":{"background-color":"var(--ast-global-color-5)","background-image":"","background-repeat":"repeat","background-position":"center center","background-size":"auto","background-attachment":"scroll","background-type":"","background-media":"","overlay-type":"","overlay-color":"","overlay-opacity":"","overlay-gradient":""},"tablet":{"background-color":"var(--ast-global-color-5)","background-image":"","background-repeat":"repeat","background-position":"center center","background-size":"auto","background-attachment":"scroll","background-type":"","background-media":"","overlay-type":"","overlay-color":"","overlay-opacity":"","overlay-gradient":""},"mobile":{"background-color":"var(--ast-global-color-5)","background-image":"","background-repeat":"repeat","background-position":"center center","background-size":"auto","background-attachment":"scroll","background-type":"","background-media":"","overlay-type":"","overlay-color":"","overlay-opacity":"","overlay-gradient":""}}},"product_brand":[],"product_cat":[118,594,597],"product_tag":[120,121,122],"class_list":{"0":"post-1152","1":"product","2":"type-product","3":"status-publish","4":"has-post-thumbnail","6":"product_cat-estructures","7":"product_cat-evalia","8":"product_cat-nv200-2","9":"product_tag-nissan-nv200-ca","10":"product_tag-nissan-nv200-evalia-ca","11":"product_tag-nissan-nv200-evalia-con-aire-condicionado-posterior-ca","12":"desktop-align-center","13":"tablet-align-center","14":"mobile-align-center","15":"ast-product-gallery-layout-horizontal","16":"ast-product-tabs-layout-vertical","18":"first","19":"instock","20":"taxable","21":"shipping-taxable","22":"purchasable","23":"product-type-simple"},"bundled_by":["4043"],"bundle_stock_status":"instock","bundle_stock_quantity":11,"bundle_virtual":false,"bundle_layout":"","bundle_add_to_cart_form_location":"","bundle_editable_in_cart":false,"bundle_sold_individually_context":"","bundle_item_grouping":"","bundle_min_size":"","bundle_max_size":"","bundle_price":[],"bundled_items":[],"bundle_sell_ids":[],"exclude_global_add_ons":false,"addons":[{"name":"Extras","type":"checkbox","position":0,"required":false,"title_format":"label","default":"","description_enable":true,"description":"Afegir opci\u00f3 de retallada per a furgoneta amb l'embalum de l'Aire Condicionat del darrere.","placeholder_enable":false,"placeholder":null,"display":"select","restrictions_type":"any_text","adjust_price":false,"price":"","price_type":"flat_fee","restrictions":false,"min":"0","max":"0","options":[{"label":"Retall per NV200 Evalia amb Aire Condicionat","price":"35","price_type":"flat_fee","image":0,"visibility":true}],"id":1699609883},{"name":"Extres per al matal\u00e0s:","type":"checkbox","position":0,"required":false,"title_format":"label","default":"","description_enable":true,"description":"Es poden demanar canvis respecte del tipus d'escuma, gruix o color de la funda. Qualsevol d'aquestes opcions addicionals impliquen fabricaci\u00f3 especial sota comanda, per la qual cosa el termini de lliurament pot augmentar entre 8 i 15 dies, i es perd amb el matal\u00e0s el dret de desistiment, en tractar-se d'un producte fabricat a mida [Llei 1\/ 2007Art 103 c)]","placeholder_enable":false,"placeholder":"","display":"select","restrictions_type":"any_text","adjust_price":false,"price":"","price_type":"flat_fee","restrictions":false,"min":"0","max":"0","options":[{"label":"Increment de l'espessor en 2cm","price":"40","price_type":"flat_fee","image":0,"visibility":true},{"label":"Augment de la densitat a D30 \"dur\"","price":"35","price_type":"flat_fee","image":0,"visibility":true},{"label":"3 cm de viscoel\u00e0stica, amb el mateix gruix total","price":"40","price_type":"flat_fee","image":0,"visibility":true},{"label":"Canvi de color de la funda","price":"25","price_type":"flat_fee","image":0,"visibility":true}],"id":1686912989}],"aioseo_notices":[],"spectra_custom_meta":{"_wpml_word_count":["318"],"_alp_processed":["1775626574"],"_sku":["4105"],"_sale_price":[""],"_sale_price_dates_from":[""],"_sale_price_dates_to":[""],"_tax_status":["taxable"],"_tax_class":[""],"_manage_stock":["yes"],"_backorders":["notify"],"_sold_individually":["no"],"_length":["145"],"_width":["65"],"_height":["10"],"_purchase_note":[""],"_virtual":["no"],"_downloadable":["no"],"_product_image_gallery":["13260,1048,1051,4255,11149,11438,13910"],"_download_limit":["-1"],"_download_expiry":["-1"],"_stock_status":["instock"],"_wc_average_rating":["5.00"],"_wc_review_count":["2"],"_downloadable_files":["a:0:{}"],"_product_version":["10.4.3"],"_wpml_location_migration_done":["1"],"_aviaLayoutBuilder_active":[""],"_avia_sc_parser_state":["check_only"],"_avia_builder_shortcode_tree":["a:0:{}"],"_av_el_mgr_version":["1.0"],"_av_alb_posts_elements_state":["a:0:{}"],"layout":[""],"sidebar":[""],"footer":[""],"header_title_bar":[""],"header_transparency":[""],"_product_hover":[""],"_avia_hide_featured_image":["0"],"_related_ids":["a:2:{i:0;i:1157;i:1;i:4043;}"],"_wpml_media_duplicate":["1"],"_wpml_media_featured":["0"],"_thumbnail_id":["9486"],"wcml_sync_hash":["a:1:{s:15:\"postmeta_fields\";s:32:\"5dcfbf462808d54a85c0c57809cb164d\";}"],"attr_label_translations":["a:0:{}"],"_product_attributes":["a:0:{}"],"_default_attributes":["a:0:{}"],"_children":["a:0:{}"],"_wp_old_slug":["estructura-de-cama-nv200"],"_stock":["11"],"_wp_attachment_metadata":[""],"_low_stock_amount":["0"],"total_sales":["109"],"_edit_lock":["1659010489:7"],"_edit_last":["7"],"_aioseop_opengraph_settings":["a:0:{}"],"_vtwf_enable_tab":["no"],"_vtwf_tab_title":[""],"_vtwf_hide_title":["no"],"_vtwf_video_content":[""],"_aviaLayoutBuilderCleanData":[""],"_last_translation_edit_mode":["translation-editor"],"_wcml_average_rating":["5.00"],"_wcml_review_count":["2"],"site-sidebar-layout":["default"],"site-content-layout":["default"],"theme-transparent-header-meta":["default"],"_aioseo_og_article_section":[""],"_aioseo_og_article_tags":[""],"_wpml_media_has_media":["1"],"stick-header-meta":["default"],"_wcml_rating_count":["a:1:{i:5;i:2;}"],"_product_addons_exclude_global":["0"],"_top_nav_excluded":[""],"_cms_nav_minihome":[""],"ast-site-content-layout":["default"],"site-content-style":["default"],"site-sidebar-style":["default"],"_crosssell_ids":["a:1:{i:0;i:9030;}"],"_regular_price":["720"],"_price":["720"],"_weight":["22"],"_upsell_ids":["a:3:{i:0;i:1157;i:1;i:4920;i:2;i:4043;}"],"_aioseop_title":["Camperitzar furgoneta NV200"],"_aioseop_description":["Llit per a furgoneta Nissan NV200 i Nissan NV200 Evalia. Llit plegable per a furgoneta, desmuntable i molt lleugera. "],"_aioseop_keywords":["Llit per a Nissan NV200"],"_aioseo_title":["Estructura de Llit per a Nissan NV200 | Camporan"],"_aioseo_description":["Estructura de llit plegable per a Nissan NV200 i NV200 Evalia. Es desmunta en segons, amb emmagatzematge sota el llit. Sense matal\u00e0s incl\u00f2s. Des de 720\u20ac.   "],"_aioseo_keywords":["Llit per a Nissan NV200"],"_product_addons":["a:1:{i:0;a:20:{s:4:\"name\";s:6:\"Extras\";s:12:\"title_format\";s:5:\"label\";s:18:\"description_enable\";i:1;s:11:\"description\";s:91:\"Afegir opci\u00f3 de retallada per a furgoneta amb l'embalum de l'Aire Condicionat del darrere.\";s:18:\"placeholder_enable\";i:0;s:11:\"placeholder\";N;s:4:\"type\";s:8:\"checkbox\";s:7:\"display\";s:6:\"select\";s:8:\"position\";i:0;s:8:\"required\";i:0;s:12:\"restrictions\";i:0;s:17:\"restrictions_type\";s:8:\"any_text\";s:12:\"adjust_price\";i:0;s:10:\"price_type\";s:8:\"flat_fee\";s:5:\"price\";s:0:\"\";s:2:\"id\";s:10:\"1699609883\";s:3:\"min\";i:0;s:3:\"max\";i:0;s:7:\"default\";s:0:\"\";s:7:\"options\";a:1:{i:0;a:5:{s:5:\"label\";s:44:\"Retall per NV200 Evalia amb Aire Condicionat\";s:5:\"price\";s:2:\"35\";s:5:\"image\";s:0:\"\";s:10:\"price_type\";s:8:\"flat_fee\";s:10:\"visibility\";i:1;}}}}"],"_schema_json":["a:0:{}"],"_schema_json_timestamp":["1777547114"],"_uag_page_assets":["a:9:{s:3:\"css\";s:0:\"\";s:2:\"js\";s:0:\"\";s:18:\"current_block_list\";a:2:{i:0;s:12:\"core\/heading\";i:1;s:14:\"core\/paragraph\";}s:8:\"uag_flag\";b:0;s:11:\"uag_version\";i:1777533256;s:6:\"gfonts\";a:0:{}s:10:\"gfonts_url\";s:0:\"\";s:12:\"gfonts_files\";a:0:{}s:14:\"uag_faq_layout\";b:0;}"],"_wc_rating_count":[{"5":2}]},"uagb_featured_image_src":{"full":["https:\/\/camporan.com\/wp-content\/uploads\/2018\/06\/Somier-Nissan-Evalia-scaled.jpg",2560,1280,false],"thumbnail":["https:\/\/camporan.com\/wp-content\/uploads\/2018\/06\/Somier-Nissan-Evalia-80x80.jpg",80,80,true],"medium":["https:\/\/camporan.com\/wp-content\/uploads\/2018\/06\/Somier-Nissan-Evalia-300x150.jpg",300,150,true],"medium_large":["https:\/\/camporan.com\/wp-content\/uploads\/2018\/06\/Somier-Nissan-Evalia-768x384.jpg",768,384,true],"large":["https:\/\/camporan.com\/wp-content\/uploads\/2018\/06\/Somier-Nissan-Evalia-1030x515.jpg",1030,515,true],"1536x1536":["https:\/\/camporan.com\/wp-content\/uploads\/2018\/06\/Somier-Nissan-Evalia-1536x768.jpg",1536,768,true],"2048x2048":["https:\/\/camporan.com\/wp-content\/uploads\/2018\/06\/Somier-Nissan-Evalia-2048x1024.jpg",2048,1024,true],"woocommerce_thumbnail":["https:\/\/camporan.com\/wp-content\/uploads\/2018\/06\/Somier-Nissan-Evalia-scaled-600x300.jpg",600,300,true],"woocommerce_single":["https:\/\/camporan.com\/wp-content\/uploads\/2018\/06\/Somier-Nissan-Evalia-600x300.jpg",600,300,true],"woocommerce_gallery_thumbnail":["https:\/\/camporan.com\/wp-content\/uploads\/2018\/06\/Somier-Nissan-Evalia-scaled-100x100.jpg",100,100,true],"wcpr-photo-reviews":["https:\/\/camporan.com\/wp-content\/uploads\/2018\/06\/Somier-Nissan-Evalia-scaled.jpg",500,250,false]},"uagb_author_info":{"display_name":"David Lamolla","author_link":"https:\/\/camporan.com\/ca\/author\/david_lamolla\/"},"uagb_comment_info":2,"uagb_excerpt":"L'estructura de llit per a Nissan NV200 que es munta i desmunta en segons. Dissenyada a mesura per a la NV200, NV200 Evalia i Evalia amb aire condicionat posterior, amb espai d'emmagatzematge aprofitable sota el llit. Fabricada en contraxapat de bedoll mar\u00ed: lleugera, r\u00edgida i pensada per a durar. Sense matal\u00e0s incl\u00f2s, combina-la amb el&hellip;","_links":{"self":[{"href":"https:\/\/camporan.com\/ca\/wp-json\/wp\/v2\/product\/1152","targetHints":{"allow":["GET"]}}],"collection":[{"href":"https:\/\/camporan.com\/ca\/wp-json\/wp\/v2\/product"}],"about":[{"href":"https:\/\/camporan.com\/ca\/wp-json\/wp\/v2\/types\/product"}],"author":[{"embeddable":true,"href":"https:\/\/camporan.com\/ca\/wp-json\/wp\/v2\/users\/7"}],"replies":[{"embeddable":true,"href":"https:\/\/camporan.com\/ca\/wp-json\/wp\/v2\/comments?post=1152"}],"wp:featuredmedia":[{"embeddable":true,"href":"https:\/\/camporan.com\/ca\/wp-json\/wp\/v2\/media\/9486"}],"wp:attachment":[{"href":"https:\/\/camporan.com\/ca\/wp-json\/wp\/v2\/media?parent=1152"}],"wp:term":[{"taxonomy":"product_brand","embeddable":true,"href":"https:\/\/camporan.com\/ca\/wp-json\/wp\/v2\/product_brand?post=1152"},{"taxonomy":"product_cat","embeddable":true,"href":"https:\/\/camporan.com\/ca\/wp-json\/wp\/v2\/product_cat?post=1152"},{"taxonomy":"product_tag","embeddable":true,"href":"https:\/\/camporan.com\/ca\/wp-json\/wp\/v2\/product_tag?post=1152"}],"curies":[{"name":"wp","href":"https:\/\/api.w.org\/{rel}","templated":true}]}}